{"id":8159,"date":"2017-10-12T11:13:07","date_gmt":"2017-10-12T11:13:07","guid":{"rendered":"\/qka-historisuksesi\/"},"modified":"2017-10-12T11:13:07","modified_gmt":"2017-10-12T11:13:07","slug":"qka-historisuksesi","status":"publish","type":"page","link":"https:\/\/unkorce.edu.al\/en\/qka-historisuksesi\/","title":{"rendered":"Histori Suksesi &#8211; Qendra e Karrier\u00ebs dhe Alumni"},"content":{"rendered":"<div>&nbsp;<\/div>\n<hr \/>\n<p><a id=\"historisuksesi\" name=\"historisuksesi\"><\/a><img decoding=\"async\" alt=\"\" src=\"\/sites\/default\/files\/Untitled-2.png\" style=\"height:100px; width:600px\" \/><\/p>\n<p><strong>Emri : ALMA<\/strong><\/p>\n<p><strong>Mbiemri : KARASALIU<\/strong><\/p>\n<p><strong>Fakulteti \/ Dega \/ Periudha e studimeve : Fakulteti i M\u00ebsuesis\u00eb\/Gjuh\u00eb Angleze\/2000-2004<\/strong><\/p>\n<p>Ku \u00ebsht\u00eb pun\u00ebsuar:<\/p>\n<ul>\n<li>2011 &#8211; n\u00eb vijim Universiteti Fan S. Noli, Kor\u00e7\u00eb<\/li>\n<li>2010-2011 Shkolla e Mesme \u201cMuharrem \u00c7ollaku\u201d, Pogradec<\/li>\n<li>2004-2010 Shkolla \u201c9-vje\u00e7are Koli Gusho\u201d, &nbsp;Pogradec<\/li>\n<li><strong>Pozicioni:<\/strong><br \/>\n\t<strong>Aktualisht jam pedagoge e l\u00ebnd\u00ebs Gjuh\u00ebs &nbsp;Angleze p\u00ebr Q\u00ebllime Specifike n\u00eb Master Shkencor, M\u00ebsuesi p\u00ebr Arsimin Fillor Klasa I-VI dhe Teknika dhe Praktik\u00eb P\u00ebrkthimi n\u00eb M\u00ebsimdh\u00ebnie n\u00eb Master Profesional,&nbsp; M\u00ebsues i Gjuh\u00ebs Angleze&nbsp;&nbsp;&nbsp;&nbsp; <\/strong><\/li>\n<li><strong>Prej vitit 2015&nbsp; mbaj titullin Doktor i shkencave.<\/strong><\/li>\n<\/ul>\n<hr \/>\n<p><strong>Emri : KLAUDJA<\/strong><\/p>\n<p><strong>Mbiemri : XHAHOLLI<\/strong><\/p>\n<p><strong>Fakulteti \/ Dega \/ Periudha e studimeve : <\/strong><\/p>\n<p><strong><em><u>UNIVERSITETI \u201cFAN. S. NOLI\u201d KOR\u00c7\u00cb<\/u><\/em><\/strong><\/p>\n<p><strong>FAKULTETI I EDUKIMIT DHE I FILOLOGJIS\u00cb<\/strong><\/p>\n<p><strong>DEGA: HISTORI \u2013 GJEOGRAFI<\/strong><\/p>\n<p><strong>BACHELOR N\u00cb HISTORI-GJEOGRAFI \u2013 2010 -2013<\/strong><\/p>\n<p><strong>MASTER PROFESIONAL \u2013 2017-2019<\/strong><\/p>\n<p><strong><em><u>UNIVERSITETI I TIRAN\u00cbS<\/u><\/em><\/strong><\/p>\n<p><strong>FAKULTETI I HISTORIS\u00cb DHE I FILOLOGJIS\u00cb<\/strong><\/p>\n<p><strong>MASTER SHKENCOR N\u00cb GJEOGRAFI 2013-2015<\/strong><\/p>\n<p><strong>Ku \u00ebsht\u00eb pun\u00ebsuar: <\/strong><\/p>\n<p><strong>BASHKIA DEVOLL<\/strong><\/p>\n<p><strong>Pozicioni:<\/strong><\/p>\n<p><strong>SPECIALISTE \u201cONE STOP SHOP\u201d<\/strong><\/p>\n<p>P\u00ebrshkrimi:<br \/>\n<em>(Nj\u00eb p\u00ebrshkrim I shkurt\u00ebr rreth eksperienc\u00ebs tuaj t\u00eb pun\u00ebsimit)<\/em><\/p>\n<p>Pritet dhe pranohet \u00e7do lloj k\u00ebrkese dhe ankese nga popullsia, duke perfshire problematika te ndryshme, duke filluar qe nga v\u00ebrtetimet e thjeshta, ne funksion te plotesimit te dolumentacionit p\u00ebr \u00e7do lloj nevoje dhe deri te ankesat qe lidhen me sh\u00ebrbimet publike, me problemet kufijtare, me c\u00ebnimin e pronave publike dhe private etj. K\u00ebto probleme apo k\u00ebrkesa adresohen n\u00eb zyrat perkat\u00ebse t\u00eb cilat p\u00ebrgjigjen per secil\u00ebn prej tyre duke monitpruar problematik\u00ebn p\u00ebr t\u00eb shkuar drejt zgjidhjes s\u00eb saj.<\/p>\n<hr \/>\n<p><strong>EMRI: SUELA<\/strong><\/p>\n<p><strong>MBIEMRI: &nbsp;KO\u00c7A (PICI)<\/strong><\/p>\n<p><strong>FAKULTETI \/ DEGA \/ PERIUDHA E STUDIMEVE : i M\u00ebsuesis\u00eb (Edukimit dhe Filologjis\u00eb) \/ Gjuh\u00eb Angleze \/ 1994-1998<\/strong><\/p>\n<p><strong>KU \u00cbSHT\u00cb PUN\u00cbSUAR: M\u00ebsuese e gjuh\u00ebs angleze n\u00eb shkoll\u00ebn \u201cT. T. Ko\u00e7o\u201d, Kor\u00e7\u00eb, n\u00eb vitet 1998-1999<\/strong><\/p>\n<p><strong>Aktuakisht pedogoge me koh\u00eb t\u00eb plot\u00eb pran\u00eb Universitetit \u201cF. S. Noli\u201d<\/strong><\/p>\n<p><strong>POZICIONI: Lektore (Dr.)<\/strong><\/p>\n<p><u><strong>P\u00cbRSHKRIMI:<\/strong><\/u><\/p>\n<p><em>Pas diplomimit n\u00eb vitin 1998 punava si m\u00ebsuese e gjuh\u00ebs angleze pran\u00eb shkoll\u00ebs artistike \u201cT.T. Ko\u00e7o\u201d gjat\u00eb periudh\u00ebs shtator 1998-mars 1999, ku kam dh\u00ebn\u00eb m\u00ebsim n\u00eb t\u00eb gjitha nivelet e ciklit parauniversitar.<\/em><\/p>\n<p><em>Q\u00eb prej mars 1999 e n\u00eb vazhdim punoj si pedagoge me koh\u00eb t\u00eb plot\u00eb pran\u00eb universitetit \u201cF. S. Noli\u201d n\u00eb departamentin e gjuh\u00ebve t\u00eb huaja dhe jap m\u00ebsim n\u00eb programin e studimit Bachelor \u201cGjuh\u00eb angleze\u201d dhe Master profesional \u201cM\u00ebsues i gjuh\u00ebs angleze.<\/em><\/p>\n<p><em>Aktualisht mbaj titullin \u201cDoktor i shkencave\u201d<\/em><\/p>\n<hr \/>\n<p>EMRI I STUDENTEVE :&nbsp;<strong>KATERINA BREGU DHE VANGJEL PALOLLI&nbsp;<\/strong><br \/>\n<strong>\u200b<\/strong>PROJEKTI :&nbsp;<strong>SHKOLLA VERORE E ORGANIZUAR N\u00cb SHKUP, MAQEDONI<\/strong><\/p>\n<p><a href=\"\/sites\/default\/files\/letra e studenteve  Katerina dhe Vangjel.pdf\" target=\"_blank\" rel=\"noopener\"><img decoding=\"async\" alt=\"\" src=\"\/sites\/default\/files\/Untitled-3_1.png\" style=\"height:472px; width:568px\" \/><\/a><\/p>\n<p><img decoding=\"async\" alt=\"\" src=\"http:\/\/172.16.0.2\/sites\/default\/files\/image_download\/adobe.gif\" style=\"float:left; height:12px; margin:1px; width:17px\" \/><\/p>\n<p><a href=\"\/en\/sites\/default\/files\/letra%20e%20studenteve%20%20Katerina%20dhe%20Vangjel.pdf\/\" target=\"_blank\" rel=\"noopener\">Lexo te plote (pdf) (kliko)<\/a><\/p>\n<p><a ref=\"magnificPopup\" href=\"\/sites\/default\/files\/23113743_1677841402247193_2125916129_n.jpg\" target=\"_blank\" rel=\"noopener\"><img decoding=\"async\" alt=\"\" src=\"\/sites\/default\/files\/23113743_1677841402247193_2125916129_n.jpg\" style=\"height:113px; width:150px\" \/><\/a>&nbsp;<a ref=\"magnificPopup\" href=\"\/sites\/default\/files\/IMG_4261.jpg\" target=\"_blank\" rel=\"noopener\"><img decoding=\"async\" alt=\"\" src=\"\/sites\/default\/files\/IMG_4261.jpg\" style=\"height:113px; width:150px\" \/><\/a>&nbsp;<a ref=\"magnificPopup\" href=\"\/sites\/default\/files\/23140149_1677841318913868_412614690_n.jpg\" target=\"_blank\" rel=\"noopener\"><img decoding=\"async\" alt=\"\" src=\"\/sites\/default\/files\/23140149_1677841318913868_412614690_n.jpg\" style=\"height:200px; width:150px\" \/><\/a>&nbsp;<a ref=\"magnificPopup\" href=\"\/sites\/default\/files\/23163961_1677841482247185_113783477_n.jpg\" target=\"_blank\" rel=\"noopener\"><img decoding=\"async\" alt=\"\" src=\"\/sites\/default\/files\/23163961_1677841482247185_113783477_n.jpg\" style=\"height:200px; width:150px\" \/><\/a>&nbsp;<a ref=\"magnificPopup\" href=\"\/sites\/default\/files\/IMG_4252.jpg\" target=\"_blank\" rel=\"noopener\"><img decoding=\"async\" alt=\"\" src=\"\/sites\/default\/files\/IMG_4252.jpg\" style=\"height:200px; width:150px\" \/><\/a>&nbsp;<a ref=\"magnificPopup\" href=\"\/sites\/default\/files\/Macedonia.jpg\" target=\"_blank\" rel=\"noopener\"><img decoding=\"async\" alt=\"\" src=\"\/sites\/default\/files\/Macedonia.jpg\" style=\"height:85px; width:150px\" \/><\/a><\/p>\n<hr \/>\n<p>EMRI I STUDENTES : <strong>FLORENTINA QORRI<br \/>\n\u200b<\/strong>PROJEKTI : <strong>IN BETWEEN<\/strong><br \/>\n&nbsp;<\/p>\n<p><img decoding=\"async\" alt=\"\" src=\"\/sites\/default\/files\/Untitled-3.png\" style=\"height:462px; width:616px\" \/><br \/>\n\u200b\u200b<img decoding=\"async\" alt=\"\" src=\"http:\/\/172.16.0.2\/sites\/default\/files\/image_download\/adobe.gif\" style=\"float:left; height:12px; margin:1px; width:17px\" \/>\u200b <a href=\"\/en\/sites\/default\/files\/Letra%20e%20Studentes%20in%20Between_%20Florentina%20Qorri.pdf\/\" target=\"_blank\" rel=\"noopener\">Lexo letren e plote (pdf) (kliko)<\/a><\/p>\n<p>\u200b<strong><u>FOTO NGA EKSPERIENCA NE PROJEKT<\/u><\/strong><\/p>\n<p><a ref=\"magnificPopup\" href=\"\/sites\/default\/files\/21754807_1183614941772572_770045122_o.jpg\" target=\"_blank\" rel=\"noopener\"><img decoding=\"async\" alt=\"\" src=\"\/sites\/default\/files\/21754807_1183614941772572_770045122_o.jpg\" style=\"height:113px; width:200px\" \/><\/a> <a ref=\"magnificPopup\" href=\"\/sites\/default\/files\/21754941_1183618601772206_799956313_o.jpg\" target=\"_blank\" rel=\"noopener\"><img decoding=\"async\" alt=\"\" src=\"\/sites\/default\/files\/21754941_1183618601772206_799956313_o.jpg\" style=\"height:113px; width:200px\" \/><\/a>&nbsp;&nbsp;<a ref=\"magnificPopup\" href=\"\/sites\/default\/files\/21728060_1455440604537314_2108111914853404497_n.jpg\" target=\"_blank\" rel=\"noopener\"><img decoding=\"async\" alt=\"\" src=\"\/sites\/default\/files\/21728060_1455440604537314_2108111914853404497_n.jpg\" style=\"height:133px; width:200px\" \/><\/a>&nbsp;<a ref=\"magnificPopup\" href=\"\/sites\/default\/files\/21751649_1455439151204126_6922352469494719478_n.jpg\" target=\"_blank\" rel=\"noopener\"><img decoding=\"async\" alt=\"\" src=\"\/sites\/default\/files\/21751649_1455439151204126_6922352469494719478_n.jpg\" style=\"height:133px; width:200px\" \/><\/a>&nbsp;<a ref=\"magnificPopup\" href=\"\/sites\/default\/files\/20170912_185215.jpg\" target=\"_blank\" rel=\"noopener\"><img decoding=\"async\" alt=\"\" src=\"\/sites\/default\/files\/20170912_185215.jpg\" style=\"height:120px; width:200px\" \/><\/a>&nbsp;<a ref=\"magnificPopup\" href=\"\/sites\/default\/files\/21764891_1455440267870681_2353953061682695078_n.jpg\" target=\"_blank\" rel=\"noopener\"><img decoding=\"async\" alt=\"\" src=\"\/sites\/default\/files\/21764891_1455440267870681_2353953061682695078_n.jpg\" style=\"height:133px; width:200px\" \/><\/a>\u200b\u200b\u200b<\/p>","protected":false},"excerpt":{"rendered":"<p>&nbsp; Emri : ALMA Mbiemri : KARASALIU Fakulteti \/ Dega \/ Periudha e studimeve : Fakulteti i M\u00ebsuesis\u00eb\/Gjuh\u00eb Angleze\/2000-2004 Ku \u00ebsht\u00eb pun\u00ebsuar: 2011 &#8211; n\u00eb vijim Universiteti Fan S. Noli, Kor\u00e7\u00eb 2010-2011 Shkolla e Mesme \u201cMuharrem \u00c7ollaku\u201d, Pogradec 2004-2010 Shkolla \u201c9-vje\u00e7are Koli Gusho\u201d, &nbsp;Pogradec Pozicioni: Aktualisht jam pedagoge e l\u00ebnd\u00ebs Gjuh\u00ebs &nbsp;Angleze p\u00ebr Q\u00ebllime Specifike&#8230;<\/p>","protected":false},"author":122,"featured_media":0,"parent":0,"menu_order":0,"comment_status":"closed","ping_status":"closed","template":"","meta":{"_acf_changed":false,"footnotes":""},"class_list":["post-8159","page","type-page","status-publish","hentry"],"acf":[],"yoast_head":"<!-- This site is optimized with the Yoast SEO plugin v26.9 - https:\/\/yoast.com\/product\/yoast-seo-wordpress\/ -->\n<title>Histori Suksesi - Qendra e Karrier\u00ebs dhe Alumni - Universiteti &quot;Fan S. Noli&quot;, Kor\u00e7\u00eb<\/title>\n<meta name=\"robots\" content=\"index, follow, max-snippet:-1, max-image-preview:large, max-video-preview:-1\" \/>\n<link rel=\"canonical\" href=\"https:\/\/unkorce.edu.al\/en\/qka-historisuksesi\/\" \/>\n<meta property=\"og:locale\" content=\"en_US\" \/>\n<meta property=\"og:type\" content=\"article\" \/>\n<meta property=\"og:title\" content=\"Histori Suksesi - Qendra e Karrier\u00ebs dhe Alumni - Universiteti &quot;Fan S. Noli&quot;, Kor\u00e7\u00eb\" \/>\n<meta property=\"og:description\" content=\"&nbsp; Emri : ALMA Mbiemri : KARASALIU Fakulteti \/ Dega \/ Periudha e studimeve : Fakulteti i M\u00ebsuesis\u00eb\/Gjuh\u00eb Angleze\/2000-2004 Ku \u00ebsht\u00eb pun\u00ebsuar: 2011 &#8211; n\u00eb vijim Universiteti Fan S. Noli, Kor\u00e7\u00eb 2010-2011 Shkolla e Mesme \u201cMuharrem \u00c7ollaku\u201d, Pogradec 2004-2010 Shkolla \u201c9-vje\u00e7are Koli Gusho\u201d, &nbsp;Pogradec Pozicioni: Aktualisht jam pedagoge e l\u00ebnd\u00ebs Gjuh\u00ebs &nbsp;Angleze p\u00ebr Q\u00ebllime Specifike...\" \/>\n<meta property=\"og:url\" content=\"https:\/\/unkorce.edu.al\/en\/qka-historisuksesi\/\" \/>\n<meta property=\"og:site_name\" content=\"Universiteti &quot;Fan S. Noli&quot;, Kor\u00e7\u00eb\" \/>\n<meta property=\"article:publisher\" content=\"https:\/\/www.facebook.com\/unkorce\" \/>\n<meta property=\"og:image\" content=\"http:\/\/172.16.0.2\/sites\/default\/files\/image_download\/adobe.gif\" \/>\n<meta name=\"twitter:card\" content=\"summary_large_image\" \/>\n<meta name=\"twitter:label1\" content=\"Est. reading time\" \/>\n\t<meta name=\"twitter:data1\" content=\"2 minutes\" \/>\n<script type=\"application\/ld+json\" class=\"yoast-schema-graph\">{\"@context\":\"https:\/\/schema.org\",\"@graph\":[{\"@type\":\"WebPage\",\"@id\":\"https:\/\/unkorce.edu.al\/qka-historisuksesi\/\",\"url\":\"https:\/\/unkorce.edu.al\/qka-historisuksesi\/\",\"name\":\"Histori Suksesi - Qendra e Karrier\u00ebs dhe Alumni - Universiteti \\\"Fan S. Noli\\\", Kor\u00e7\u00eb\",\"isPartOf\":{\"@id\":\"https:\/\/unkorce.edu.al\/#website\"},\"primaryImageOfPage\":{\"@id\":\"https:\/\/unkorce.edu.al\/qka-historisuksesi\/#primaryimage\"},\"image\":{\"@id\":\"https:\/\/unkorce.edu.al\/qka-historisuksesi\/#primaryimage\"},\"thumbnailUrl\":\"http:\/\/172.16.0.2\/sites\/default\/files\/image_download\/adobe.gif\",\"datePublished\":\"2017-10-12T11:13:07+00:00\",\"breadcrumb\":{\"@id\":\"https:\/\/unkorce.edu.al\/qka-historisuksesi\/#breadcrumb\"},\"inLanguage\":\"en-US\",\"potentialAction\":[{\"@type\":\"ReadAction\",\"target\":[\"https:\/\/unkorce.edu.al\/qka-historisuksesi\/\"]}]},{\"@type\":\"ImageObject\",\"inLanguage\":\"en-US\",\"@id\":\"https:\/\/unkorce.edu.al\/qka-historisuksesi\/#primaryimage\",\"url\":\"http:\/\/172.16.0.2\/sites\/default\/files\/image_download\/adobe.gif\",\"contentUrl\":\"http:\/\/172.16.0.2\/sites\/default\/files\/image_download\/adobe.gif\"},{\"@type\":\"BreadcrumbList\",\"@id\":\"https:\/\/unkorce.edu.al\/qka-historisuksesi\/#breadcrumb\",\"itemListElement\":[{\"@type\":\"ListItem\",\"position\":1,\"name\":\"Home\",\"item\":\"https:\/\/unkorce.edu.al\/\"},{\"@type\":\"ListItem\",\"position\":2,\"name\":\"Histori Suksesi &#8211; Qendra e Karrier\u00ebs dhe Alumni\"}]},{\"@type\":\"WebSite\",\"@id\":\"https:\/\/unkorce.edu.al\/#website\",\"url\":\"https:\/\/unkorce.edu.al\/\",\"name\":\"Universiteti \\\"Fan S. Noli\\\", Kor\u00e7\u00eb\",\"description\":\"Mir&euml;sevini n&euml; faqen zyrtare!\",\"publisher\":{\"@id\":\"https:\/\/unkorce.edu.al\/#organization\"},\"potentialAction\":[{\"@type\":\"SearchAction\",\"target\":{\"@type\":\"EntryPoint\",\"urlTemplate\":\"https:\/\/unkorce.edu.al\/?s={search_term_string}\"},\"query-input\":{\"@type\":\"PropertyValueSpecification\",\"valueRequired\":true,\"valueName\":\"search_term_string\"}}],\"inLanguage\":\"en-US\"},{\"@type\":\"Organization\",\"@id\":\"https:\/\/unkorce.edu.al\/#organization\",\"name\":\"Universiteti \\\"Fan S. Noli\\\", Kor\u00e7\u00eb\",\"url\":\"https:\/\/unkorce.edu.al\/\",\"logo\":{\"@type\":\"ImageObject\",\"inLanguage\":\"en-US\",\"@id\":\"https:\/\/unkorce.edu.al\/#\/schema\/logo\/image\/\",\"url\":\"https:\/\/unkorce.edu.al\/wp-content\/uploads\/2024\/08\/Logo_e_Universitetit__Fan_Noli_-e1726660879862.png\",\"contentUrl\":\"https:\/\/unkorce.edu.al\/wp-content\/uploads\/2024\/08\/Logo_e_Universitetit__Fan_Noli_-e1726660879862.png\",\"width\":200,\"height\":120,\"caption\":\"Universiteti \\\"Fan S. Noli\\\", Kor\u00e7\u00eb\"},\"image\":{\"@id\":\"https:\/\/unkorce.edu.al\/#\/schema\/logo\/image\/\"},\"sameAs\":[\"https:\/\/www.facebook.com\/unkorce\"]}]}<\/script>\n<!-- \/ Yoast SEO plugin. -->","yoast_head_json":{"title":"Histori Suksesi - Qendra e Karrier\u00ebs dhe Alumni - Universiteti \"Fan S. Noli\", Kor\u00e7\u00eb","robots":{"index":"index","follow":"follow","max-snippet":"max-snippet:-1","max-image-preview":"max-image-preview:large","max-video-preview":"max-video-preview:-1"},"canonical":"https:\/\/unkorce.edu.al\/en\/qka-historisuksesi\/","og_locale":"en_US","og_type":"article","og_title":"Histori Suksesi - Qendra e Karrier\u00ebs dhe Alumni - Universiteti \"Fan S. Noli\", Kor\u00e7\u00eb","og_description":"&nbsp; Emri : ALMA Mbiemri : KARASALIU Fakulteti \/ Dega \/ Periudha e studimeve : Fakulteti i M\u00ebsuesis\u00eb\/Gjuh\u00eb Angleze\/2000-2004 Ku \u00ebsht\u00eb pun\u00ebsuar: 2011 &#8211; n\u00eb vijim Universiteti Fan S. Noli, Kor\u00e7\u00eb 2010-2011 Shkolla e Mesme \u201cMuharrem \u00c7ollaku\u201d, Pogradec 2004-2010 Shkolla \u201c9-vje\u00e7are Koli Gusho\u201d, &nbsp;Pogradec Pozicioni: Aktualisht jam pedagoge e l\u00ebnd\u00ebs Gjuh\u00ebs &nbsp;Angleze p\u00ebr Q\u00ebllime Specifike...","og_url":"https:\/\/unkorce.edu.al\/en\/qka-historisuksesi\/","og_site_name":"Universiteti \"Fan S. Noli\", Kor\u00e7\u00eb","article_publisher":"https:\/\/www.facebook.com\/unkorce","og_image":[{"url":"http:\/\/172.16.0.2\/sites\/default\/files\/image_download\/adobe.gif","type":"","width":"","height":""}],"twitter_card":"summary_large_image","twitter_misc":{"Est. reading time":"2 minutes"},"schema":{"@context":"https:\/\/schema.org","@graph":[{"@type":"WebPage","@id":"https:\/\/unkorce.edu.al\/qka-historisuksesi\/","url":"https:\/\/unkorce.edu.al\/qka-historisuksesi\/","name":"Histori Suksesi - Qendra e Karrier\u00ebs dhe Alumni - Universiteti \"Fan S. Noli\", Kor\u00e7\u00eb","isPartOf":{"@id":"https:\/\/unkorce.edu.al\/#website"},"primaryImageOfPage":{"@id":"https:\/\/unkorce.edu.al\/qka-historisuksesi\/#primaryimage"},"image":{"@id":"https:\/\/unkorce.edu.al\/qka-historisuksesi\/#primaryimage"},"thumbnailUrl":"http:\/\/172.16.0.2\/sites\/default\/files\/image_download\/adobe.gif","datePublished":"2017-10-12T11:13:07+00:00","breadcrumb":{"@id":"https:\/\/unkorce.edu.al\/qka-historisuksesi\/#breadcrumb"},"inLanguage":"en-US","potentialAction":[{"@type":"ReadAction","target":["https:\/\/unkorce.edu.al\/qka-historisuksesi\/"]}]},{"@type":"ImageObject","inLanguage":"en-US","@id":"https:\/\/unkorce.edu.al\/qka-historisuksesi\/#primaryimage","url":"http:\/\/172.16.0.2\/sites\/default\/files\/image_download\/adobe.gif","contentUrl":"http:\/\/172.16.0.2\/sites\/default\/files\/image_download\/adobe.gif"},{"@type":"BreadcrumbList","@id":"https:\/\/unkorce.edu.al\/qka-historisuksesi\/#breadcrumb","itemListElement":[{"@type":"ListItem","position":1,"name":"Home","item":"https:\/\/unkorce.edu.al\/"},{"@type":"ListItem","position":2,"name":"Histori Suksesi &#8211; Qendra e Karrier\u00ebs dhe Alumni"}]},{"@type":"WebSite","@id":"https:\/\/unkorce.edu.al\/#website","url":"https:\/\/unkorce.edu.al\/","name":"Universiteti \"Fan S. Noli\", Kor\u00e7\u00eb","description":"Mir&euml;sevini n&euml; faqen zyrtare!","publisher":{"@id":"https:\/\/unkorce.edu.al\/#organization"},"potentialAction":[{"@type":"SearchAction","target":{"@type":"EntryPoint","urlTemplate":"https:\/\/unkorce.edu.al\/?s={search_term_string}"},"query-input":{"@type":"PropertyValueSpecification","valueRequired":true,"valueName":"search_term_string"}}],"inLanguage":"en-US"},{"@type":"Organization","@id":"https:\/\/unkorce.edu.al\/#organization","name":"Universiteti \"Fan S. Noli\", Kor\u00e7\u00eb","url":"https:\/\/unkorce.edu.al\/","logo":{"@type":"ImageObject","inLanguage":"en-US","@id":"https:\/\/unkorce.edu.al\/#\/schema\/logo\/image\/","url":"https:\/\/unkorce.edu.al\/wp-content\/uploads\/2024\/08\/Logo_e_Universitetit__Fan_Noli_-e1726660879862.png","contentUrl":"https:\/\/unkorce.edu.al\/wp-content\/uploads\/2024\/08\/Logo_e_Universitetit__Fan_Noli_-e1726660879862.png","width":200,"height":120,"caption":"Universiteti \"Fan S. Noli\", Kor\u00e7\u00eb"},"image":{"@id":"https:\/\/unkorce.edu.al\/#\/schema\/logo\/image\/"},"sameAs":["https:\/\/www.facebook.com\/unkorce"]}]}},"_links":{"self":[{"href":"https:\/\/unkorce.edu.al\/en\/wp-json\/wp\/v2\/pages\/8159","targetHints":{"allow":["GET"]}}],"collection":[{"href":"https:\/\/unkorce.edu.al\/en\/wp-json\/wp\/v2\/pages"}],"about":[{"href":"https:\/\/unkorce.edu.al\/en\/wp-json\/wp\/v2\/types\/page"}],"author":[{"embeddable":true,"href":"https:\/\/unkorce.edu.al\/en\/wp-json\/wp\/v2\/users\/122"}],"replies":[{"embeddable":true,"href":"https:\/\/unkorce.edu.al\/en\/wp-json\/wp\/v2\/comments?post=8159"}],"version-history":[{"count":0,"href":"https:\/\/unkorce.edu.al\/en\/wp-json\/wp\/v2\/pages\/8159\/revisions"}],"wp:attachment":[{"href":"https:\/\/unkorce.edu.al\/en\/wp-json\/wp\/v2\/media?parent=8159"}],"curies":[{"name":"wp","href":"https:\/\/api.w.org\/{rel}","templated":true}]}}