{"id":8158,"date":"2017-05-12T08:46:47","date_gmt":"2017-05-12T08:46:47","guid":{"rendered":"\/aktivitete-studentore-nder-vite-2\/"},"modified":"2017-05-12T08:46:47","modified_gmt":"2017-05-12T08:46:47","slug":"aktivitete-studentore-nder-vite-2","status":"publish","type":"page","link":"https:\/\/unkorce.edu.al\/en\/aktivitete-studentore-nder-vite-2\/","title":{"rendered":"Aktivitete studentore nd\u00ebr vite"},"content":{"rendered":"<p><strong><span style=\"background-color:rgb(255, 255, 255); color:rgb(29, 33, 41); font-family:helvetica,arial,sans-serif; font-size:14px\">A visit in Prizren and Prishtina! The second year students in &#8220;Business Administration in Tourism&#8221; study program!<\/span><\/strong><\/p>\n<p><a ref=\"magnificPopup\" href=\"\/sites\/default\/files\/18402584_1265625640202220_267157415465356468_n.jpg\" target=\"_blank\" rel=\"noopener\"><img decoding=\"async\" alt=\"\" src=\"\/sites\/default\/files\/18402584_1265625640202220_267157415465356468_n.jpg\" style=\"height:150px; width:200px\" \/><\/a>&nbsp;<a ref=\"magnificPopup\" href=\"\/sites\/default\/files\/18402932_1265626013535516_4059635760686117154_n.jpg\" target=\"_blank\" rel=\"noopener\"><img decoding=\"async\" alt=\"\" src=\"\/sites\/default\/files\/18402932_1265626013535516_4059635760686117154_n.jpg\" style=\"height:113px; width:200px\" \/><\/a>&nbsp;<a ref=\"magnificPopup\" href=\"\/sites\/default\/files\/18424095_1265625820202202_1072115562257789894_n.jpg\" target=\"_blank\" rel=\"noopener\"><img decoding=\"async\" alt=\"\" src=\"\/sites\/default\/files\/18424095_1265625820202202_1072115562257789894_n.jpg\" style=\"height:113px; width:200px\" \/><\/a>&nbsp;<a ref=\"magnificPopup\" href=\"\/sites\/default\/files\/18403244_1265626536868797_6808582215400141939_n.jpg\" target=\"_blank\" rel=\"noopener\"><img decoding=\"async\" alt=\"\" src=\"\/sites\/default\/files\/18403244_1265626536868797_6808582215400141939_n.jpg\" style=\"height:150px; width:113px\" \/><\/a>&nbsp;<a ref=\"magnificPopup\" href=\"\/sites\/default\/files\/18446668_1265626963535421_2187637222183166555_n.jpg\" target=\"_blank\" rel=\"noopener\"><img decoding=\"async\" alt=\"\" src=\"\/sites\/default\/files\/18446668_1265626963535421_2187637222183166555_n.jpg\" style=\"height:150px; width:200px\" \/><\/a>&nbsp;<a ref=\"magnificPopup\" href=\"\/sites\/default\/files\/18425493_1265626340202150_5742149865987351018_n.jpg\" target=\"_blank\" rel=\"noopener\"><img decoding=\"async\" alt=\"\" src=\"\/sites\/default\/files\/18425493_1265626340202150_5742149865987351018_n.jpg\" style=\"height:150px; width:200px\" \/><\/a>&nbsp;<a ref=\"magnificPopup\" href=\"\/sites\/default\/files\/18446676_1265626200202164_2178474248308275890_n.jpg\" target=\"_blank\" rel=\"noopener\"><img decoding=\"async\" alt=\"\" src=\"\/sites\/default\/files\/18446676_1265626200202164_2178474248308275890_n.jpg\" style=\"height:150px; width:200px\" \/><\/a>&nbsp;<a ref=\"magnificPopup\" href=\"\/sites\/default\/files\/18446855_1265626793535438_7348194946065894033_n.jpg\" target=\"_blank\" rel=\"noopener\"><img decoding=\"async\" alt=\"\" src=\"\/sites\/default\/files\/18446855_1265626793535438_7348194946065894033_n.jpg\" style=\"height:150px; width:200px\" \/><\/a><\/p>\n<p><strong>April 30, 2017<\/strong><\/p>\n<p>A Visit the Medieval Art Museum! An asset of indisputable value of our Cultural Heritage!<span style=\"font-family:garamond,serif; font-size:11pt\">&nbsp; &nbsp;&nbsp;<\/span><\/p>\n<p><a ref=\"magnificPopup\" href=\"\/sites\/default\/files\/18221992_1256439814454136_8639406684132801019_n.jpg\" target=\"_blank\" rel=\"noopener\"><img decoding=\"async\" alt=\"\" src=\"\/sites\/default\/files\/18221992_1256439814454136_8639406684132801019_n.jpg\" style=\"height:113px; width:150px\" \/><\/a>&nbsp;<a ref=\"magnificPopup\" href=\"\/sites\/default\/files\/18199123_1256439957787455_811108587245656339_n.jpg\" target=\"_blank\" rel=\"noopener\"><img decoding=\"async\" alt=\"\" src=\"\/sites\/default\/files\/18199123_1256439957787455_811108587245656339_n.jpg\" style=\"height:84px; width:150px\" \/><\/a>&nbsp;<a ref=\"magnificPopup\" href=\"\/sites\/default\/files\/18158010_1256440497787401_5712475060743231299_n.jpg\" target=\"_blank\" rel=\"noopener\"><img decoding=\"async\" alt=\"\" src=\"\/sites\/default\/files\/18158010_1256440497787401_5712475060743231299_n.jpg\" style=\"height:84px; width:150px\" \/><\/a>&nbsp;<a ref=\"magnificPopup\" href=\"\/sites\/default\/files\/18198721_1256440701120714_7757247553125432065_n.jpg\" target=\"_blank\" rel=\"noopener\"><img decoding=\"async\" alt=\"\" src=\"\/sites\/default\/files\/18198721_1256440701120714_7757247553125432065_n.jpg\" style=\"height:84px; width:150px\" \/><\/a>&nbsp;<\/p>\n<p><strong>Tourism Fair \u2013 21-22.12.2013<\/strong><\/p>\n<p>This Tourism Fair was organised by the students of Professional Master in Tourism as part of the teaching practice.. It was conducted in the n the city&#8217;s pedestrian area an it aimed the promotion of the values and touristic attraction of Korca and businesses operating in the tourism sector.<\/p>\n<p><a ref=\"magnificPopup\" href=\"\/sites\/default\/files\/IMG_2848_0.JPG\" target=\"_blank\" rel=\"noopener\"><img decoding=\"async\" alt=\"\" src=\"\/sites\/default\/files\/IMG_2848_0.JPG\" style=\"height:113px; width:150px\" \/><\/a>&nbsp;<a ref=\"magnificPopup\" href=\"\/sites\/default\/files\/IMG_2854_0.JPG\" target=\"_blank\" rel=\"noopener\"><img decoding=\"async\" alt=\"\" src=\"\/sites\/default\/files\/IMG_2854_0.JPG\" style=\"height:113px; width:150px\" \/><\/a>&nbsp;<a ref=\"magnificPopup\" href=\"\/sites\/default\/files\/IMG_2868.JPG\" target=\"_blank\" rel=\"noopener\"><img decoding=\"async\" alt=\"\" src=\"\/sites\/default\/files\/IMG_2868.JPG\" style=\"height:113px; width:150px\" \/><\/a>&nbsp;<a ref=\"magnificPopup\" href=\"\/sites\/default\/files\/IMG_2871.JPG\" target=\"_blank\" rel=\"noopener\"><img decoding=\"async\" alt=\"\" src=\"\/sites\/default\/files\/IMG_2871.JPG\" style=\"height:113px; width:150px\" \/><\/a>&nbsp;<a ref=\"magnificPopup\" href=\"\/sites\/default\/files\/IMG_2879.JPG\" target=\"_blank\" rel=\"noopener\"><img decoding=\"async\" alt=\"\" src=\"\/sites\/default\/files\/IMG_2879.JPG\" style=\"height:113px; width:150px\" \/><\/a>&nbsp;<a ref=\"magnificPopup\" href=\"\/sites\/default\/files\/IMG_2883.JPG\" target=\"_blank\" rel=\"noopener\"><img decoding=\"async\" alt=\"\" src=\"\/sites\/default\/files\/IMG_2883.JPG\" style=\"height:113px; width:150px\" \/><\/a><\/p>\n<p><strong>The Patisserie Fair 2014, 2015, 2016<\/strong><\/p>\n<p>The Patisserie Fair is organized by the students of the study program in Business Administration and Marketing and Business Administration in Tourism in terms of their teaching practice.&nbsp; It was conducted with the participation of 6 businesses of Korca through which the students has the possibility to realize their practice. According to the agreement with these businesses, the incomes collected by the sale of their products were used for charity purposes.<\/p>\n<p><a ref=\"magnificPopup\" href=\"\/sites\/default\/files\/067_0.JPG\" target=\"_blank\" rel=\"noopener\"><img decoding=\"async\" alt=\"\" src=\"\/sites\/default\/files\/067_0.JPG\" style=\"height:84px; width:150px\" \/><\/a>&nbsp;<a ref=\"magnificPopup\" href=\"\/sites\/default\/files\/089.JPG\" target=\"_blank\" rel=\"noopener\"><img decoding=\"async\" alt=\"\" src=\"\/sites\/default\/files\/089.JPG\" style=\"height:84px; width:150px\" \/><\/a>&nbsp;<a ref=\"magnificPopup\" href=\"\/sites\/default\/files\/10383965_787838411314281_5321311129465952934_n_1.jpg\" target=\"_blank\" rel=\"noopener\"><img decoding=\"async\" alt=\"\" src=\"\/sites\/default\/files\/10383965_787838411314281_5321311129465952934_n_1.jpg\" style=\"height:113px; width:150px\" \/><\/a>&nbsp;<a ref=\"magnificPopup\" href=\"\/sites\/default\/files\/11350620_787838291314293_5393706190761506946_n_0.jpg\" target=\"_blank\" rel=\"noopener\"><img decoding=\"async\" alt=\"\" src=\"\/sites\/default\/files\/11350620_787838291314293_5393706190761506946_n_0.jpg\" style=\"height:113px; width:150px\" \/><\/a>&nbsp;<a ref=\"magnificPopup\" href=\"\/sites\/default\/files\/11351158_787838351314287_1758093709966576007_n_0.jpg\" target=\"_blank\" rel=\"noopener\"><img decoding=\"async\" alt=\"\" src=\"\/sites\/default\/files\/11351158_787838351314287_1758093709966576007_n_0.jpg\" style=\"height:113px; width:150px\" \/><\/a>&nbsp;<a ref=\"magnificPopup\" href=\"\/sites\/default\/files\/13312652_970167983081322_2960136605307867744_n_0.jpg\" target=\"_blank\" rel=\"noopener\"><img decoding=\"async\" alt=\"\" src=\"\/sites\/default\/files\/13312652_970167983081322_2960136605307867744_n_0.jpg\" style=\"height:84px; width:150px\" \/><\/a>&nbsp;<a ref=\"magnificPopup\" href=\"\/sites\/default\/files\/13321854_970167823081338_310776711259773384_n_0.jpg\" target=\"_blank\" rel=\"noopener\"><img decoding=\"async\" alt=\"\" src=\"\/sites\/default\/files\/13321854_970167823081338_310776711259773384_n_0.jpg\" style=\"height:84px; width:150px\" \/><\/a>&nbsp;<a ref=\"magnificPopup\" href=\"\/sites\/default\/files\/13339683_970166816414772_6950975150773107638_n_0.jpg\" target=\"_blank\" rel=\"noopener\"><img decoding=\"async\" alt=\"\" src=\"\/sites\/default\/files\/13339683_970166816414772_6950975150773107638_n_0.jpg\" style=\"height:93px; width:150px\" \/><\/a><\/p>\n<p><strong>Participation at the Cross Border Tourism Fair, conducted in Pogradec, December 2014.<\/strong><\/p>\n<p><a ref=\"magnificPopup\" href=\"\/sites\/default\/files\/1499527_703752666389523_4013884533152309035_n.jpg\" target=\"_blank\" rel=\"noopener\"><img decoding=\"async\" alt=\"\" src=\"\/sites\/default\/files\/1499527_703752666389523_4013884533152309035_n.jpg\" style=\"height:113px; width:150px\" \/><\/a>&nbsp;<a ref=\"magnificPopup\" href=\"\/sites\/default\/files\/10373136_706372989460824_5311517079232438463_o.jpg\" target=\"_blank\" rel=\"noopener\"><img decoding=\"async\" alt=\"\" src=\"\/sites\/default\/files\/10373136_706372989460824_5311517079232438463_o.jpg\" style=\"height:212px; width:150px\" \/><\/a>&nbsp;<a ref=\"magnificPopup\" href=\"\/sites\/default\/files\/10712639_706372592794197_7745247068491800165_o.jpg\" target=\"_blank\" rel=\"noopener\"><img decoding=\"async\" alt=\"\" src=\"\/sites\/default\/files\/10712639_706372592794197_7745247068491800165_o.jpg\" style=\"height:212px; width:150px\" \/><\/a>&nbsp;<a ref=\"magnificPopup\" href=\"\/sites\/default\/files\/10847906_703752629722860_5199823154023975917_n.jpg\" target=\"_blank\" rel=\"noopener\"><img decoding=\"async\" alt=\"\" src=\"\/sites\/default\/files\/10847906_703752629722860_5199823154023975917_n.jpg\" style=\"height:113px; width:150px\" \/><\/a><\/p>\n<p><strong>December 2014<\/strong><\/p>\n<p>The organization of a touristic visit in Korca by the students of Professional Master in Tourism in cooperation with the Regional Directorate of National Culture, Korce. The students, under the role of the Touristic Guider, accompanied the group of the third year students of the study program \u201cBusiness Administration on Tourism\u201d in the touristic attractions of the city.&nbsp;<\/p>\n<p><a href=\"\/en\/14327_704665686298221_8761087667654109504_n\/\" target=\"_blank\" rel=\"noopener\"><img decoding=\"async\" alt=\"\" src=\"\/sites\/default\/files\/14327_704665686298221_8761087667654109504_n.jpg\" style=\"height:113px; width:150px\" \/><\/a>&nbsp;<a ref=\"magnificPopup\" href=\"\/sites\/default\/files\/16424_704665699631553_3792035788644199689_n.jpg\" target=\"_blank\" rel=\"noopener\"><img decoding=\"async\" alt=\"\" src=\"\/sites\/default\/files\/16424_704665699631553_3792035788644199689_n.jpg\" style=\"height:113px; width:150px\" \/><\/a>&nbsp;<a ref=\"magnificPopup\" href=\"\/sites\/default\/files\/63782_704665722964884_7672421539963701949_n.jpg\" target=\"_blank\" rel=\"noopener\"><img decoding=\"async\" alt=\"\" src=\"\/sites\/default\/files\/63782_704665722964884_7672421539963701949_n.jpg\" style=\"height:113px; width:150px\" \/><\/a>&nbsp;<a ref=\"magnificPopup\" href=\"\/sites\/default\/files\/1465294_613099858788138_3792056217915101935_n.jpg\" target=\"_blank\" rel=\"noopener\"><img decoding=\"async\" alt=\"\" src=\"\/sites\/default\/files\/1465294_613099858788138_3792056217915101935_n.jpg\" style=\"height:113px; width:150px\" \/><\/a>&nbsp;<a ref=\"magnificPopup\" href=\"\/sites\/default\/files\/10355901_704665129631610_8396894163714469674_n.jpg\" target=\"_blank\" rel=\"noopener\"><img decoding=\"async\" alt=\"\" src=\"\/sites\/default\/files\/10355901_704665129631610_8396894163714469674_n.jpg\" style=\"height:113px; width:150px\" \/><\/a>&nbsp;<a ref=\"magnificPopup\" href=\"\/sites\/default\/files\/10403097_704665666298223_7640791976661676346_n.jpg\" target=\"_blank\" rel=\"noopener\"><img decoding=\"async\" alt=\"\" src=\"\/sites\/default\/files\/10403097_704665666298223_7640791976661676346_n.jpg\" style=\"height:113px; width:150px\" \/><\/a>&nbsp;<a ref=\"magnificPopup\" href=\"\/sites\/default\/files\/10806351_704665679631555_5088779925981065529_n.jpg\" target=\"_blank\" rel=\"noopener\"><img decoding=\"async\" alt=\"\" src=\"\/sites\/default\/files\/10806351_704665679631555_5088779925981065529_n.jpg\" style=\"height:113px; width:150px\" \/><\/a><\/p>\n<p><strong>The Students of Professional Master Study Program in Tourism and Profesional Maser in Marketing, in the closing meeting of the Virtual Project Action Real Result.&nbsp;<\/strong><\/p>\n<p><strong><a ref=\"magnificPopup\" href=\"\/sites\/default\/files\/10931724_741928272571962_6814806832644480378_n.jpg\" target=\"_blank\" rel=\"noopener\"><img decoding=\"async\" alt=\"\" src=\"\/sites\/default\/files\/10931724_741928272571962_6814806832644480378_n.jpg\" style=\"height:100px; width:150px\" \/><\/a>&nbsp;<a ref=\"magnificPopup\" href=\"\/sites\/default\/files\/11025222_741928235905299_4062060102213267437_n.jpg\" target=\"_blank\" rel=\"noopener\"><img decoding=\"async\" alt=\"\" src=\"\/sites\/default\/files\/11025222_741928235905299_4062060102213267437_n.jpg\" style=\"height:200px; width:150px\" \/><\/a><\/strong><\/p>\n<p><strong>February 2015, February 2016<\/strong><\/p>\n<p>In cooperation with the Regional Directorate of National Culture, there are organized open lectures under the topic \u201cTangible Cultural Heritage in the Region of Korca\u201d and \u201cIntangible heritage\u201d, in the premises of \u201cFan S. Noli\u201d University. These activities aimed the enrichment of the theoretical material acquired by the students of the professional master program in the subject \u201cCultural Tourism\u201d and \u201cCultural Tourism\u201d.&nbsp;<\/p>\n<p><a ref=\"magnificPopup\" href=\"\/sites\/default\/files\/10462314_740812549350201_7891134306778756367_n.jpg\" target=\"_blank\" rel=\"noopener\"><img decoding=\"async\" alt=\"\" src=\"\/sites\/default\/files\/10462314_740812549350201_7891134306778756367_n.jpg\" style=\"height:113px; width:150px\" \/><\/a>&nbsp;<a ref=\"magnificPopup\" href=\"\/sites\/default\/files\/10941425_740812632683526_8284876165614564839_n.jpg\" target=\"_blank\" rel=\"noopener\"><img decoding=\"async\" alt=\"\" src=\"\/sites\/default\/files\/10941425_740812632683526_8284876165614564839_n.jpg\" style=\"height:57px; width:150px\" \/><\/a>&nbsp;<a ref=\"magnificPopup\" href=\"\/sites\/default\/files\/12705323_901523469945774_7906306251225752495_n.jpg\" target=\"_blank\" rel=\"noopener\"><img decoding=\"async\" alt=\"\" src=\"\/sites\/default\/files\/12705323_901523469945774_7906306251225752495_n.jpg\" style=\"height:113px; width:150px\" \/><\/a><\/p>\n<p><strong>The training activities in terms of the project \u201cThe development of&nbsp; the touristic product for a &nbsp;sustainable economic growth of the Region of Korca and Gost6ivar, financed by the European Comittee.&nbsp;<\/strong><\/p>\n<p>In this activity participated the students of the Study Program \u201cBusiness Administration in Tourism\u201d, and the students of Professional Master in Toursim and Marketing. The training activities were conducted based on the modules: The Principles and Practices of Tourism, Cultural Tourism and Cultural Heritage and The Development of the Touristic Product. During these training activities, the students had the opportunity to&nbsp; be familiar with the newest and the most successful practices in the sector of tourism, as well as they deepened their knowledge about the topics which were taken into consideration. At the end of the activities, the students received a Ceretficate of Participation. &nbsp;&nbsp;&nbsp;<\/p>\n<p><a ref=\"magnificPopup\" href=\"\/sites\/default\/files\/11046780_781290045302451_8793924315246942407_n.jpg\" target=\"_blank\" rel=\"noopener\"><img decoding=\"async\" alt=\"\" src=\"\/sites\/default\/files\/11046780_781290045302451_8793924315246942407_n.jpg\" style=\"height:113px; width:150px\" \/><\/a>&nbsp;<a ref=\"magnificPopup\" href=\"\/sites\/default\/files\/11054448_781290288635760_8412343026725445832_n.jpg\" target=\"_blank\" rel=\"noopener\"><img decoding=\"async\" alt=\"\" src=\"\/sites\/default\/files\/11054448_781290288635760_8412343026725445832_n.jpg\" style=\"height:113px; width:150px\" \/><\/a>&nbsp;<a ref=\"magnificPopup\" href=\"\/sites\/default\/files\/11140344_781290038635785_9129740917877294340_n.jpg\" target=\"_blank\" rel=\"noopener\"><img decoding=\"async\" alt=\"\" src=\"\/sites\/default\/files\/11140344_781290038635785_9129740917877294340_n.jpg\" style=\"height:113px; width:150px\" \/><\/a>&nbsp;<a ref=\"magnificPopup\" href=\"\/sites\/default\/files\/11350654_781578361940286_4512854277062898324_n.jpg\" target=\"_blank\" rel=\"noopener\"><img decoding=\"async\" alt=\"\" src=\"\/sites\/default\/files\/11350654_781578361940286_4512854277062898324_n.jpg\" style=\"height:113px; width:150px\" \/><\/a>&nbsp;<a ref=\"magnificPopup\" href=\"\/sites\/default\/files\/11351197_781290028635786_7955449924844671523_n.jpg\" target=\"_blank\" rel=\"noopener\"><img decoding=\"async\" alt=\"\" src=\"\/sites\/default\/files\/11351197_781290028635786_7955449924844671523_n.jpg\" style=\"height:113px; width:150px\" \/><\/a><\/p>\n<p><strong>A picture from the visit in Voskopja with the students of&nbsp; third year of the study program \u201cTourism and Marketing\u201d at the end of the academic year 2014 &#8211; 2015.&nbsp;<\/strong><\/p>\n<p><strong><a ref=\"magnificPopup\" href=\"\/sites\/default\/files\/10494802_790005624430893_8160779849254115976_n.jpg\" target=\"_blank\" rel=\"noopener\"><img decoding=\"async\" alt=\"\" src=\"\/sites\/default\/files\/10494802_790005624430893_8160779849254115976_n.jpg\" style=\"height:113px; width:150px\" \/><\/a>&nbsp;<a ref=\"magnificPopup\" href=\"\/sites\/default\/files\/11416191_790005551097567_3526537200726682677_n.jpg\" target=\"_blank\" rel=\"noopener\"><img decoding=\"async\" alt=\"\" src=\"\/sites\/default\/files\/11416191_790005551097567_3526537200726682677_n.jpg\" style=\"height:113px; width:150px\" \/><\/a><\/strong><\/p>\n<p><strong>June 2015.<\/strong><\/p>\n<p>Participation in the Conference under the topic: \u201cPresentation of the development of labour force and industry potential of Tourism\u201d \u2013 recommendation of the expert. This conference was conducted in terms of the project: \u201cThe development of the touristic product for a sustainable economic growth of the Region of Korca, financed by the European Committee. In this activity, the students had the opportunity to get acquainted with some of the latest labour market demands and to understand better where to focus on developing their skills for being competitive in this labour market.&nbsp;&nbsp;<\/p>\n<p><a ref=\"magnificPopup\" href=\"\/sites\/default\/files\/10389024_791545810943541_5675636868232018129_n (1).jpg\" target=\"_blank\" rel=\"noopener\"><img decoding=\"async\" alt=\"\" src=\"\/sites\/default\/files\/10389024_791545810943541_5675636868232018129_n%20%281%29.jpg\" style=\"height:113px; width:150px\" \/><\/a>&nbsp;<a ref=\"magnificPopup\" href=\"\/sites\/default\/files\/11406971_791545800943542_4118763405945593885_n.jpg\" target=\"_blank\" rel=\"noopener\"><img decoding=\"async\" alt=\"\" src=\"\/sites\/default\/files\/11406971_791545800943542_4118763405945593885_n.jpg\" style=\"height:113px; width:150px\" \/><\/a><\/p>\n<p><strong>The students of Professional Master in Tourism during a visit in the Savage Water System.<\/strong><\/p>\n<p>This visit was conducted as a practical class for the module \u201cEnvironment Administration&#8221;.<\/p>\n<p><a ref=\"magnificPopup\" href=\"\/sites\/default\/files\/10666022_795265857238203_894601951059238792_n.jpg\" target=\"_blank\" rel=\"noopener\"><img decoding=\"async\" alt=\"\" src=\"\/sites\/default\/files\/10666022_795265857238203_894601951059238792_n.jpg\" style=\"height:113px; width:150px\" \/><\/a><\/p>\n<p><strong>Pictures from the visit of the Professional Master students in Tourism in the Faculty of Tourism in University of Bitola.<\/strong><\/p>\n<p>This was a visit which opened the way for co-operation in different projects as well as for common projects for the students.&nbsp;<\/p>\n<p><a ref=\"magnificPopup\" href=\"\/sites\/default\/files\/11027956_803239843107471_5634363215554685686_n.jpg\" target=\"_blank\" rel=\"noopener\"><img decoding=\"async\" alt=\"\" src=\"\/sites\/default\/files\/11027956_803239843107471_5634363215554685686_n.jpg\" style=\"height:113px; width:150px\" \/><\/a>&nbsp;<a ref=\"magnificPopup\" href=\"\/sites\/default\/files\/11062345_803239729774149_361386159001074132_n.jpg\" target=\"_blank\" rel=\"noopener\"><img decoding=\"async\" alt=\"\" src=\"\/sites\/default\/files\/11062345_803239729774149_361386159001074132_n.jpg\" style=\"height:113px; width:150px\" \/><\/a>&nbsp;<a ref=\"magnificPopup\" href=\"\/sites\/default\/files\/11403009_803239936440795_8389201869162242886_n.jpg\" target=\"_blank\" rel=\"noopener\"><img decoding=\"async\" alt=\"\" src=\"\/sites\/default\/files\/11403009_803239936440795_8389201869162242886_n.jpg\" style=\"height:113px; width:150px\" \/><\/a>&nbsp;<a ref=\"magnificPopup\" href=\"\/sites\/default\/files\/11692739_803239769774145_1194097186229136781_n.jpg\" target=\"_blank\" rel=\"noopener\"><img decoding=\"async\" alt=\"\" src=\"\/sites\/default\/files\/11692739_803239769774145_1194097186229136781_n.jpg\" style=\"height:113px; width:150px\" \/><\/a>&nbsp;<a ref=\"magnificPopup\" href=\"\/sites\/default\/files\/11707811_803239709774151_8696592679697760785_n.jpg\" target=\"_blank\" rel=\"noopener\"><img decoding=\"async\" alt=\"\" src=\"\/sites\/default\/files\/11707811_803239709774151_8696592679697760785_n.jpg\" style=\"height:113px; width:150px\" \/><\/a><\/p>\n<p><strong>A visit in the Incubator of Business \u2013 December 2015<\/strong><\/p>\n<p>The students of the Study Program \u201cBusiness \u201cAdministration in Tourism\u201d and \u201cBusiness Administration in Marketing\u201d, in the Incubator of Business premises. The aim of the visit was knowing the environment, the services offered and the continuous cooperation opportunities between the University and Incubator.<\/p>\n<p>The students expressed their interest and enthusiasm in considering the incubator as an innovation for Korca city as well as a stimulant and support factor for all the young people who want to start a business!<\/p>\n<p><a ref=\"magnificPopup\" href=\"\/sites\/default\/files\/12316266_1674396712775414_3493550681265892937_n.jpg\" target=\"_blank\" rel=\"noopener\"><img decoding=\"async\" alt=\"\" src=\"\/sites\/default\/files\/12316266_1674396712775414_3493550681265892937_n.jpg\" style=\"height:267px; width:150px\" \/><\/a>&nbsp;<a ref=\"magnificPopup\" href=\"\/sites\/default\/files\/12341239_1674396706108748_4089061439027620913_n.jpg\" target=\"_blank\" rel=\"noopener\"><img decoding=\"async\" alt=\"\" src=\"\/sites\/default\/files\/12341239_1674396706108748_4089061439027620913_n.jpg\" style=\"height:267px; width:150px\" \/><\/a><\/p>\n<p><strong>January 2016<\/strong><\/p>\n<p>In terms of the project: \u201cThe development of the touristic product for a sustainable economic growth of the Region of Korca, financed by the European Committee, students of the Study Program \u201cBusiness Administration in Tourism\u201d, \u201cBusiness Administration in Marketing\u201d and the students of Professional Master in Tourism and Marketing conducted an internship period near to the touristic business of Korca.&nbsp;<\/p>\n<p>&nbsp;<\/p>\n<p><strong>February 2016<\/strong><\/p>\n<p>A visit in some of the assets of the cultural heritage of Korca and the students of Professional Master&nbsp; in tourism.&nbsp; &nbsp;&nbsp;<\/p>\n<p><strong>June 2016<\/strong><\/p>\n<p>The students of Professional Master in Tourism during the visit in Saint Maria.<\/p>\n<p><strong>June 2016<\/strong><\/p>\n<p>An unforgettable visit to the Golik Bridge and the Tombs of Selca! We are proud of the natural beauties and rich cultural heritage of our area! Let\u2019s try to make them more accessible to visitors!<\/p>\n<p>Professional Master in Tourism.<\/p>\n<p><strong>&nbsp;<\/strong><\/p>\n<p><strong>June 2016<\/strong><\/p>\n<p>The students of the study program Business Administration in Tourism and Business Administration in Marketing during their visit in the Mosaic of Lin.<\/p>\n<p>&nbsp;<\/p>","protected":false},"excerpt":{"rendered":"<p>A visit in Prizren and Prishtina! The second year students in &#8220;Business Administration in Tourism&#8221; study program! &nbsp;&nbsp;&nbsp;&nbsp;&nbsp;&nbsp;&nbsp; April 30, 2017 A Visit the Medieval Art Museum! An asset of indisputable value of our Cultural Heritage!&nbsp; &nbsp;&nbsp; &nbsp;&nbsp;&nbsp;&nbsp; Tourism Fair \u2013 21-22.12.2013 This Tourism Fair was organised by the students of Professional Master in Tourism&#8230;<\/p>","protected":false},"author":122,"featured_media":0,"parent":0,"menu_order":0,"comment_status":"closed","ping_status":"closed","template":"","meta":{"_acf_changed":false,"footnotes":""},"class_list":["post-8158","page","type-page","status-publish","hentry"],"acf":[],"yoast_head":"<!-- This site is optimized with the Yoast SEO plugin v26.9 - https:\/\/yoast.com\/product\/yoast-seo-wordpress\/ -->\n<title>Aktivitete studentore nd\u00ebr vite - Universiteti &quot;Fan S. Noli&quot;, Kor\u00e7\u00eb<\/title>\n<meta name=\"robots\" content=\"index, follow, max-snippet:-1, max-image-preview:large, max-video-preview:-1\" \/>\n<link rel=\"canonical\" href=\"https:\/\/unkorce.edu.al\/en\/aktivitete-studentore-nder-vite-2\/\" \/>\n<meta property=\"og:locale\" content=\"en_US\" \/>\n<meta property=\"og:type\" content=\"article\" \/>\n<meta property=\"og:title\" content=\"Aktivitete studentore nd\u00ebr vite - Universiteti &quot;Fan S. Noli&quot;, Kor\u00e7\u00eb\" \/>\n<meta property=\"og:description\" content=\"A visit in Prizren and Prishtina! The second year students in &#8220;Business Administration in Tourism&#8221; study program! &nbsp;&nbsp;&nbsp;&nbsp;&nbsp;&nbsp;&nbsp; April 30, 2017 A Visit the Medieval Art Museum! An asset of indisputable value of our Cultural Heritage!&nbsp; &nbsp;&nbsp; &nbsp;&nbsp;&nbsp;&nbsp; Tourism Fair \u2013 21-22.12.2013 This Tourism Fair was organised by the students of Professional Master in Tourism...\" \/>\n<meta property=\"og:url\" content=\"https:\/\/unkorce.edu.al\/en\/aktivitete-studentore-nder-vite-2\/\" \/>\n<meta property=\"og:site_name\" content=\"Universiteti &quot;Fan S. Noli&quot;, Kor\u00e7\u00eb\" \/>\n<meta property=\"article:publisher\" content=\"https:\/\/www.facebook.com\/unkorce\" \/>\n<meta name=\"twitter:card\" content=\"summary_large_image\" \/>\n<meta name=\"twitter:label1\" content=\"Est. reading time\" \/>\n\t<meta name=\"twitter:data1\" content=\"5 minutes\" \/>\n<script type=\"application\/ld+json\" class=\"yoast-schema-graph\">{\"@context\":\"https:\/\/schema.org\",\"@graph\":[{\"@type\":\"WebPage\",\"@id\":\"https:\/\/unkorce.edu.al\/aktivitete-studentore-nder-vite-2\/\",\"url\":\"https:\/\/unkorce.edu.al\/aktivitete-studentore-nder-vite-2\/\",\"name\":\"Aktivitete studentore nd\u00ebr vite - Universiteti \\\"Fan S. Noli\\\", Kor\u00e7\u00eb\",\"isPartOf\":{\"@id\":\"https:\/\/unkorce.edu.al\/#website\"},\"datePublished\":\"2017-05-12T08:46:47+00:00\",\"breadcrumb\":{\"@id\":\"https:\/\/unkorce.edu.al\/aktivitete-studentore-nder-vite-2\/#breadcrumb\"},\"inLanguage\":\"en-US\",\"potentialAction\":[{\"@type\":\"ReadAction\",\"target\":[\"https:\/\/unkorce.edu.al\/aktivitete-studentore-nder-vite-2\/\"]}]},{\"@type\":\"BreadcrumbList\",\"@id\":\"https:\/\/unkorce.edu.al\/aktivitete-studentore-nder-vite-2\/#breadcrumb\",\"itemListElement\":[{\"@type\":\"ListItem\",\"position\":1,\"name\":\"Home\",\"item\":\"https:\/\/unkorce.edu.al\/\"},{\"@type\":\"ListItem\",\"position\":2,\"name\":\"Aktivitete studentore nd\u00ebr vite\"}]},{\"@type\":\"WebSite\",\"@id\":\"https:\/\/unkorce.edu.al\/#website\",\"url\":\"https:\/\/unkorce.edu.al\/\",\"name\":\"Universiteti \\\"Fan S. Noli\\\", Kor\u00e7\u00eb\",\"description\":\"Mir&euml;sevini n&euml; faqen zyrtare!\",\"publisher\":{\"@id\":\"https:\/\/unkorce.edu.al\/#organization\"},\"potentialAction\":[{\"@type\":\"SearchAction\",\"target\":{\"@type\":\"EntryPoint\",\"urlTemplate\":\"https:\/\/unkorce.edu.al\/?s={search_term_string}\"},\"query-input\":{\"@type\":\"PropertyValueSpecification\",\"valueRequired\":true,\"valueName\":\"search_term_string\"}}],\"inLanguage\":\"en-US\"},{\"@type\":\"Organization\",\"@id\":\"https:\/\/unkorce.edu.al\/#organization\",\"name\":\"Universiteti \\\"Fan S. Noli\\\", Kor\u00e7\u00eb\",\"url\":\"https:\/\/unkorce.edu.al\/\",\"logo\":{\"@type\":\"ImageObject\",\"inLanguage\":\"en-US\",\"@id\":\"https:\/\/unkorce.edu.al\/#\/schema\/logo\/image\/\",\"url\":\"https:\/\/unkorce.edu.al\/wp-content\/uploads\/2024\/08\/Logo_e_Universitetit__Fan_Noli_-e1726660879862.png\",\"contentUrl\":\"https:\/\/unkorce.edu.al\/wp-content\/uploads\/2024\/08\/Logo_e_Universitetit__Fan_Noli_-e1726660879862.png\",\"width\":200,\"height\":120,\"caption\":\"Universiteti \\\"Fan S. Noli\\\", Kor\u00e7\u00eb\"},\"image\":{\"@id\":\"https:\/\/unkorce.edu.al\/#\/schema\/logo\/image\/\"},\"sameAs\":[\"https:\/\/www.facebook.com\/unkorce\"]}]}<\/script>\n<!-- \/ Yoast SEO plugin. -->","yoast_head_json":{"title":"Aktivitete studentore nd\u00ebr vite - Universiteti \"Fan S. Noli\", Kor\u00e7\u00eb","robots":{"index":"index","follow":"follow","max-snippet":"max-snippet:-1","max-image-preview":"max-image-preview:large","max-video-preview":"max-video-preview:-1"},"canonical":"https:\/\/unkorce.edu.al\/en\/aktivitete-studentore-nder-vite-2\/","og_locale":"en_US","og_type":"article","og_title":"Aktivitete studentore nd\u00ebr vite - Universiteti \"Fan S. Noli\", Kor\u00e7\u00eb","og_description":"A visit in Prizren and Prishtina! The second year students in &#8220;Business Administration in Tourism&#8221; study program! &nbsp;&nbsp;&nbsp;&nbsp;&nbsp;&nbsp;&nbsp; April 30, 2017 A Visit the Medieval Art Museum! An asset of indisputable value of our Cultural Heritage!&nbsp; &nbsp;&nbsp; &nbsp;&nbsp;&nbsp;&nbsp; Tourism Fair \u2013 21-22.12.2013 This Tourism Fair was organised by the students of Professional Master in Tourism...","og_url":"https:\/\/unkorce.edu.al\/en\/aktivitete-studentore-nder-vite-2\/","og_site_name":"Universiteti \"Fan S. Noli\", Kor\u00e7\u00eb","article_publisher":"https:\/\/www.facebook.com\/unkorce","twitter_card":"summary_large_image","twitter_misc":{"Est. reading time":"5 minutes"},"schema":{"@context":"https:\/\/schema.org","@graph":[{"@type":"WebPage","@id":"https:\/\/unkorce.edu.al\/aktivitete-studentore-nder-vite-2\/","url":"https:\/\/unkorce.edu.al\/aktivitete-studentore-nder-vite-2\/","name":"Aktivitete studentore nd\u00ebr vite - Universiteti \"Fan S. Noli\", Kor\u00e7\u00eb","isPartOf":{"@id":"https:\/\/unkorce.edu.al\/#website"},"datePublished":"2017-05-12T08:46:47+00:00","breadcrumb":{"@id":"https:\/\/unkorce.edu.al\/aktivitete-studentore-nder-vite-2\/#breadcrumb"},"inLanguage":"en-US","potentialAction":[{"@type":"ReadAction","target":["https:\/\/unkorce.edu.al\/aktivitete-studentore-nder-vite-2\/"]}]},{"@type":"BreadcrumbList","@id":"https:\/\/unkorce.edu.al\/aktivitete-studentore-nder-vite-2\/#breadcrumb","itemListElement":[{"@type":"ListItem","position":1,"name":"Home","item":"https:\/\/unkorce.edu.al\/"},{"@type":"ListItem","position":2,"name":"Aktivitete studentore nd\u00ebr vite"}]},{"@type":"WebSite","@id":"https:\/\/unkorce.edu.al\/#website","url":"https:\/\/unkorce.edu.al\/","name":"Universiteti \"Fan S. Noli\", Kor\u00e7\u00eb","description":"Mir&euml;sevini n&euml; faqen zyrtare!","publisher":{"@id":"https:\/\/unkorce.edu.al\/#organization"},"potentialAction":[{"@type":"SearchAction","target":{"@type":"EntryPoint","urlTemplate":"https:\/\/unkorce.edu.al\/?s={search_term_string}"},"query-input":{"@type":"PropertyValueSpecification","valueRequired":true,"valueName":"search_term_string"}}],"inLanguage":"en-US"},{"@type":"Organization","@id":"https:\/\/unkorce.edu.al\/#organization","name":"Universiteti \"Fan S. Noli\", Kor\u00e7\u00eb","url":"https:\/\/unkorce.edu.al\/","logo":{"@type":"ImageObject","inLanguage":"en-US","@id":"https:\/\/unkorce.edu.al\/#\/schema\/logo\/image\/","url":"https:\/\/unkorce.edu.al\/wp-content\/uploads\/2024\/08\/Logo_e_Universitetit__Fan_Noli_-e1726660879862.png","contentUrl":"https:\/\/unkorce.edu.al\/wp-content\/uploads\/2024\/08\/Logo_e_Universitetit__Fan_Noli_-e1726660879862.png","width":200,"height":120,"caption":"Universiteti \"Fan S. Noli\", Kor\u00e7\u00eb"},"image":{"@id":"https:\/\/unkorce.edu.al\/#\/schema\/logo\/image\/"},"sameAs":["https:\/\/www.facebook.com\/unkorce"]}]}},"_links":{"self":[{"href":"https:\/\/unkorce.edu.al\/en\/wp-json\/wp\/v2\/pages\/8158","targetHints":{"allow":["GET"]}}],"collection":[{"href":"https:\/\/unkorce.edu.al\/en\/wp-json\/wp\/v2\/pages"}],"about":[{"href":"https:\/\/unkorce.edu.al\/en\/wp-json\/wp\/v2\/types\/page"}],"author":[{"embeddable":true,"href":"https:\/\/unkorce.edu.al\/en\/wp-json\/wp\/v2\/users\/122"}],"replies":[{"embeddable":true,"href":"https:\/\/unkorce.edu.al\/en\/wp-json\/wp\/v2\/comments?post=8158"}],"version-history":[{"count":0,"href":"https:\/\/unkorce.edu.al\/en\/wp-json\/wp\/v2\/pages\/8158\/revisions"}],"wp:attachment":[{"href":"https:\/\/unkorce.edu.al\/en\/wp-json\/wp\/v2\/media?parent=8158"}],"curies":[{"name":"wp","href":"https:\/\/api.w.org\/{rel}","templated":true}]}}