{"id":8114,"date":"2016-12-12T10:35:23","date_gmt":"2016-12-12T10:35:23","guid":{"rendered":"\/projekte-ne-fakultetin-e-edukimit-dhe-filologjise-2\/"},"modified":"2016-12-12T10:35:23","modified_gmt":"2016-12-12T10:35:23","slug":"projekte-ne-fakultetin-e-edukimit-dhe-filologjise-2","status":"publish","type":"page","link":"https:\/\/unkorce.edu.al\/en\/projekte-ne-fakultetin-e-edukimit-dhe-filologjise-2\/","title":{"rendered":"PROJEKTE N\u00cb FAKULTETIN E EDUKIMIT DHE FILOLOGJIS\u00cb"},"content":{"rendered":"<div style=\"background-color:#1A6EB3;color:#fff;padding:8px;padding-top:15px;padding-bottom:15px;border-bottom:px solid #104774;border-left:10px solid #104774;font-weight:bold;font-family: Georgia, serif;\">\n<img decoding=\"async\" alt=\"\" src=\"\/sites\/default\/files\/styles\/features\/public\/field\/image\/fak_edukimit.png?itok=gKNxeLeG\" style=\"float:right; height:88px; width:219px\" \/>PROJEKTE<\/div>\n<p><span style=\"color:rgb(0, 0, 0)\"><span style=\"font-family:arial,helvetica,sans-serif\"><span style=\"font-size:14px\"><u><strong>TAKIM DYPAL\u00cbSH N\u00cb KUAD\u00cbR T\u00cb PROJEKTIT ERASMUS+ CREDIT MOBILITY PROGRAM<\/strong><\/u><\/span><\/span><\/span><\/p>\n<p class=\"rtejustify\"><span style=\"font-size:12px\"><span style=\"color:rgb(0, 0, 0)\">PAS N\u00cbNSHKRIMIT T\u00cb MARR\u00cbVESHJES ND\u00cbRMJET&nbsp;<strong>UNIVERSITETIT \u201cFAN S. NOLI\u201d&nbsp;<\/strong>DHE UNIVERSITETIT T\u00cb MAQEDONIS\u00cb PER\u00cbNDIMORE, N\u00cb KUAD\u00cbR T\u00cb PROJEKTIT&nbsp;<strong><em>ERASMUS + PROGRAMME, INTERNATIONAL CREDIT MOBILITY<\/em><\/strong>&nbsp;P\u00cbR L\u00cbVIZJEN E STUDENT\u00cbVE DHE STAFIT T\u00cb FAKULTETIT T\u00cb EDUKIMIT DHE FILOLOGJIS\u00cb, UNIVERSITETI \u201cFAN S. NOLI\u201d DHE T\u00cb FAKULTETIT T\u00cb EDUKIMIT, UNIVERSITETI I MAQEDONIS\u00cb PER\u00cbNDIMORE, DIT\u00cbN E M\u00cbRKUR\u00cb, DAT\u00cb 30. 09. 2015, N\u00cb FOLLORIN\u00cb, U ZHVILLUA NJ\u00cb TAKIM DYPAL\u00cbSH P\u00cbR T\u00cb DISKUTUAR HAPAT KONKRETE Q\u00cb DUHEN ND\u00cbRMARR\u00cb P\u00cbR REALIZIMIN E PROGRAMIT.<\/span><\/span><\/p>\n<p class=\"rtejustify\"><span style=\"font-size:12px\"><span style=\"color:rgb(0, 0, 0)\">N\u00cb TAKIM MOR\u00cbN PJES\u00cb REKTORI I UNIVERSITETIT T\u00cb MAQEDONIS\u00cb PER\u00cbNDIMORE, P<strong>ROF. ANTONIOS TOURLIDAKIS<\/strong>, DEKANI I FAKULTETIT T\u00cb EDUKIMIT T\u00cb K\u00cbTIJ UNIVERSITETI,&nbsp;<strong>PROF. PETROS KARIOTOGLOU<\/strong>,&nbsp; ZV. REKTORJA E UNIVERSITETIT \u201cFAN S. NOLI\u201d,&nbsp;<strong>DR. BENITA STAVRE<\/strong>, DEKANI I FAKULTETIT T\u00cb EDUKIMIT DHE FILOLOGJIS\u00cb,&nbsp;<strong>PROF. DR. ALI JASHARI<\/strong>, SI DHE KOORDINATOR\u00cbT E PROJEKTIT NGA T\u00cb DY FAKULTETET.<\/span><\/span><\/p>\n<p class=\"rtejustify\"><span style=\"font-size:12px\"><span style=\"color:rgb(0, 0, 0)\">N\u00cb TAKIM U DISKUTUA P\u00cbR ASPEKTET KONKRETE T\u00cb ORGANIZIMIT DHE MENAXHIMIT T\u00cb PROJEKTIT, DUKE I KUSHTUAR V\u00cbMENDJE T\u00cb VE\u04aaANT\u00cb NJOHJES (EKUIVALENTIMIT) S\u00cb KREDITEVE, P\u00cbRCAKTIMIT T\u00cb KRITEREVE P\u00cbRZGJEDH\u00cbSE, MENAXHIMIT T\u00cb FONDEVE, SI DHE PERIUDHAT E L\u00cbVIZJES S\u00cb STUDENT\u00cbVE DHE STAFIT T\u00cb P\u00cbRZGJEDHUR. PO K\u00cbSHTU, NGA KOORDINATOR\u00cbT E PROJEKTIT U B\u00cb NJ\u00cb PARASHTRIM I P\u00cbRSHKRIMIT T\u00cb RREGULLOREVE M\u00cbSIMORE T\u00cb T\u00cb DY DEPARTAMENTEVE PJES\u00cbMARR\u00cbSE N\u00cb PROJEKT, DUKE I NJOHUR PJES\u00cbMARR\u00cbSIT ME NDRYSHIMET DHE NGJASHM\u00cbRIT\u00cb N\u00cb DISIPLINAT DHE MODULET E OFRUARA NGA T\u00cb DY FAKULTETET.<\/span><\/span><\/p>\n<p><span style=\"color:rgb(0, 0, 0)\"><strong>DR. ERINDA PAPA<\/strong><\/span><\/p>\n<p><span style=\"color:rgb(0, 0, 0)\"><strong>P\u00cbRGJEGJ\u00cbSE E PROJEKTEVE DHE MARR\u00cbDH\u00cbNIEVE ME JASHT\u00cb N\u00cb FAKULTETIN E EDUKIMIT DHE FILOLOGJIS\u00cb<\/strong><\/span><\/p>\n<hr \/>\n<div class=\"OutlineElement Ltr SCX263300077\" style=\"margin: 0px; padding: 0px; user-select: text; -webkit-user-drag: none; -webkit-tap-highlight-color: transparent; overflow: visible; cursor: text; clear: both; position: relative; direction: ltr; font-family: &quot;Segoe UI&quot;, Tahoma, Verdana, sans-serif; font-size: 8px; line-height: normal;\">\n<p class=\"rtejustify\"><u><strong><span style=\"font-family:arial,helvetica,sans-serif\"><span style=\"font-size:14px\">LEKTORIUM ME PROFESOR\u00cbT E UNIVERSITETIT T\u00cb BOLONJ\u00cbS<\/span><\/span><\/strong><\/u><\/p>\n<p class=\"rtejustify\"><span style=\"font-size:12px\"><span style=\"font-family:arial,helvetica,sans-serif\">N\u00cb KUAD\u00cbR T\u00cb BASHK\u00cbPUNIMIT MIDIS&nbsp;DEPARTAMENTIT&nbsp; T\u00cb&nbsp;SHKENCAVE T\u00cb&nbsp;EDUKIMIT&nbsp;&nbsp;\u00abGIOVANNI MARIA BERTIN\u00bb&nbsp;&nbsp;T\u00cb&nbsp; ALMA MATER STUDIORIUM &#8211;&nbsp; UNIVERSITETI I BOLONJ\u00cbS DHE DEPARTAMENTIT T\u00cb EDUKIMIT N\u00cb&nbsp; FAKULTETIN E EDUKIMIT DHE FILOLOGJIS\u00cb N\u00cb UNIVERSITETIN \u201c<strong>FAN S. NOLI<\/strong>\u201d T\u00cb KOR\u00c7\u00cbS, DIT\u00cbN E ENJTE, DAT\u00cb&nbsp;<strong>11 QERSHOR 2015<\/strong>, ORA&nbsp;<strong>13<\/strong><strong>00&nbsp;<\/strong>, N\u00cb SALL\u00cbN E AMFITEATRIT T\u00cb FAKULTETIT&nbsp; U MBAJT NJ\u00cb LEKTORIUM ME PROFESOR\u00cbT E&nbsp;&nbsp;UNIVERSITETIT T\u00cb BOLONJ\u00cbS ME TEM\u00cb \u201c<strong>METODOLOGJIA E ZBATIMIT T\u00cb DIDAKTIK\u00cbS P\u00cbR EDUKIMIN GJITH\u00cbP\u00cbRFSHIR\u00cbS<\/strong>\u201d&nbsp;<\/span><\/span><\/p>\n<\/div>\n<div class=\"OutlineElement Ltr SCX263300077\" style=\"margin: 0px; padding: 0px; user-select: text; -webkit-user-drag: none; -webkit-tap-highlight-color: transparent; overflow: visible; cursor: text; clear: both; position: relative; direction: ltr; font-family: &quot;Segoe UI&quot;, Tahoma, Verdana, sans-serif; font-size: 8px; line-height: normal;\">\n<p class=\"rtejustify\"><span style=\"font-size:12px\"><span style=\"font-family:arial,helvetica,sans-serif\">FOL\u00cbS KRYESOR\u00cb:&nbsp;<strong>PROF. ROBERTO DAINESE<\/strong>&nbsp;DHE&nbsp;<strong>PROF.<\/strong><strong>FEDERICA ZANETTI<\/strong>&nbsp;.&nbsp;<\/span><\/span><\/p>\n<\/div>\n<div class=\"OutlineElement Ltr SCX263300077\" style=\"margin: 0px; padding: 0px; user-select: text; -webkit-user-drag: none; -webkit-tap-highlight-color: transparent; overflow: visible; cursor: text; clear: both; position: relative; direction: ltr; font-family: &quot;Segoe UI&quot;, Tahoma, Verdana, sans-serif; font-size: 8px; line-height: normal;\">\n<p class=\"rtejustify\"><span style=\"font-size:12px\"><span style=\"font-family:arial,helvetica,sans-serif\">N\u00cb LEKTORIUM ISHIN T\u00cb&nbsp;PRANISH\u00cbM PEDAGOG\u00cb&nbsp;NGA FAKULTETE T\u00cb&nbsp;NDRYSHME T\u00cb&nbsp;UNIVERSITETIT,&nbsp; STUDENT\u00cb, M\u00cbSUES T\u00cb&nbsp;INTERESUAR N\u00cb&nbsp;FUSH\u00cbN E ARSIMIT GJITH\u00cbP\u00cbRFSHIR\u00cbS ETJ.<\/span><\/span><\/p>\n<\/div>\n<p class=\"rtecenter\"><iframe loading=\"lazy\" frameborder=\"0\" height=\"315\" scrolling=\"no\" src=\"https:\/\/www.youtube.com\/embed\/9rz2YtyCpLM\" width=\"470\"><\/iframe><\/p>","protected":false},"excerpt":{"rendered":"<p>PROJEKTE TAKIM DYPAL\u00cbSH N\u00cb KUAD\u00cbR T\u00cb PROJEKTIT ERASMUS+ CREDIT MOBILITY PROGRAM PAS N\u00cbNSHKRIMIT T\u00cb MARR\u00cbVESHJES ND\u00cbRMJET&nbsp;UNIVERSITETIT \u201cFAN S. NOLI\u201d&nbsp;DHE UNIVERSITETIT T\u00cb MAQEDONIS\u00cb PER\u00cbNDIMORE, N\u00cb KUAD\u00cbR T\u00cb PROJEKTIT&nbsp;ERASMUS + PROGRAMME, INTERNATIONAL CREDIT MOBILITY&nbsp;P\u00cbR L\u00cbVIZJEN E STUDENT\u00cbVE DHE STAFIT T\u00cb FAKULTETIT T\u00cb EDUKIMIT DHE FILOLOGJIS\u00cb, UNIVERSITETI \u201cFAN S. NOLI\u201d DHE T\u00cb FAKULTETIT T\u00cb EDUKIMIT, UNIVERSITETI I MAQEDONIS\u00cb&#8230;<\/p>","protected":false},"author":122,"featured_media":0,"parent":0,"menu_order":0,"comment_status":"closed","ping_status":"closed","template":"","meta":{"_acf_changed":false,"footnotes":""},"class_list":["post-8114","page","type-page","status-publish","hentry"],"acf":[],"yoast_head":"<!-- This site is optimized with the Yoast SEO plugin v26.9 - https:\/\/yoast.com\/product\/yoast-seo-wordpress\/ -->\n<title>PROJEKTE N\u00cb FAKULTETIN E EDUKIMIT DHE FILOLOGJIS\u00cb - Universiteti &quot;Fan S. Noli&quot;, Kor\u00e7\u00eb<\/title>\n<meta name=\"robots\" content=\"index, follow, max-snippet:-1, max-image-preview:large, max-video-preview:-1\" \/>\n<link rel=\"canonical\" href=\"https:\/\/unkorce.edu.al\/en\/projekte-ne-fakultetin-e-edukimit-dhe-filologjise-2\/\" \/>\n<meta property=\"og:locale\" content=\"en_US\" \/>\n<meta property=\"og:type\" content=\"article\" \/>\n<meta property=\"og:title\" content=\"PROJEKTE N\u00cb FAKULTETIN E EDUKIMIT DHE FILOLOGJIS\u00cb - Universiteti &quot;Fan S. Noli&quot;, Kor\u00e7\u00eb\" \/>\n<meta property=\"og:description\" content=\"PROJEKTE TAKIM DYPAL\u00cbSH N\u00cb KUAD\u00cbR T\u00cb PROJEKTIT ERASMUS+ CREDIT MOBILITY PROGRAM PAS N\u00cbNSHKRIMIT T\u00cb MARR\u00cbVESHJES ND\u00cbRMJET&nbsp;UNIVERSITETIT \u201cFAN S. NOLI\u201d&nbsp;DHE UNIVERSITETIT T\u00cb MAQEDONIS\u00cb PER\u00cbNDIMORE, N\u00cb KUAD\u00cbR T\u00cb PROJEKTIT&nbsp;ERASMUS + PROGRAMME, INTERNATIONAL CREDIT MOBILITY&nbsp;P\u00cbR L\u00cbVIZJEN E STUDENT\u00cbVE DHE STAFIT T\u00cb FAKULTETIT T\u00cb EDUKIMIT DHE FILOLOGJIS\u00cb, UNIVERSITETI \u201cFAN S. NOLI\u201d DHE T\u00cb FAKULTETIT T\u00cb EDUKIMIT, UNIVERSITETI I MAQEDONIS\u00cb...\" \/>\n<meta property=\"og:url\" content=\"https:\/\/unkorce.edu.al\/en\/projekte-ne-fakultetin-e-edukimit-dhe-filologjise-2\/\" \/>\n<meta property=\"og:site_name\" content=\"Universiteti &quot;Fan S. Noli&quot;, Kor\u00e7\u00eb\" \/>\n<meta property=\"article:publisher\" content=\"https:\/\/www.facebook.com\/unkorce\" \/>\n<meta name=\"twitter:card\" content=\"summary_large_image\" \/>\n<meta name=\"twitter:label1\" content=\"Est. reading time\" \/>\n\t<meta name=\"twitter:data1\" content=\"2 minutes\" \/>\n<script type=\"application\/ld+json\" class=\"yoast-schema-graph\">{\"@context\":\"https:\/\/schema.org\",\"@graph\":[{\"@type\":\"WebPage\",\"@id\":\"https:\/\/unkorce.edu.al\/projekte-ne-fakultetin-e-edukimit-dhe-filologjise-2\/\",\"url\":\"https:\/\/unkorce.edu.al\/projekte-ne-fakultetin-e-edukimit-dhe-filologjise-2\/\",\"name\":\"PROJEKTE N\u00cb FAKULTETIN E EDUKIMIT DHE FILOLOGJIS\u00cb - Universiteti \\\"Fan S. Noli\\\", Kor\u00e7\u00eb\",\"isPartOf\":{\"@id\":\"https:\/\/unkorce.edu.al\/#website\"},\"datePublished\":\"2016-12-12T10:35:23+00:00\",\"breadcrumb\":{\"@id\":\"https:\/\/unkorce.edu.al\/projekte-ne-fakultetin-e-edukimit-dhe-filologjise-2\/#breadcrumb\"},\"inLanguage\":\"en-US\",\"potentialAction\":[{\"@type\":\"ReadAction\",\"target\":[\"https:\/\/unkorce.edu.al\/projekte-ne-fakultetin-e-edukimit-dhe-filologjise-2\/\"]}]},{\"@type\":\"BreadcrumbList\",\"@id\":\"https:\/\/unkorce.edu.al\/projekte-ne-fakultetin-e-edukimit-dhe-filologjise-2\/#breadcrumb\",\"itemListElement\":[{\"@type\":\"ListItem\",\"position\":1,\"name\":\"Home\",\"item\":\"https:\/\/unkorce.edu.al\/\"},{\"@type\":\"ListItem\",\"position\":2,\"name\":\"PROJEKTE N\u00cb FAKULTETIN E EDUKIMIT DHE FILOLOGJIS\u00cb\"}]},{\"@type\":\"WebSite\",\"@id\":\"https:\/\/unkorce.edu.al\/#website\",\"url\":\"https:\/\/unkorce.edu.al\/\",\"name\":\"Universiteti \\\"Fan S. Noli\\\", Kor\u00e7\u00eb\",\"description\":\"Mir&euml;sevini n&euml; faqen zyrtare!\",\"publisher\":{\"@id\":\"https:\/\/unkorce.edu.al\/#organization\"},\"potentialAction\":[{\"@type\":\"SearchAction\",\"target\":{\"@type\":\"EntryPoint\",\"urlTemplate\":\"https:\/\/unkorce.edu.al\/?s={search_term_string}\"},\"query-input\":{\"@type\":\"PropertyValueSpecification\",\"valueRequired\":true,\"valueName\":\"search_term_string\"}}],\"inLanguage\":\"en-US\"},{\"@type\":\"Organization\",\"@id\":\"https:\/\/unkorce.edu.al\/#organization\",\"name\":\"Universiteti \\\"Fan S. Noli\\\", Kor\u00e7\u00eb\",\"url\":\"https:\/\/unkorce.edu.al\/\",\"logo\":{\"@type\":\"ImageObject\",\"inLanguage\":\"en-US\",\"@id\":\"https:\/\/unkorce.edu.al\/#\/schema\/logo\/image\/\",\"url\":\"https:\/\/unkorce.edu.al\/wp-content\/uploads\/2024\/08\/Logo_e_Universitetit__Fan_Noli_-e1726660879862.png\",\"contentUrl\":\"https:\/\/unkorce.edu.al\/wp-content\/uploads\/2024\/08\/Logo_e_Universitetit__Fan_Noli_-e1726660879862.png\",\"width\":200,\"height\":120,\"caption\":\"Universiteti \\\"Fan S. Noli\\\", Kor\u00e7\u00eb\"},\"image\":{\"@id\":\"https:\/\/unkorce.edu.al\/#\/schema\/logo\/image\/\"},\"sameAs\":[\"https:\/\/www.facebook.com\/unkorce\"]}]}<\/script>\n<!-- \/ Yoast SEO plugin. -->","yoast_head_json":{"title":"PROJEKTE N\u00cb FAKULTETIN E EDUKIMIT DHE FILOLOGJIS\u00cb - Universiteti \"Fan S. Noli\", Kor\u00e7\u00eb","robots":{"index":"index","follow":"follow","max-snippet":"max-snippet:-1","max-image-preview":"max-image-preview:large","max-video-preview":"max-video-preview:-1"},"canonical":"https:\/\/unkorce.edu.al\/en\/projekte-ne-fakultetin-e-edukimit-dhe-filologjise-2\/","og_locale":"en_US","og_type":"article","og_title":"PROJEKTE N\u00cb FAKULTETIN E EDUKIMIT DHE FILOLOGJIS\u00cb - Universiteti \"Fan S. Noli\", Kor\u00e7\u00eb","og_description":"PROJEKTE TAKIM DYPAL\u00cbSH N\u00cb KUAD\u00cbR T\u00cb PROJEKTIT ERASMUS+ CREDIT MOBILITY PROGRAM PAS N\u00cbNSHKRIMIT T\u00cb MARR\u00cbVESHJES ND\u00cbRMJET&nbsp;UNIVERSITETIT \u201cFAN S. NOLI\u201d&nbsp;DHE UNIVERSITETIT T\u00cb MAQEDONIS\u00cb PER\u00cbNDIMORE, N\u00cb KUAD\u00cbR T\u00cb PROJEKTIT&nbsp;ERASMUS + PROGRAMME, INTERNATIONAL CREDIT MOBILITY&nbsp;P\u00cbR L\u00cbVIZJEN E STUDENT\u00cbVE DHE STAFIT T\u00cb FAKULTETIT T\u00cb EDUKIMIT DHE FILOLOGJIS\u00cb, UNIVERSITETI \u201cFAN S. NOLI\u201d DHE T\u00cb FAKULTETIT T\u00cb EDUKIMIT, UNIVERSITETI I MAQEDONIS\u00cb...","og_url":"https:\/\/unkorce.edu.al\/en\/projekte-ne-fakultetin-e-edukimit-dhe-filologjise-2\/","og_site_name":"Universiteti \"Fan S. Noli\", Kor\u00e7\u00eb","article_publisher":"https:\/\/www.facebook.com\/unkorce","twitter_card":"summary_large_image","twitter_misc":{"Est. reading time":"2 minutes"},"schema":{"@context":"https:\/\/schema.org","@graph":[{"@type":"WebPage","@id":"https:\/\/unkorce.edu.al\/projekte-ne-fakultetin-e-edukimit-dhe-filologjise-2\/","url":"https:\/\/unkorce.edu.al\/projekte-ne-fakultetin-e-edukimit-dhe-filologjise-2\/","name":"PROJEKTE N\u00cb FAKULTETIN E EDUKIMIT DHE FILOLOGJIS\u00cb - Universiteti \"Fan S. Noli\", Kor\u00e7\u00eb","isPartOf":{"@id":"https:\/\/unkorce.edu.al\/#website"},"datePublished":"2016-12-12T10:35:23+00:00","breadcrumb":{"@id":"https:\/\/unkorce.edu.al\/projekte-ne-fakultetin-e-edukimit-dhe-filologjise-2\/#breadcrumb"},"inLanguage":"en-US","potentialAction":[{"@type":"ReadAction","target":["https:\/\/unkorce.edu.al\/projekte-ne-fakultetin-e-edukimit-dhe-filologjise-2\/"]}]},{"@type":"BreadcrumbList","@id":"https:\/\/unkorce.edu.al\/projekte-ne-fakultetin-e-edukimit-dhe-filologjise-2\/#breadcrumb","itemListElement":[{"@type":"ListItem","position":1,"name":"Home","item":"https:\/\/unkorce.edu.al\/"},{"@type":"ListItem","position":2,"name":"PROJEKTE N\u00cb FAKULTETIN E EDUKIMIT DHE FILOLOGJIS\u00cb"}]},{"@type":"WebSite","@id":"https:\/\/unkorce.edu.al\/#website","url":"https:\/\/unkorce.edu.al\/","name":"Universiteti \"Fan S. Noli\", Kor\u00e7\u00eb","description":"Mir&euml;sevini n&euml; faqen zyrtare!","publisher":{"@id":"https:\/\/unkorce.edu.al\/#organization"},"potentialAction":[{"@type":"SearchAction","target":{"@type":"EntryPoint","urlTemplate":"https:\/\/unkorce.edu.al\/?s={search_term_string}"},"query-input":{"@type":"PropertyValueSpecification","valueRequired":true,"valueName":"search_term_string"}}],"inLanguage":"en-US"},{"@type":"Organization","@id":"https:\/\/unkorce.edu.al\/#organization","name":"Universiteti \"Fan S. Noli\", Kor\u00e7\u00eb","url":"https:\/\/unkorce.edu.al\/","logo":{"@type":"ImageObject","inLanguage":"en-US","@id":"https:\/\/unkorce.edu.al\/#\/schema\/logo\/image\/","url":"https:\/\/unkorce.edu.al\/wp-content\/uploads\/2024\/08\/Logo_e_Universitetit__Fan_Noli_-e1726660879862.png","contentUrl":"https:\/\/unkorce.edu.al\/wp-content\/uploads\/2024\/08\/Logo_e_Universitetit__Fan_Noli_-e1726660879862.png","width":200,"height":120,"caption":"Universiteti \"Fan S. Noli\", Kor\u00e7\u00eb"},"image":{"@id":"https:\/\/unkorce.edu.al\/#\/schema\/logo\/image\/"},"sameAs":["https:\/\/www.facebook.com\/unkorce"]}]}},"_links":{"self":[{"href":"https:\/\/unkorce.edu.al\/en\/wp-json\/wp\/v2\/pages\/8114","targetHints":{"allow":["GET"]}}],"collection":[{"href":"https:\/\/unkorce.edu.al\/en\/wp-json\/wp\/v2\/pages"}],"about":[{"href":"https:\/\/unkorce.edu.al\/en\/wp-json\/wp\/v2\/types\/page"}],"author":[{"embeddable":true,"href":"https:\/\/unkorce.edu.al\/en\/wp-json\/wp\/v2\/users\/122"}],"replies":[{"embeddable":true,"href":"https:\/\/unkorce.edu.al\/en\/wp-json\/wp\/v2\/comments?post=8114"}],"version-history":[{"count":0,"href":"https:\/\/unkorce.edu.al\/en\/wp-json\/wp\/v2\/pages\/8114\/revisions"}],"wp:attachment":[{"href":"https:\/\/unkorce.edu.al\/en\/wp-json\/wp\/v2\/media?parent=8114"}],"curies":[{"name":"wp","href":"https:\/\/api.w.org\/{rel}","templated":true}]}}