{"id":8014,"date":"2016-07-27T09:05:42","date_gmt":"2016-07-27T09:05:42","guid":{"rendered":"\/personeli-administrativ-ne-fakultetin-e-edukimit-dhe-filologjise\/"},"modified":"2016-07-27T09:05:42","modified_gmt":"2016-07-27T09:05:42","slug":"personeli-administrativ-ne-fakultetin-e-edukimit-dhe-filologjise","status":"publish","type":"page","link":"https:\/\/unkorce.edu.al\/en\/personeli-administrativ-ne-fakultetin-e-edukimit-dhe-filologjise\/","title":{"rendered":"PERSONELI ADMINISTRATIV N\u00cb FAKULTETIN E EDUKIMIT DHE FILOLOGJIS\u00cb"},"content":{"rendered":"<div style=\"background-color:#1A6EB3;color:#fff;padding:8px;padding-top:15px;padding-bottom:15px;border-bottom:px solid #104774;border-left:10px solid #104774;font-weight:bold;font-family: Georgia, serif;\"><img decoding=\"async\" alt=\"\" src=\"\/sites\/default\/files\/styles\/features\/public\/field\/image\/fak_edukimit.png?itok=gKNxeLeG\" style=\"float:right; height:88px; width:219px\" \/>STAFI ADMINISTRATIV<br \/>\nPERSONELI NDIHM\u00cbS-M<strong>\u00cb<\/strong>SIMOR<\/div>\n<h3><span style=\"color:#008080\"><span style=\"font-size:18px\"><strong><u><span style=\"font-size:20px\">Ndihm\u00ebsja e Dekanit<\/span><\/u><\/strong><\/span><\/span><\/h3>\n<p>P\u00ebrgjigjet p\u00ebr zbatimin korrekt t\u00eb detyrave t\u00eb l\u00ebna nga Dekani. Ndihmon &nbsp;n\u00eb p\u00ebrgatitjen e materialeve p\u00ebr Dekanin dhe d\u00ebrgimin e tyre n\u00eb destinacion, merr dhe tej\u00e7on informacion dhe porosi brenda e jasht\u00eb fakultetit p\u00ebr problematika t\u00eb ndryshme, ndjek realizimin e porosive t\u00eb Dekanit p\u00ebr stafin akademik e administrativ. Ndihm\u00ebsja e Dekanit p\u00ebrgjigjet p\u00ebr korrespondenc\u00ebn nga protokolli, procesverbalet e mbledhjeve t\u00eb dekanatit, administrimin e vul\u00ebs s\u00eb fakultetit si dhe koordinon takimet e Dekanit me punonj\u00ebsit, student\u00ebt, partner\u00ebt, publikun etj. Gjithashtu pjes\u00eb e detyrave t\u00eb ndihm\u00ebses s\u00eb Dekanit \u00ebsht\u00eb edhe koordinimi i gjith\u00eb procesit&nbsp;t\u00eb \u00e7ertifikimit&nbsp;t\u00eb provimit t\u00eb gjuh\u00ebs Greke.<\/p>\n<p><span style=\"font-size:20px\"><strong>Msc. Maria Tanushi<\/strong><\/span><\/p>\n<p><em>e-mail:<\/em>&nbsp;dekanati@yahoo.com<br \/>\n&nbsp; &nbsp; &nbsp; &nbsp; &nbsp; &nbsp; &nbsp;tanushimaria@yahoo.com<\/p>\n<hr \/>\n<h3><font color=\"#008080\"><span style=\"font-size:20px\"><u>Specialist IT<\/u><\/span><\/font><\/h3>\n<h3>Z. Dhimitri Konini<\/h3>\n<hr \/>\n<h3><span style=\"color:#008080\"><span style=\"font-size:20px\"><u><strong>Sekretaria m\u00ebsimore &amp; Zyra e informimit t\u00eb student\u00ebve<\/strong><\/u>&nbsp;<\/span><\/span><\/h3>\n<p>Sekretaria M\u00ebsimore dhe Zyra e informimit dhe orientimit t\u00eb student\u00ebve jan\u00eb p\u00ebrgjegj\u00ebse p\u00ebr menaxhimin e procesit t\u00eb regjistrimit t\u00eb student\u00ebve. Zyra e Sekretaris\u00eb M\u00ebsimore \u00ebsht\u00eb p\u00ebrgjegj\u00ebse p\u00ebr rregullimin, monitorimin dhe arkivimin e \u00e7do regjistrimi, informacioni, dokumenti ose&nbsp; transkripti lidhur me student\u00ebt. Sekretarit\u00eb&nbsp;m\u00ebsimore kan\u00eb p\u00ebrgjegj\u00ebsi p\u00ebr hedhjen, administrimin dhe ruajtjen e t\u00eb dh\u00ebnave m\u00ebsimore t\u00eb studenteve dhe t\u00eb procesit m\u00ebsimor dhe n\u00eb m\u00ebnyr\u00eb t\u00eb ve\u00e7ant\u00eb kan\u00eb p\u00ebrgjegj\u00ebsi p\u00ebr plot\u00ebsimin e regjistrit baz\u00eb t\u00eb student\u00ebve. Kjo nj\u00ebsi \u00ebsht\u00eb nj\u00eb struktur\u00eb racionale p\u00ebr t\u00eb p\u00ebrmbushur sa m\u00eb mir\u00eb detyrat e organizimit t\u00eb procesit m\u00ebsimor t\u00eb fakultetit, n\u00eb sh\u00ebrbim t\u00eb student\u00ebve dhe t\u00eb stafit akademik.<\/p>\n<p><u><strong>Sekretaria m\u00ebsimore<\/strong><\/u><\/p>\n<p><strong><span style=\"font-size:20px\">Znj.&nbsp;Teuta Naslazi<\/span> &#8211; Kryesekretare<\/strong><\/p>\n<p><em>email:<\/em> tnaslazi@yahoo.com<\/p>\n<p><strong><span style=\"font-size:20px\">Znj. Engj\u00ebllushe Frash\u00ebri <\/span>&#8211; Sekretare<\/strong><\/p>\n<p><em>email:<\/em> engjellushefrasheri@hotmail.com<\/p>\n<p><strong>Zyra: 315<\/strong><\/p>\n<p>&nbsp;<\/p>\n<p><u><strong>Zyra e informimit t\u00eb student\u00ebve<\/strong><\/u>&nbsp;<\/p>\n<p><span style=\"font-size:20px\"><strong>Znj. Vilma Mosko&nbsp;<\/strong><\/span>(Departamenti i Gjuh\u00ebs dhe i Let\u00ebrsis\u00eb; Departamenti i Gjuh\u00ebve t\u00eb Huaja)<\/p>\n<p><em>email:<\/em> moskovilma@yahoo.com<\/p>\n<p><strong><span style=\"font-size:20px\">Znj. Enela Pepaj&nbsp;<\/span><\/strong>(Departamenti i Edukimit;&nbsp;Departamenti i Historis\u00eb dhe i Gjeografis\u00eb)<\/p>\n<p><em>email:&nbsp;<\/em>enelaeni@hotmail.com<\/p>\n<p><strong>Zyra: 313<\/strong><\/p>\n<p>&nbsp;<\/p>\n<p>&nbsp;<\/p>\n<p>&nbsp;<\/p>\n<p>&nbsp;<\/p>\n<p>&nbsp;<\/p>","protected":false},"excerpt":{"rendered":"<p>STAFI ADMINISTRATIV PERSONELI NDIHM\u00cbS-M\u00cbSIMOR Ndihm\u00ebsja e Dekanit P\u00ebrgjigjet p\u00ebr zbatimin korrekt t\u00eb detyrave t\u00eb l\u00ebna nga Dekani. Ndihmon &nbsp;n\u00eb p\u00ebrgatitjen e materialeve p\u00ebr Dekanin dhe d\u00ebrgimin e tyre n\u00eb destinacion, merr dhe tej\u00e7on informacion dhe porosi brenda e jasht\u00eb fakultetit p\u00ebr problematika t\u00eb ndryshme, ndjek realizimin e porosive t\u00eb Dekanit p\u00ebr stafin akademik e administrativ&#8230;.<\/p>","protected":false},"author":122,"featured_media":0,"parent":0,"menu_order":0,"comment_status":"closed","ping_status":"closed","template":"","meta":{"_acf_changed":false,"footnotes":""},"class_list":["post-8014","page","type-page","status-publish","hentry"],"acf":[],"yoast_head":"<!-- This site is optimized with the Yoast SEO plugin v26.9 - https:\/\/yoast.com\/product\/yoast-seo-wordpress\/ -->\n<title>PERSONELI ADMINISTRATIV N\u00cb FAKULTETIN E EDUKIMIT DHE FILOLOGJIS\u00cb - Universiteti &quot;Fan S. Noli&quot;, Kor\u00e7\u00eb<\/title>\n<meta name=\"robots\" content=\"index, follow, max-snippet:-1, max-image-preview:large, max-video-preview:-1\" \/>\n<link rel=\"canonical\" href=\"https:\/\/unkorce.edu.al\/en\/personeli-administrativ-ne-fakultetin-e-edukimit-dhe-filologjise\/\" \/>\n<meta property=\"og:locale\" content=\"en_US\" \/>\n<meta property=\"og:type\" content=\"article\" \/>\n<meta property=\"og:title\" content=\"PERSONELI ADMINISTRATIV N\u00cb FAKULTETIN E EDUKIMIT DHE FILOLOGJIS\u00cb - Universiteti &quot;Fan S. Noli&quot;, Kor\u00e7\u00eb\" \/>\n<meta property=\"og:description\" content=\"STAFI ADMINISTRATIV PERSONELI NDIHM\u00cbS-M\u00cbSIMOR Ndihm\u00ebsja e Dekanit P\u00ebrgjigjet p\u00ebr zbatimin korrekt t\u00eb detyrave t\u00eb l\u00ebna nga Dekani. Ndihmon &nbsp;n\u00eb p\u00ebrgatitjen e materialeve p\u00ebr Dekanin dhe d\u00ebrgimin e tyre n\u00eb destinacion, merr dhe tej\u00e7on informacion dhe porosi brenda e jasht\u00eb fakultetit p\u00ebr problematika t\u00eb ndryshme, ndjek realizimin e porosive t\u00eb Dekanit p\u00ebr stafin akademik e administrativ....\" \/>\n<meta property=\"og:url\" content=\"https:\/\/unkorce.edu.al\/en\/personeli-administrativ-ne-fakultetin-e-edukimit-dhe-filologjise\/\" \/>\n<meta property=\"og:site_name\" content=\"Universiteti &quot;Fan S. Noli&quot;, Kor\u00e7\u00eb\" \/>\n<meta property=\"article:publisher\" content=\"https:\/\/www.facebook.com\/unkorce\" \/>\n<meta name=\"twitter:card\" content=\"summary_large_image\" \/>\n<meta name=\"twitter:label1\" content=\"Est. reading time\" \/>\n\t<meta name=\"twitter:data1\" content=\"2 minutes\" \/>\n<script type=\"application\/ld+json\" class=\"yoast-schema-graph\">{\"@context\":\"https:\/\/schema.org\",\"@graph\":[{\"@type\":\"WebPage\",\"@id\":\"https:\/\/unkorce.edu.al\/personeli-administrativ-ne-fakultetin-e-edukimit-dhe-filologjise\/\",\"url\":\"https:\/\/unkorce.edu.al\/personeli-administrativ-ne-fakultetin-e-edukimit-dhe-filologjise\/\",\"name\":\"PERSONELI ADMINISTRATIV N\u00cb FAKULTETIN E EDUKIMIT DHE FILOLOGJIS\u00cb - Universiteti \\\"Fan S. Noli\\\", Kor\u00e7\u00eb\",\"isPartOf\":{\"@id\":\"https:\/\/unkorce.edu.al\/#website\"},\"datePublished\":\"2016-07-27T09:05:42+00:00\",\"breadcrumb\":{\"@id\":\"https:\/\/unkorce.edu.al\/personeli-administrativ-ne-fakultetin-e-edukimit-dhe-filologjise\/#breadcrumb\"},\"inLanguage\":\"en-US\",\"potentialAction\":[{\"@type\":\"ReadAction\",\"target\":[\"https:\/\/unkorce.edu.al\/personeli-administrativ-ne-fakultetin-e-edukimit-dhe-filologjise\/\"]}]},{\"@type\":\"BreadcrumbList\",\"@id\":\"https:\/\/unkorce.edu.al\/personeli-administrativ-ne-fakultetin-e-edukimit-dhe-filologjise\/#breadcrumb\",\"itemListElement\":[{\"@type\":\"ListItem\",\"position\":1,\"name\":\"Home\",\"item\":\"https:\/\/unkorce.edu.al\/\"},{\"@type\":\"ListItem\",\"position\":2,\"name\":\"PERSONELI ADMINISTRATIV N\u00cb FAKULTETIN E EDUKIMIT DHE FILOLOGJIS\u00cb\"}]},{\"@type\":\"WebSite\",\"@id\":\"https:\/\/unkorce.edu.al\/#website\",\"url\":\"https:\/\/unkorce.edu.al\/\",\"name\":\"Universiteti \\\"Fan S. Noli\\\", Kor\u00e7\u00eb\",\"description\":\"Mir&euml;sevini n&euml; faqen zyrtare!\",\"publisher\":{\"@id\":\"https:\/\/unkorce.edu.al\/#organization\"},\"potentialAction\":[{\"@type\":\"SearchAction\",\"target\":{\"@type\":\"EntryPoint\",\"urlTemplate\":\"https:\/\/unkorce.edu.al\/?s={search_term_string}\"},\"query-input\":{\"@type\":\"PropertyValueSpecification\",\"valueRequired\":true,\"valueName\":\"search_term_string\"}}],\"inLanguage\":\"en-US\"},{\"@type\":\"Organization\",\"@id\":\"https:\/\/unkorce.edu.al\/#organization\",\"name\":\"Universiteti \\\"Fan S. Noli\\\", Kor\u00e7\u00eb\",\"url\":\"https:\/\/unkorce.edu.al\/\",\"logo\":{\"@type\":\"ImageObject\",\"inLanguage\":\"en-US\",\"@id\":\"https:\/\/unkorce.edu.al\/#\/schema\/logo\/image\/\",\"url\":\"https:\/\/unkorce.edu.al\/wp-content\/uploads\/2024\/08\/Logo_e_Universitetit__Fan_Noli_-e1726660879862.png\",\"contentUrl\":\"https:\/\/unkorce.edu.al\/wp-content\/uploads\/2024\/08\/Logo_e_Universitetit__Fan_Noli_-e1726660879862.png\",\"width\":200,\"height\":120,\"caption\":\"Universiteti \\\"Fan S. Noli\\\", Kor\u00e7\u00eb\"},\"image\":{\"@id\":\"https:\/\/unkorce.edu.al\/#\/schema\/logo\/image\/\"},\"sameAs\":[\"https:\/\/www.facebook.com\/unkorce\"]}]}<\/script>\n<!-- \/ Yoast SEO plugin. -->","yoast_head_json":{"title":"PERSONELI ADMINISTRATIV N\u00cb FAKULTETIN E EDUKIMIT DHE FILOLOGJIS\u00cb - Universiteti \"Fan S. Noli\", Kor\u00e7\u00eb","robots":{"index":"index","follow":"follow","max-snippet":"max-snippet:-1","max-image-preview":"max-image-preview:large","max-video-preview":"max-video-preview:-1"},"canonical":"https:\/\/unkorce.edu.al\/en\/personeli-administrativ-ne-fakultetin-e-edukimit-dhe-filologjise\/","og_locale":"en_US","og_type":"article","og_title":"PERSONELI ADMINISTRATIV N\u00cb FAKULTETIN E EDUKIMIT DHE FILOLOGJIS\u00cb - Universiteti \"Fan S. Noli\", Kor\u00e7\u00eb","og_description":"STAFI ADMINISTRATIV PERSONELI NDIHM\u00cbS-M\u00cbSIMOR Ndihm\u00ebsja e Dekanit P\u00ebrgjigjet p\u00ebr zbatimin korrekt t\u00eb detyrave t\u00eb l\u00ebna nga Dekani. Ndihmon &nbsp;n\u00eb p\u00ebrgatitjen e materialeve p\u00ebr Dekanin dhe d\u00ebrgimin e tyre n\u00eb destinacion, merr dhe tej\u00e7on informacion dhe porosi brenda e jasht\u00eb fakultetit p\u00ebr problematika t\u00eb ndryshme, ndjek realizimin e porosive t\u00eb Dekanit p\u00ebr stafin akademik e administrativ....","og_url":"https:\/\/unkorce.edu.al\/en\/personeli-administrativ-ne-fakultetin-e-edukimit-dhe-filologjise\/","og_site_name":"Universiteti \"Fan S. Noli\", Kor\u00e7\u00eb","article_publisher":"https:\/\/www.facebook.com\/unkorce","twitter_card":"summary_large_image","twitter_misc":{"Est. reading time":"2 minutes"},"schema":{"@context":"https:\/\/schema.org","@graph":[{"@type":"WebPage","@id":"https:\/\/unkorce.edu.al\/personeli-administrativ-ne-fakultetin-e-edukimit-dhe-filologjise\/","url":"https:\/\/unkorce.edu.al\/personeli-administrativ-ne-fakultetin-e-edukimit-dhe-filologjise\/","name":"PERSONELI ADMINISTRATIV N\u00cb FAKULTETIN E EDUKIMIT DHE FILOLOGJIS\u00cb - Universiteti \"Fan S. Noli\", Kor\u00e7\u00eb","isPartOf":{"@id":"https:\/\/unkorce.edu.al\/#website"},"datePublished":"2016-07-27T09:05:42+00:00","breadcrumb":{"@id":"https:\/\/unkorce.edu.al\/personeli-administrativ-ne-fakultetin-e-edukimit-dhe-filologjise\/#breadcrumb"},"inLanguage":"en-US","potentialAction":[{"@type":"ReadAction","target":["https:\/\/unkorce.edu.al\/personeli-administrativ-ne-fakultetin-e-edukimit-dhe-filologjise\/"]}]},{"@type":"BreadcrumbList","@id":"https:\/\/unkorce.edu.al\/personeli-administrativ-ne-fakultetin-e-edukimit-dhe-filologjise\/#breadcrumb","itemListElement":[{"@type":"ListItem","position":1,"name":"Home","item":"https:\/\/unkorce.edu.al\/"},{"@type":"ListItem","position":2,"name":"PERSONELI ADMINISTRATIV N\u00cb FAKULTETIN E EDUKIMIT DHE FILOLOGJIS\u00cb"}]},{"@type":"WebSite","@id":"https:\/\/unkorce.edu.al\/#website","url":"https:\/\/unkorce.edu.al\/","name":"Universiteti \"Fan S. Noli\", Kor\u00e7\u00eb","description":"Mir&euml;sevini n&euml; faqen zyrtare!","publisher":{"@id":"https:\/\/unkorce.edu.al\/#organization"},"potentialAction":[{"@type":"SearchAction","target":{"@type":"EntryPoint","urlTemplate":"https:\/\/unkorce.edu.al\/?s={search_term_string}"},"query-input":{"@type":"PropertyValueSpecification","valueRequired":true,"valueName":"search_term_string"}}],"inLanguage":"en-US"},{"@type":"Organization","@id":"https:\/\/unkorce.edu.al\/#organization","name":"Universiteti \"Fan S. Noli\", Kor\u00e7\u00eb","url":"https:\/\/unkorce.edu.al\/","logo":{"@type":"ImageObject","inLanguage":"en-US","@id":"https:\/\/unkorce.edu.al\/#\/schema\/logo\/image\/","url":"https:\/\/unkorce.edu.al\/wp-content\/uploads\/2024\/08\/Logo_e_Universitetit__Fan_Noli_-e1726660879862.png","contentUrl":"https:\/\/unkorce.edu.al\/wp-content\/uploads\/2024\/08\/Logo_e_Universitetit__Fan_Noli_-e1726660879862.png","width":200,"height":120,"caption":"Universiteti \"Fan S. Noli\", Kor\u00e7\u00eb"},"image":{"@id":"https:\/\/unkorce.edu.al\/#\/schema\/logo\/image\/"},"sameAs":["https:\/\/www.facebook.com\/unkorce"]}]}},"_links":{"self":[{"href":"https:\/\/unkorce.edu.al\/en\/wp-json\/wp\/v2\/pages\/8014","targetHints":{"allow":["GET"]}}],"collection":[{"href":"https:\/\/unkorce.edu.al\/en\/wp-json\/wp\/v2\/pages"}],"about":[{"href":"https:\/\/unkorce.edu.al\/en\/wp-json\/wp\/v2\/types\/page"}],"author":[{"embeddable":true,"href":"https:\/\/unkorce.edu.al\/en\/wp-json\/wp\/v2\/users\/122"}],"replies":[{"embeddable":true,"href":"https:\/\/unkorce.edu.al\/en\/wp-json\/wp\/v2\/comments?post=8014"}],"version-history":[{"count":0,"href":"https:\/\/unkorce.edu.al\/en\/wp-json\/wp\/v2\/pages\/8014\/revisions"}],"wp:attachment":[{"href":"https:\/\/unkorce.edu.al\/en\/wp-json\/wp\/v2\/media?parent=8014"}],"curies":[{"name":"wp","href":"https:\/\/api.w.org\/{rel}","templated":true}]}}