{"id":8007,"date":"2016-07-27T09:05:42","date_gmt":"2016-07-27T09:05:42","guid":{"rendered":"\/keshilli-i-fakultetit-te-edukimit-dhe-filologjise\/"},"modified":"2016-07-27T09:05:42","modified_gmt":"2016-07-27T09:05:42","slug":"keshilli-i-fakultetit-te-edukimit-dhe-filologjise","status":"publish","type":"page","link":"https:\/\/unkorce.edu.al\/en\/keshilli-i-fakultetit-te-edukimit-dhe-filologjise\/","title":{"rendered":"K\u00cbSHILLI I FAKULTETIT T\u00cb EDUKIMIT DHE FILOLOGJIS\u00cb"},"content":{"rendered":"<p><u><strong>P&Euml;RB&Euml;RJA E K&Euml;SHILLIT<\/strong><\/u><\/p>\n<p><strong>Prof. dr. Ali Jashari &#8211; Kryetar<\/strong><\/p>\n<p><strong>Prof. as. dr. Elona &Ccedil;e&ccedil;e &#8211; An&euml;tar<\/strong><\/p>\n<p><strong>Prof. as. dr. Bashkim Jahollari &#8211; An&euml;tar<\/strong><\/p>\n<p><strong>Prof. as. dr. Pavllo Cicko&nbsp;&#8211; An&euml;tar<\/strong><\/p>\n<p><strong>Doc. Dr. Donika Dardha&nbsp;&#8211; An&euml;tar<\/strong><\/p>\n<p><strong>Dr. Benita Stavre&nbsp;&#8211; An&euml;tar<\/strong><\/p>\n<p><strong>Gledisa Qesallari&nbsp;&#8211; An&euml;tar<\/strong> (P&euml;rfaq&euml;suese e student&euml;ve)<\/p>\n<ol>\n<li>K&euml;shilli i Fakultetit &euml;sht&euml; organ kolegjial vendimmarr&euml;s, i cili vendos p&euml;r problemet m&euml; t&euml;&nbsp;r&euml;nd&euml;sishme t&euml; fakultetit n&euml; fush&euml;n e m&euml;simit, k&euml;rkimit shkencor dhe at&euml; administrativ. K&euml;shilli i&nbsp;Fakultetit kryesohet nga dekani.<\/li>\n<li>K&euml;shilli i Fakultetit p&euml;rb&euml;het nga an&euml;tar&euml; t&euml; zgjedhur nga personeli akademik, nga personeli&nbsp;joakademik dhe nga student&euml;t. P&euml;rb&euml;rja e tij dhe m&euml;nyra e zgjedhjes p&euml;rcaktohen n&euml; Ligjin&nbsp;nr.9741, dt.21.05.2007 &ldquo;P&euml;r Arsimin e Lart&euml; n&euml; Republik&euml;n e Shqip&euml;ris&euml;&rdquo;, i ndryshuar, si dhe n&euml;&nbsp;rregulloren e zgjedhjeve.<\/li>\n<li>N&euml; baz&euml; t&euml; nenit 18, t&euml; ligjit nr.9741, dt.21.05.2007 &ldquo;P&euml;r Arsimin e Lart&euml; n&euml; Republik&euml;n e&nbsp;Shqip&euml;ris&euml;&rdquo;, i ndryshuar, K&euml;shilli i Fakultetit ka k&euml;to funksione kryesore:\n<ul>\n<li>programon dhe p&euml;rcakton, n&euml; baz&euml; t&euml; propozimeve t&euml; departamenteve, p&euml;rdorimin e&nbsp;burimeve njer&euml;zore dhe materiale n&euml; dispozicion t&euml; fakultetit;<\/li>\n<li>propozon programe t&euml; reja studimi a t&euml; k&euml;rkimit shkencor; p&euml;r hapje, ndryshim ose&nbsp;mbyllje departamentesh a nj&euml;sish t&euml; tjera;<\/li>\n<li>cmerr vendime p&euml;r problemet financiare t&euml; fakultetit, n&euml; p&euml;rputhje me autoritetin q&euml; i&nbsp;&euml;sht&euml; deleguar atij;<\/li>\n<li>shqyrton dhe miraton n&euml; nj&euml; mbledhje t&euml; hapur p&euml;r personelin akademik administrativ&nbsp;dhe p&euml;r student&euml;t, raportin vjetor t&euml; dekanit p&euml;r veprimtarin&euml;&nbsp;m&euml;simore, k&euml;rkimore dhe&nbsp;financiare t&euml; fakultetit;<\/li>\n<li>i propozon senatit akademik planin strategjik t&euml; zhvillimit t&euml;&nbsp;fakultetit dhe mbik&euml;qyr&nbsp;realizimin e tij.<\/li>\n<\/ul>\n<\/li>\n<li>K&euml;shilli i Fakultetit kryen edhe k&euml;to detyra:\n<ul>\n<li>diskuton n&euml; lidhje me marr&euml;veshjet q&euml; synohen t&euml; lidhen nga&nbsp;universiteti me t&euml; tret&euml;, me&nbsp;interes p&euml;r fakultetin, p&euml;rpara se&nbsp;k&euml;to t&euml; miratohen n&euml; parim nga Senati Akademik&nbsp;dhe t&euml;&nbsp;n&euml;nshkruhen nga Rektori;<\/li>\n<li>propozon p&euml;r miratim n&euml; K&euml;shillin e Administrimit, struktur&euml;n dhe numrin e punonj&euml;sve&nbsp;n&euml; fakultet;<\/li>\n<li>shpall projektet fituese, p&euml;r t&rsquo;u financuar nga fondet p&euml;r k&euml;rkim shkencor nga buxheti i&nbsp;fakultetit, si dhe bursa p&euml;r studime a k&euml;rkime shkencore, q&euml;&nbsp;administrohen nga vet&euml;&nbsp;fakulteti;<\/li>\n<li>miraton list&euml;n e periodik&euml;ve shkencor&euml; ku do t&euml; pajtohet fakulteti, si dhe titujt e librave&nbsp;q&euml; do t&euml; blihen p&euml;r bibliotek&euml;n e fakultetit, mbi baz&euml;n e propozimeve t&euml; b&euml;ra nga&nbsp;departamentet;<\/li>\n<li>miraton m&euml;nyr&euml;n e p&euml;rdorimit t&euml; dhurimeve q&euml; jan&euml; kryer n&euml; favor t&euml; nj&euml; departamenti,&nbsp;duke marr&euml; parasysh propozimin e departamentit p&euml;rfitues;<\/li>\n<\/ul>\n<\/li>\n<li>N&euml; ushtrimin e kompetencave t&euml; tij, K&euml;shilli i Fakultetit shprehet me vendime.<\/li>\n<\/ol>","protected":false},"excerpt":{"rendered":"<p>P&Euml;RB&Euml;RJA E K&Euml;SHILLIT Prof. dr. Ali Jashari &#8211; Kryetar Prof. as. dr. Elona &Ccedil;e&ccedil;e &#8211; An&euml;tar Prof. as. dr. Bashkim Jahollari &#8211; An&euml;tar Prof. as. dr. Pavllo Cicko&nbsp;&#8211; An&euml;tar Doc. Dr. Donika Dardha&nbsp;&#8211; An&euml;tar Dr. Benita Stavre&nbsp;&#8211; An&euml;tar Gledisa Qesallari&nbsp;&#8211; An&euml;tar (P&euml;rfaq&euml;suese e student&euml;ve) K&euml;shilli i Fakultetit &euml;sht&euml; organ kolegjial vendimmarr&euml;s, i cili vendos p&euml;r&#8230;<\/p>","protected":false},"author":122,"featured_media":0,"parent":0,"menu_order":0,"comment_status":"closed","ping_status":"closed","template":"","meta":{"_acf_changed":false,"footnotes":""},"class_list":["post-8007","page","type-page","status-publish","hentry"],"acf":[],"yoast_head":"<!-- This site is optimized with the Yoast SEO plugin v26.9 - https:\/\/yoast.com\/product\/yoast-seo-wordpress\/ -->\n<title>K\u00cbSHILLI I FAKULTETIT T\u00cb EDUKIMIT DHE FILOLOGJIS\u00cb - Universiteti &quot;Fan S. Noli&quot;, Kor\u00e7\u00eb<\/title>\n<meta name=\"robots\" content=\"index, follow, max-snippet:-1, max-image-preview:large, max-video-preview:-1\" \/>\n<link rel=\"canonical\" href=\"https:\/\/unkorce.edu.al\/en\/keshilli-i-fakultetit-te-edukimit-dhe-filologjise\/\" \/>\n<meta property=\"og:locale\" content=\"en_US\" \/>\n<meta property=\"og:type\" content=\"article\" \/>\n<meta property=\"og:title\" content=\"K\u00cbSHILLI I FAKULTETIT T\u00cb EDUKIMIT DHE FILOLOGJIS\u00cb - Universiteti &quot;Fan S. Noli&quot;, Kor\u00e7\u00eb\" \/>\n<meta property=\"og:description\" content=\"P&Euml;RB&Euml;RJA E K&Euml;SHILLIT Prof. dr. Ali Jashari &#8211; Kryetar Prof. as. dr. Elona &Ccedil;e&ccedil;e &#8211; An&euml;tar Prof. as. dr. Bashkim Jahollari &#8211; An&euml;tar Prof. as. dr. Pavllo Cicko&nbsp;&#8211; An&euml;tar Doc. Dr. Donika Dardha&nbsp;&#8211; An&euml;tar Dr. Benita Stavre&nbsp;&#8211; An&euml;tar Gledisa Qesallari&nbsp;&#8211; An&euml;tar (P&euml;rfaq&euml;suese e student&euml;ve) K&euml;shilli i Fakultetit &euml;sht&euml; organ kolegjial vendimmarr&euml;s, i cili vendos p&euml;r...\" \/>\n<meta property=\"og:url\" content=\"https:\/\/unkorce.edu.al\/en\/keshilli-i-fakultetit-te-edukimit-dhe-filologjise\/\" \/>\n<meta property=\"og:site_name\" content=\"Universiteti &quot;Fan S. Noli&quot;, Kor\u00e7\u00eb\" \/>\n<meta property=\"article:publisher\" content=\"https:\/\/www.facebook.com\/unkorce\" \/>\n<meta name=\"twitter:card\" content=\"summary_large_image\" \/>\n<meta name=\"twitter:label1\" content=\"Est. reading time\" \/>\n\t<meta name=\"twitter:data1\" content=\"3 minutes\" \/>\n<script type=\"application\/ld+json\" class=\"yoast-schema-graph\">{\"@context\":\"https:\/\/schema.org\",\"@graph\":[{\"@type\":\"WebPage\",\"@id\":\"https:\/\/unkorce.edu.al\/keshilli-i-fakultetit-te-edukimit-dhe-filologjise\/\",\"url\":\"https:\/\/unkorce.edu.al\/keshilli-i-fakultetit-te-edukimit-dhe-filologjise\/\",\"name\":\"K\u00cbSHILLI I FAKULTETIT T\u00cb EDUKIMIT DHE FILOLOGJIS\u00cb - Universiteti \\\"Fan S. Noli\\\", Kor\u00e7\u00eb\",\"isPartOf\":{\"@id\":\"https:\/\/unkorce.edu.al\/#website\"},\"datePublished\":\"2016-07-27T09:05:42+00:00\",\"breadcrumb\":{\"@id\":\"https:\/\/unkorce.edu.al\/keshilli-i-fakultetit-te-edukimit-dhe-filologjise\/#breadcrumb\"},\"inLanguage\":\"en-US\",\"potentialAction\":[{\"@type\":\"ReadAction\",\"target\":[\"https:\/\/unkorce.edu.al\/keshilli-i-fakultetit-te-edukimit-dhe-filologjise\/\"]}]},{\"@type\":\"BreadcrumbList\",\"@id\":\"https:\/\/unkorce.edu.al\/keshilli-i-fakultetit-te-edukimit-dhe-filologjise\/#breadcrumb\",\"itemListElement\":[{\"@type\":\"ListItem\",\"position\":1,\"name\":\"Home\",\"item\":\"https:\/\/unkorce.edu.al\/\"},{\"@type\":\"ListItem\",\"position\":2,\"name\":\"K\u00cbSHILLI I FAKULTETIT T\u00cb EDUKIMIT DHE FILOLOGJIS\u00cb\"}]},{\"@type\":\"WebSite\",\"@id\":\"https:\/\/unkorce.edu.al\/#website\",\"url\":\"https:\/\/unkorce.edu.al\/\",\"name\":\"Universiteti \\\"Fan S. Noli\\\", Kor\u00e7\u00eb\",\"description\":\"Mir&euml;sevini n&euml; faqen zyrtare!\",\"publisher\":{\"@id\":\"https:\/\/unkorce.edu.al\/#organization\"},\"potentialAction\":[{\"@type\":\"SearchAction\",\"target\":{\"@type\":\"EntryPoint\",\"urlTemplate\":\"https:\/\/unkorce.edu.al\/?s={search_term_string}\"},\"query-input\":{\"@type\":\"PropertyValueSpecification\",\"valueRequired\":true,\"valueName\":\"search_term_string\"}}],\"inLanguage\":\"en-US\"},{\"@type\":\"Organization\",\"@id\":\"https:\/\/unkorce.edu.al\/#organization\",\"name\":\"Universiteti \\\"Fan S. Noli\\\", Kor\u00e7\u00eb\",\"url\":\"https:\/\/unkorce.edu.al\/\",\"logo\":{\"@type\":\"ImageObject\",\"inLanguage\":\"en-US\",\"@id\":\"https:\/\/unkorce.edu.al\/#\/schema\/logo\/image\/\",\"url\":\"https:\/\/unkorce.edu.al\/wp-content\/uploads\/2024\/08\/Logo_e_Universitetit__Fan_Noli_-e1726660879862.png\",\"contentUrl\":\"https:\/\/unkorce.edu.al\/wp-content\/uploads\/2024\/08\/Logo_e_Universitetit__Fan_Noli_-e1726660879862.png\",\"width\":200,\"height\":120,\"caption\":\"Universiteti \\\"Fan S. Noli\\\", Kor\u00e7\u00eb\"},\"image\":{\"@id\":\"https:\/\/unkorce.edu.al\/#\/schema\/logo\/image\/\"},\"sameAs\":[\"https:\/\/www.facebook.com\/unkorce\"]}]}<\/script>\n<!-- \/ Yoast SEO plugin. -->","yoast_head_json":{"title":"K\u00cbSHILLI I FAKULTETIT T\u00cb EDUKIMIT DHE FILOLOGJIS\u00cb - Universiteti \"Fan S. Noli\", Kor\u00e7\u00eb","robots":{"index":"index","follow":"follow","max-snippet":"max-snippet:-1","max-image-preview":"max-image-preview:large","max-video-preview":"max-video-preview:-1"},"canonical":"https:\/\/unkorce.edu.al\/en\/keshilli-i-fakultetit-te-edukimit-dhe-filologjise\/","og_locale":"en_US","og_type":"article","og_title":"K\u00cbSHILLI I FAKULTETIT T\u00cb EDUKIMIT DHE FILOLOGJIS\u00cb - Universiteti \"Fan S. Noli\", Kor\u00e7\u00eb","og_description":"P&Euml;RB&Euml;RJA E K&Euml;SHILLIT Prof. dr. Ali Jashari &#8211; Kryetar Prof. as. dr. Elona &Ccedil;e&ccedil;e &#8211; An&euml;tar Prof. as. dr. Bashkim Jahollari &#8211; An&euml;tar Prof. as. dr. Pavllo Cicko&nbsp;&#8211; An&euml;tar Doc. Dr. Donika Dardha&nbsp;&#8211; An&euml;tar Dr. Benita Stavre&nbsp;&#8211; An&euml;tar Gledisa Qesallari&nbsp;&#8211; An&euml;tar (P&euml;rfaq&euml;suese e student&euml;ve) K&euml;shilli i Fakultetit &euml;sht&euml; organ kolegjial vendimmarr&euml;s, i cili vendos p&euml;r...","og_url":"https:\/\/unkorce.edu.al\/en\/keshilli-i-fakultetit-te-edukimit-dhe-filologjise\/","og_site_name":"Universiteti \"Fan S. Noli\", Kor\u00e7\u00eb","article_publisher":"https:\/\/www.facebook.com\/unkorce","twitter_card":"summary_large_image","twitter_misc":{"Est. reading time":"3 minutes"},"schema":{"@context":"https:\/\/schema.org","@graph":[{"@type":"WebPage","@id":"https:\/\/unkorce.edu.al\/keshilli-i-fakultetit-te-edukimit-dhe-filologjise\/","url":"https:\/\/unkorce.edu.al\/keshilli-i-fakultetit-te-edukimit-dhe-filologjise\/","name":"K\u00cbSHILLI I FAKULTETIT T\u00cb EDUKIMIT DHE FILOLOGJIS\u00cb - Universiteti \"Fan S. Noli\", Kor\u00e7\u00eb","isPartOf":{"@id":"https:\/\/unkorce.edu.al\/#website"},"datePublished":"2016-07-27T09:05:42+00:00","breadcrumb":{"@id":"https:\/\/unkorce.edu.al\/keshilli-i-fakultetit-te-edukimit-dhe-filologjise\/#breadcrumb"},"inLanguage":"en-US","potentialAction":[{"@type":"ReadAction","target":["https:\/\/unkorce.edu.al\/keshilli-i-fakultetit-te-edukimit-dhe-filologjise\/"]}]},{"@type":"BreadcrumbList","@id":"https:\/\/unkorce.edu.al\/keshilli-i-fakultetit-te-edukimit-dhe-filologjise\/#breadcrumb","itemListElement":[{"@type":"ListItem","position":1,"name":"Home","item":"https:\/\/unkorce.edu.al\/"},{"@type":"ListItem","position":2,"name":"K\u00cbSHILLI I FAKULTETIT T\u00cb EDUKIMIT DHE FILOLOGJIS\u00cb"}]},{"@type":"WebSite","@id":"https:\/\/unkorce.edu.al\/#website","url":"https:\/\/unkorce.edu.al\/","name":"Universiteti \"Fan S. Noli\", Kor\u00e7\u00eb","description":"Mir&euml;sevini n&euml; faqen zyrtare!","publisher":{"@id":"https:\/\/unkorce.edu.al\/#organization"},"potentialAction":[{"@type":"SearchAction","target":{"@type":"EntryPoint","urlTemplate":"https:\/\/unkorce.edu.al\/?s={search_term_string}"},"query-input":{"@type":"PropertyValueSpecification","valueRequired":true,"valueName":"search_term_string"}}],"inLanguage":"en-US"},{"@type":"Organization","@id":"https:\/\/unkorce.edu.al\/#organization","name":"Universiteti \"Fan S. Noli\", Kor\u00e7\u00eb","url":"https:\/\/unkorce.edu.al\/","logo":{"@type":"ImageObject","inLanguage":"en-US","@id":"https:\/\/unkorce.edu.al\/#\/schema\/logo\/image\/","url":"https:\/\/unkorce.edu.al\/wp-content\/uploads\/2024\/08\/Logo_e_Universitetit__Fan_Noli_-e1726660879862.png","contentUrl":"https:\/\/unkorce.edu.al\/wp-content\/uploads\/2024\/08\/Logo_e_Universitetit__Fan_Noli_-e1726660879862.png","width":200,"height":120,"caption":"Universiteti \"Fan S. Noli\", Kor\u00e7\u00eb"},"image":{"@id":"https:\/\/unkorce.edu.al\/#\/schema\/logo\/image\/"},"sameAs":["https:\/\/www.facebook.com\/unkorce"]}]}},"_links":{"self":[{"href":"https:\/\/unkorce.edu.al\/en\/wp-json\/wp\/v2\/pages\/8007","targetHints":{"allow":["GET"]}}],"collection":[{"href":"https:\/\/unkorce.edu.al\/en\/wp-json\/wp\/v2\/pages"}],"about":[{"href":"https:\/\/unkorce.edu.al\/en\/wp-json\/wp\/v2\/types\/page"}],"author":[{"embeddable":true,"href":"https:\/\/unkorce.edu.al\/en\/wp-json\/wp\/v2\/users\/122"}],"replies":[{"embeddable":true,"href":"https:\/\/unkorce.edu.al\/en\/wp-json\/wp\/v2\/comments?post=8007"}],"version-history":[{"count":0,"href":"https:\/\/unkorce.edu.al\/en\/wp-json\/wp\/v2\/pages\/8007\/revisions"}],"wp:attachment":[{"href":"https:\/\/unkorce.edu.al\/en\/wp-json\/wp\/v2\/media?parent=8007"}],"curies":[{"name":"wp","href":"https:\/\/api.w.org\/{rel}","templated":true}]}}