{"id":7982,"date":"2016-07-27T09:05:42","date_gmt":"2016-07-27T09:05:42","guid":{"rendered":"\/different-activities-faculty-education-and-philology\/"},"modified":"2016-07-27T09:05:42","modified_gmt":"2016-07-27T09:05:42","slug":"different-activities-faculty-education-and-philology","status":"publish","type":"page","link":"https:\/\/unkorce.edu.al\/en\/different-activities-faculty-education-and-philology\/","title":{"rendered":"DIFFERENT ACTIVITIES IN THE FACULTY OF EDUCATION AND PHILOLOGY"},"content":{"rendered":"<div style=\"background-color: rgb(26, 110, 179); color: rgb(255, 255, 255); padding: 15px 8px; border-left: 10px solid rgb(16, 71, 116); font-weight: bold; font-family: Georgia, serif;\"><img decoding=\"async\" alt=\"\" src=\"\/sites\/default\/files\/styles\/features\/public\/field\/image\/fak_edukimit.png?itok=gKNxeLeG\" style=\"float:right; height:88px; width:219px\" \/>DIFFERENT ACTIVITIES<\/div>\n<p>&nbsp;<\/p>\n<p><strong>WORKSHOP<\/strong><\/p>\n<p>EDUCATIONAL CENTER ALBANIA<\/p>\n<p><strong>January 20, 2018, 11.00 -13.00&nbsp;<\/strong><\/p>\n<p><strong>Educational training and consultant: Lilika Couri<\/strong><\/p>\n<p>On January 20, 2018, the Foreign Language Department in collaboration with Educational Center Albania held a training session in the Faculty of Education and Philology (<em>Motivation &#8211; Young Adults<\/em>), in which an innovative English teaching method <em>&#8211; <strong>New Framework <\/strong>&#8211; <\/em>was introduced by the professional educational consultant, Ms. Lilika Couri. The session was attended by both full-time and part-time foreign language lecturers of this department, interested in learning about new alternatives to English teaching as a foreign language and eager to apply them in various study programs of \u201cFan S. Noli\u201d University.<\/p>\n<p>The main thematic concerns of the seminar were:<\/p>\n<p>&#8211;<em>Young adults\u2019 and their learning expectations;<\/em><\/p>\n<p>&#8211;<em>Teachers\u2019 expectations;<\/em><\/p>\n<p>&#8211;<em>Learning needs and teachers\u2019 goals.<\/em><\/p>\n<p>The general aim of the seminar was the exploration of more effective ways that could be of use in improving FLT in our university. For more information click on the link below:<\/p>\n<p><a href=\"http:\/\/www.etc-seminars.gr\/\">www.etc-seminars.gr<\/a><\/p>\n<p><a ref=\"magnificPopup\" href=\"http:\/\/172.16.0.2\/sites\/default\/files\/Image.jpg\" style=\"border: 0px; margin: 0px; padding: 0px; text-decoration-line: none; color: rgb(0, 51, 102); font-family: Arial, Helvetica, sans-serif; font-size: 13px; background-color: rgb(255, 255, 255);\" target=\"_blank\" rel=\"noopener\"><img decoding=\"async\" alt=\"\" src=\"http:\/\/172.16.0.2\/sites\/default\/files\/Image.jpg\" style=\"border:0px; height:150px; margin:0px; max-width:100%; padding:0px; width:200px\" \/><\/a><\/p>\n<hr \/>\n<p><strong>PROFFESOR OLGER BRAME IS HONORED WITH THE &#8220;FAN S. NOLI&#8221; AWARD<\/strong><\/p>\n<p>Msc. Olger Brame was honored with the &#8220;Fan S. Noli&#8221; award for outstanding achievements in teaching and research activities, coupled with the &#8220;Silver Medal&#8221; of the institution. Professor Brame receives this award on his 40th birth anniversary based on decision no. 23 of October 18th .2016 of the Academic Senate. The ceremony took place on 12.06.2017 at the Faculty of Education and Philology of the University &#8220;Fan S. Noli&#8221;. The Rector of the University, Prof. Dr. Ali Jashari handed over the award and along with colleagues wished Professor Brame further success in his professional career.<\/p>\n<p><a ref=\"magnificPopup\" href=\"\/sites\/default\/files\/DSC_4826_0.JPG\" target=\"_blank\" rel=\"noopener\"><img decoding=\"async\" alt=\"\" src=\"\/sites\/default\/files\/DSC_4826_0.JPG\" style=\"height:100px; width:150px\" \/><\/a>&nbsp;<a ref=\"magnificPopup\" href=\"\/sites\/default\/files\/DSC_4830_0.JPG\" target=\"_blank\" rel=\"noopener\"><img decoding=\"async\" alt=\"\" src=\"\/sites\/default\/files\/DSC_4830_0.JPG\" style=\"height:100px; width:150px\" \/><\/a>&nbsp;<a ref=\"magnificPopup\" href=\"\/sites\/default\/files\/DSC_4832_0.JPG\" target=\"_blank\" rel=\"noopener\"><img decoding=\"async\" alt=\"\" src=\"\/sites\/default\/files\/DSC_4832_0.JPG\" style=\"height:100px; width:150px\" \/><\/a>&nbsp;<a ref=\"magnificPopup\" href=\"\/sites\/default\/files\/DSC_4839_0.JPG\" target=\"_blank\" rel=\"noopener\"><img decoding=\"async\" alt=\"\" src=\"\/sites\/default\/files\/DSC_4839_0.JPG\" style=\"height:100px; width:150px\" \/><\/a>&nbsp;<a ref=\"magnificPopup\" href=\"\/sites\/default\/files\/DSC_4844_0.JPG\" target=\"_blank\" rel=\"noopener\"><img decoding=\"async\" alt=\"\" src=\"\/sites\/default\/files\/DSC_4844_0.JPG\" style=\"height:100px; width:150px\" \/><\/a>&nbsp;<a ref=\"magnificPopup\" href=\"\/sites\/default\/files\/DSC_4863_0.JPG\" target=\"_blank\" rel=\"noopener\"><img decoding=\"async\" alt=\"\" src=\"\/sites\/default\/files\/DSC_4863_0.JPG\" style=\"height:100px; width:150px\" \/><\/a><\/p>\n<p>&nbsp;<\/p>\n<p><strong>21.04.2017<\/strong><\/p>\n<p><strong>STUDETNS OF THE HISTORY AND GEOGRAPHY STUDY PROGRAMME TOGETHER WITH THE YOUTH AND SPORT CENTER ORGANIZED THE ACTIVITY \u201cREDUCE- RECOVER \u2013 RECYCLE\u201d IN THE INTERNATIONAL EARTH DAY <\/strong><\/p>\n<p>On April, 21, at the premises of \u201cFan S. Noli\u201d University of Kor\u04aba, Faculty of Education and Philology, the students of the History and Geography study programme, together with the Youth and Sport Center organized the \u201cReduce- Recover- Recycle\u201d activity within the framework of the International Earth Day. The event started with an exhibition at the University premises, where students had prepared stands with different materials and showed how recyclable materials can be used to reduce environmental pollution. Subsequently, the activity moved to the center of the city, where students sent various sensitizing messages, inviting not only peers, but also citizens to join this awareness raising activity for environmental and land protection.<\/p>\n<p><a ref=\"magnificPopup\" href=\"\/sites\/default\/files\/foto cadra_0.jpg\" target=\"_blank\" rel=\"noopener\"><img decoding=\"async\" alt=\"\" src=\"\/sites\/default\/files\/foto%20cadra_0.jpg\" style=\"height:84px; width:150px\" \/><\/a>&nbsp;<a ref=\"magnificPopup\" href=\"\/sites\/default\/files\/IMG_4949_1.JPG\" target=\"_blank\" rel=\"noopener\"><img decoding=\"async\" alt=\"\" src=\"\/sites\/default\/files\/IMG_4949_1.JPG\" style=\"height:100px; width:150px\" \/><\/a>&nbsp;<a ref=\"magnificPopup\" href=\"\/sites\/default\/files\/IMG_4951_1.JPG\" target=\"_blank\" rel=\"noopener\"><img decoding=\"async\" alt=\"\" src=\"\/sites\/default\/files\/IMG_4951_1.JPG\" style=\"height:100px; width:150px\" \/><\/a>&nbsp;<a ref=\"magnificPopup\" href=\"\/sites\/default\/files\/IMG_4960_1.JPG\" target=\"_blank\" rel=\"noopener\"><img decoding=\"async\" alt=\"\" src=\"\/sites\/default\/files\/IMG_4960_1.JPG\" style=\"height:100px; width:150px\" \/><\/a>&nbsp;<a ref=\"magnificPopup\" href=\"\/sites\/default\/files\/IMG_4961_0.JPG\" target=\"_blank\" rel=\"noopener\"><img decoding=\"async\" alt=\"\" src=\"\/sites\/default\/files\/IMG_4961_0.JPG\" style=\"height:100px; width:150px\" \/><\/a>&nbsp;<a ref=\"magnificPopup\" href=\"\/sites\/default\/files\/IMG_4963_1.JPG\" target=\"_blank\" rel=\"noopener\"><img decoding=\"async\" alt=\"\" src=\"\/sites\/default\/files\/IMG_4963_1.JPG\" style=\"height:100px; width:150px\" \/><\/a><\/p>\n<p><strong>23.03.2017<\/strong><\/p>\n<p><strong>DEPARTAMENTI I GJUH\u00cbVE T\u00cb HUAJA N\u00cb FAKULTETIN E EDUKIMIT DHE FILOLOGJIS\u00cb ZHVILLOI BISED\u00cbN E HAPUR ME TEM\u00cb: \u201cJETA AKADEMIKE DHE P\u00cbRKTHIMI SI AKTIVITET SHKENCOR DHE LETRAR\u201d ME PROF. DR. ILIA L\u00cbNGUN N\u00cb KUAD\u00cbR T\u00cb PRANVER\u00cbS S\u00cb FRANKOFONIS\u00cb 2017<\/strong><\/p>\n<p>N\u00eb kuad\u00ebr t\u00eb aktiviteteve t\u00eb Pranver\u00ebs Frankofone, n\u00eb dat\u00ebn 23 mars, n\u00eb Universitetin \u201cFan S. Noli\u201d, me ftes\u00eb nga Departamenti i Gjuh\u00ebve t\u00eb Huaja, Prof. dr. Ilia L\u00ebngu, pedagog i Let\u00ebrsis\u00eb fr\u00ebnge dhe p\u00ebrkthyes i mir\u00ebnjohur i nj\u00eb s\u00ebr\u00eb veprash letrare, mbajti nj\u00eb ligj\u00ebrat\u00eb n\u00eb sall\u00ebn e konferencave t\u00eb Fakultetit t\u00eb Edukimit dhe Filologjis\u00eb. Para pedagog\u00ebve, student\u00ebve, m\u00ebsuesve t\u00eb gjuh\u00ebs fr\u00ebnge t\u00eb qytetit t\u00eb Kor\u00e7\u00ebs, Profesor Ilia L\u00ebngu paraqiti nj\u00eb v\u00ebshtrim krahasues mes dy poet\u00ebve, Louis Aragon p\u00ebr let\u00ebrsin\u00eb fr\u00ebnge dhe Drit\u00ebro Agolli p\u00ebr let\u00ebrsin\u00eb shqipe. P\u00ebrqasja mes trubadurit parizian dhe bardit devollit, sipas cil\u00ebsimit t\u00eb gjetur nga Profesori, paraqet mjaft interes p\u00ebr studiuesit e let\u00ebrsive p\u00ebrkat\u00ebse. V\u00ebshtrimet krahasuese konsiderohen sot si e ardhmja e kritik\u00ebs letrare dhe u ngjajn\u00eb urave lidh\u00ebse mes dy let\u00ebrsive, apo qytet\u00ebrimeve t\u00eb caktuara. Edhe pse nga horizonte e rrethana krejt t\u00eb ndryshme, pik\u00ebtakimet mes k\u00ebtyre dy poet\u00ebve, n\u00eb dukje, t\u00eb larg\u00ebt, jan\u00eb t\u00eb shumta. Iluzionet dhe \u00ebndrrat mb\u00ebshtetur n\u00eb idealin komunist, tema e dashuris\u00eb, brenga dhe dhimbja jan\u00eb disa prej itinerareve paralele t\u00eb dy poet\u00ebve, veprat e t\u00eb cil\u00ebve meritojn\u00eb t\u00eb \u00e7mohen p\u00ebr vlerat e tyre t\u00eb shumta artistike.&nbsp;<\/p>\n<p>&nbsp;<\/p>\n<p><strong>17.12.2016<\/strong><\/p>\n<p><strong>Workshop<\/strong><\/p>\n<p>Fakulteti i Edukimit dhe Filologjis\u00eb n\u00eb bashk\u00ebpunim me EU Polici HUB, Fondacionin Friedrich Erbert-Zyra p\u00ebr Shqip\u00ebrin\u00eb organizuan nj\u00eb takim informues me student\u00eb dhe pedagog\u00eb lidhur me integrimin europian t\u00eb Shqip\u00ebris\u00eb, ku u diskutua Manuali p\u00ebr qytetar\u00ebt :&nbsp;<strong>\u201cHandbook for the citizens\u201d &#8211; EU Integration<\/strong>&nbsp;-\u201cAn\u00ebtar\u00ebsimi i Shqip\u00ebris\u00eb n\u00eb Bashkimin Evropian\u201d dhe m\u00eb ngusht\u00ebsisht, \u00e7\u00ebshtje q\u00eb lidhen me arsimin e lart\u00eb dhe k\u00ebrkimin shkencor. P\u00ebr t\u00eb gjith\u00eb pjes\u00ebmarr\u00ebsit ky manual u shp\u00ebrnda falas, si dhe nj\u00eb fond literature q\u00eb lidhet me politikat e fondacionit Friedrich Erbert-Zyra p\u00ebr Shqip\u00ebrin\u00eb, iu dhuruan bibliotek\u00ebs s\u00eb Qendr\u00ebs s\u00eb Ekselenc\u00ebs pran\u00eb k\u00ebtij fakulteti.<\/p>\n<p>&nbsp;<\/p>\n<p><strong>12.12.2016<\/strong><\/p>\n<p><strong>Promovim libri<\/strong><\/p>\n<p>Departamenti i Gjuh\u00ebs dhe i Let\u00ebrsis\u00eb organizoi nj\u00eb veprimtari mes student\u00ebve dhe shkrimtarit kor\u00e7ar Vehbi Furxhi, p\u00ebr promovimin e librit t\u00eb&nbsp; ri me tregime t\u00eb k\u00ebtij autori. Ky takim u zhvillua n\u00eb sall\u00ebn e konferencave \u201cTeodor La\u00e7o\u201d.<\/p>\n<p>&nbsp;<\/p>\n<p><strong>07.12.2016<\/strong><\/p>\n<p><strong>Promovim libri<\/strong><\/p>\n<p>Fakulteti i Edukimit dhe Filologjis\u00eb, Departamenti i Gjuh\u00ebs dhe i Let\u00ebrsis\u00eb n\u00eb bashk\u00ebpunim me Departamentin e Gjuh\u00ebve t\u00eb Huaja, organizuan veprimtarin\u00eb:&nbsp;<strong><em>Promovim i librit me tregime \u201cNet\u00ebt e v\u00ebshtira\u201d, nga Dino Buxati<\/em><\/strong>, botuar nga \u201cOMBRA GVG\u201d, p\u00ebrkthyer nga Dr. Eris Rusi, pedagog i Departamentit t\u00eb Gjuh\u00ebs dhe Let\u00ebrsis\u00eb.<\/p>\n<p>&nbsp;<\/p>\n<p><strong>07.12.2016<\/strong><\/p>\n<p><strong>Takim studentor<\/strong><\/p>\n<p>Te biblioteka e Fakultetit t\u00eb Edukimit dhe Filologjis\u00eb u organizua nj\u00eb takim i student\u00ebve me poeten Natasha Lako.Kjo veprimtari u organizua nga Departamenti i Gjuh\u00ebs dhe i Let\u00ebrsis\u00eb.<\/p>\n<p>&nbsp;<\/p>\n<p><strong>5 &#8211; 6 dhjetor 2016<\/strong><\/p>\n<p><strong>Tryez\u00eb&nbsp; e rrumbullak\u00ebt<\/strong><\/p>\n<p>Departamenti i Edukimit, Fakulteti i Edukimit dhe Filologjis\u00eb, organizuan tryez\u00ebn e rrumbullak\u00ebt \u201c<strong><em>10 vjet nga miratimi i Konvent\u00ebs p\u00ebr t\u00eb Drejtat e Personave me Aft\u00ebsi t\u00eb Kufizuar<\/em><\/strong>\u201d.<\/p>\n<p>&nbsp;<\/p>\n<p><strong>22-25 n\u00ebntor 2016<\/strong><\/p>\n<p><strong>Veprimtari edukuese p\u00ebr student\u00ebt<\/strong><\/p>\n<p>N\u00eb sall\u00ebn e amfiteatrit t\u00eb Fakultetit t\u00eb Edukimit dhe Filologjis\u00eb, Universiteti \u201cFan S. Noli\u201d zhvilloi&nbsp; jav\u00ebn&nbsp; e filmit me tem\u00eb&nbsp; \u201c<strong><em>Edukimi p\u00ebrmes kinemas\u00eb<\/em><\/strong><em>\u201d<\/em>.&nbsp; Kjo veprimtari e p\u00ebrvitshme realizohet nga Departamenti i Edukimit, me student\u00ebt e t\u00eb gjitha programeve.<\/p>\n<p>&nbsp;<\/p>\n<p><strong>24.11.2016<\/strong><\/p>\n<p><strong>Veprimtari kulturore: &nbsp;\u201cNderim p\u00ebr Teodor La\u00e7on\u201d<\/strong><\/p>\n<p>N\u00eb sall\u00ebn e amfiteatrit t\u00eb Fakultetit t\u00eb Edukimit dhe Filologjis\u00eb, Universiteti \u201cFan S. Noli\u201d organizoi veprimtarin\u00eb:&nbsp;<strong>\u201cNderim p\u00ebr Teodor La\u00e7on\u201d,&nbsp;<\/strong>&nbsp;me pjes\u00ebmarrjene pedagog\u00ebve , student\u00ebve, familjar\u00ebve dhe&nbsp; miqve t\u00eb shkrimtarit T.La\u00e7o. N\u00eb p\u00ebrfundim t\u00eb k\u00ebsaj veprimtarie, sall\u00ebs s\u00eb konferencave iu vendos emri: \u201cSalla e Konferencave Teodor La\u00e7o\u201d<\/p>\n<p>&nbsp;<\/p>\n<p><strong>05.11.2016<\/strong><\/p>\n<p><strong>Veprimtari p\u00ebr librin publicistik t\u00eb Dr. Nu\u00e7i Kott\u00ebs<\/strong><\/p>\n<p>Departamenti i Histori-Gjeografis\u00eb n\u00eb Fakultetin e Edukimit dhe Filologjis\u00eb, organizuan&nbsp; nj\u00eb veprimtari p\u00ebr promovimin e librit publicistik:&nbsp; \u201c&nbsp;<strong><em>Shqip\u00ebria dhe \u00e7\u00ebshtja e kufijve shqiptaro-grek\u00eb<\/em><\/strong>\u201d t\u00eb Dr. Nu\u00e7i Kott\u00ebs.<\/p>\n<p>&nbsp;<\/p>\n<p><strong>8. 10. 2016<\/strong><\/p>\n<p><strong>Veprimtari kulturore<\/strong><\/p>\n<p>Fakultetit t\u00eb Edukimit dhe Filologjis\u00eb t\u00eb Universitetit \u201cFan S. Noli\u201d n\u00eb bashk\u00ebpunim me shoqat\u00ebn Devolli, organizoi nj\u00eb veprimtari kushtuar 85-vjetorit t\u00eb lindjes s\u00eb Drit\u00ebro Agollit si dhe 20-vjetorit t\u00eb shoqat\u00ebs Devolli.<\/p>\n<p>Gjat\u00eb k\u00ebsaj veprimtarie u b\u00eb dhe promovimi i \u201cFjalorit leksiko-frazeologjik t\u00eb Devollit\u201d me autor Prof. dr. Ali Jashari.<\/p>\n<p>&nbsp;<\/p>\n<p><strong>10. 6. 2016<\/strong><\/p>\n<p><strong>Tryez\u00eb e rrumbullak\u00ebt<\/strong><\/p>\n<p>Tryez\u00eb e rrumbullak\u00ebt me tem\u00ebn&nbsp;<strong><em>\u201c(Pa) Ndershm\u00ebria Akademike n\u00eb Shqip\u00ebri\u201d,<\/em><\/strong>&nbsp;bashk\u00ebpunim me Institutin p\u00ebr Demokraci dhe Nd\u00ebrmjet\u00ebsim.<\/p>\n<p>&nbsp;<\/p>\n<p><strong>12. 4. 2016<\/strong><\/p>\n<p><strong>Workshop<\/strong><\/p>\n<p>Fakulteti i Edukimit dhe Filologjis\u00eb n\u00eb bashk\u00ebpunim me fondacionin gjerman \u201cKonrad Adenauer\u201d dhe Qendr\u00ebn Europiane, oraganizuan \u00eborkshopin \u201c<strong><em>E drejta e Azilit\u201d.<\/em><\/strong><\/p>\n<p>&nbsp;<\/p>\n<p><strong>19. 1. 2016<\/strong><\/p>\n<p><strong>Aktivitet kulturor<\/strong><\/p>\n<p>K\u00ebshilli Studentor organizoi p\u00ebr t\u00eb dytin vit radhazi, aktivitetin&nbsp; kulturor&nbsp;<strong><em>\u201cParada Poetike\u201d,<\/em><\/strong>&nbsp;me krijimet m\u00eb t\u00eb mira poetike t\u00eb student\u00ebve t\u00eb programit t\u00eb studimit \u201cGjuh\u00eb \u2013Let\u00ebrsi\u201d.<\/p>\n<p>&nbsp;<\/p>\n<p class=\"rtecenter\"><strong><u>EKSPERIENCA E &nbsp;PAR\u00cb E NJ\u00cb SHKOLLE ND\u00cbRKUFITARE E ZHVILLUAR P\u00cbR MBROJTJEN E BASENIT T\u00cb DRINIT ME PJES\u00cbMARR\u00cbS NGA VENDE T\u00cb BALLKANIT<\/u>&nbsp;<\/strong><\/p>\n<p class=\"rtejustify\">N\u00eb kuad\u00ebr t\u00eb projektit Act4Drin t\u00eb financuar nga CEPF(Critical Partnership Fund) n\u00eb bashk\u00ebpunim me BB dhe disa organizma t\u00eb tjer\u00eb u zhvillua nj\u00eb trajnim nd\u00ebrkufitar me student\u00eb master, bachelor dhe t\u00eb diplomuar nga vendet e Ballkanit. E quajtur Shkoll\u00eb Pranverore&nbsp; Nd\u00ebrkufitare e para eksperienc\u00eb e k\u00ebtij lloji u zbatua nga MIO-ECSDE, n\u00eb bashk\u00ebpunim me Biosfera, EDEN, Greenhome, PROGJEO-Albania dhe&nbsp;<strong><em>n\u00ebn kujdesin e Universitetit t\u00eb Kor\u00e7\u00ebs.<\/em><\/strong><\/p>\n<p class=\"rtejustify\">Tematika e shkoll\u00ebs ishte \u201cPasuria natyrore dhe trash\u00ebgimia e Basenit t\u00eb Drinit\u201d, nga v\u00ebzhgimet n\u00eb terren dhe njohurit\u00eb drejt nd\u00ebrrmarjes s\u00eb veprimeve t\u00eb p\u00ebrbashk\u00ebta p\u00ebr mbrojten e ekosistemeve t\u00eb uj\u00ebrave t\u00eb \u00ebmbla.<\/p>\n<p class=\"rtejustify\">Nga data 7-15 maj 2016, 28 student\u00eb t\u00eb shkencave gjeografis\u00eb, ekologjis\u00eb dhe biologjis\u00eb nga vendet e basenit t\u00eb Drinit, p\u00ebrkat\u00ebsisht Shqip\u00ebri, IRJ e Maqedonis\u00eb, Mali i Zi dhe Greqi&nbsp;shkuan p\u00ebrtej &nbsp;\u201cvet\u00ebm t\u00eb m\u00ebsuarit&#8221; dhe &nbsp;&#8220;u zhyt\u00ebn&#8221; n\u00eb natyr\u00eb, duke p\u00ebrjetuar k\u00ebshtu ndjenj\u00ebn e harmonis\u00eb s\u00eb brendshme q\u00eb vet\u00ebm natyra ofron p\u00ebr njer\u00ebzit. Ata mor\u00ebn njohuri p\u00ebr&nbsp;r\u00ebnd\u00ebsin\u00eb themelore t\u00eb basenit t\u00eb Drinit p\u00ebr ekosistemet e rajonit, jetes\u00ebn dhe mir\u00ebqenien e p\u00ebrgjithshme. Synimi i shkoll\u00ebs ishte nxitja e t\u00eb menduarit kritik dhe motivimi p\u00ebr tu p\u00ebrfshir\u00eb n\u00eb m\u00ebnyr\u00eb aktive n\u00eb komunitetet lokale dhe proceset komb\u00ebtare t\u00eb politikave p\u00ebr ruajtjen e trash\u00ebgimis\u00eb natyrore.<\/p>\n<p class=\"rtejustify\">N\u00eb shkoll\u00ebn pranverore mor\u00ebn pjes\u00eb tre student\u00eb t\u00eb programit t\u00eb studimit Histori\u2013Gjeografi t\u00eb Universitetit t\u00eb Korc\u00ebs; Anxhela Tefik, Elena Shuke, Petrina Stefo dhe nj\u00eb pedagoge. &nbsp; Ardiana Mi\u00e7i, pedagoge&nbsp;&nbsp;e k\u00ebtij Departamenti, zhvilloi leksionin me tem\u00eb:&nbsp;<em>Governance of natural resources; Case of Ohried\u2013Prespa Transboundary Biosfere Reserve.<\/em><\/p>\n<p class=\"rtejustify\">Gjat\u00eb q\u00ebndrimit n\u00eb Strug\u00eb m\u00eb 9 dhe 10 maj student\u00ebt vizituan zona t\u00eb mbrojtura p\u00ebrgjat\u00eb Drinit, t\u00eb tilla si ishulli Golem Grad n\u00eb liqenin e Presp\u00ebs, Parku Komb\u00ebtar Galicica, qendra e mbrojtjes s\u00eb zogjve n\u00eb Ezerani, Parku Komb\u00ebtar i Mavrov\u00ebs dhe mali Jablanica n\u00eb Maqedoni. N\u00eb vazhdim vizituan liqenin e Shkodr\u00ebs, gryk\u00ebderdhjen e Bun\u00ebs n\u00eb Shqip\u00ebri dhe Mal t\u00eb Zi. Shkolla mbylli me sukses punimet n\u00eb Ulqin m\u00eb 15 maj 2016.<\/p>\n<p class=\"rtejustify\">Disa foto nga aktiviteti:<\/p>\n<p class=\"rtecenter\"><img decoding=\"async\" alt=\"\" src=\"\/sites\/default\/files\/fakulteti_edukimit\/adr_1.jpg\" \/><\/p>\n<p class=\"rtecenter\"><img decoding=\"async\" alt=\"\" src=\"\/sites\/default\/files\/fakulteti_edukimit\/adr_2_0.jpg\" \/><\/p>\n<p class=\"rtecenter\"><img decoding=\"async\" alt=\"\" src=\"\/sites\/default\/files\/fakulteti_edukimit\/adr_4.jpg\" \/><\/p>\n<p class=\"rtecenter\"><img decoding=\"async\" alt=\"\" src=\"\/sites\/default\/files\/fakulteti_edukimit\/adr_5.jpg\" \/><img decoding=\"async\" alt=\"\" src=\"\/sites\/default\/files\/fakulteti_edukimit\/adr_6.jpg\" \/><\/p>\n<p class=\"rtecenter\"><img decoding=\"async\" alt=\"\" src=\"\/sites\/default\/files\/fakulteti_edukimit\/adr_7.jpg\" \/><\/p>\n<hr \/>\n<p class=\"rtecenter\"><u><strong>ANALIZA VJETORE E PUN\u00cbS M\u00cbSIMORE SHKENCORE P\u00cbR VITIN AKADEMIK 2014-2015<\/strong><\/u><\/p>\n<p class=\"rtejustify\">M\u00eb dat\u00ebn 7 janar 2016 u zhvillua mbledhja e hapur e K\u00ebshillit t\u00eb Fakultetit t\u00eb Edukimit dhe Filologjis\u00eb p\u00ebr t\u00eb b\u00ebr\u00eb analiz\u00ebn e pun\u00ebs m\u00ebsimore-shkencore p\u00ebr vitin akademik 2014-2015. N\u00eb k\u00ebt\u00eb analiz\u00eb merrnin pjes\u00eb pedagog\u00ebt efektiv\u00eb t\u00eb Fakultetit, pedagog\u00eb t\u00eb ftuar, student\u00eb, p\u00ebrfaq\u00ebsues t\u00eb rektoratit t\u00eb Universitetit \u201cFan S. Noli\u201d: rektori, prof. as. dr. Gjergji Mero, kancelari, z. Ilir Sosoli dhe z\u00ebvend\u00ebsrektorja, dr. Benita Stavre. &nbsp;<\/p>\n<p class=\"rtejustify\">Dekani i Fakultetit, prof. dr. Ali Jashari, mbajti raportin vjetor. M\u00eb pas diskutuan pedagog\u00ebt Arjan Kamburi, Sokol Suparaku, Anyla Maxhe, Irena Nikaj, Hysnie Hyska, Edlira Menkshi, Orjon Ago, Adriana Mi\u00e7i, Olger Brame, Ermiona Braholli, Erinda Papa, Metin V\u00ebnxha, Benita Stavre, si dhe p\u00ebrfaq\u00ebsues t\u00eb K\u00ebshillit Studentor.<\/p>\n<p class=\"rtejustify\">Diskutimet u p\u00ebrqendruan rreth problemeve q\u00eb kan\u00eb t\u00eb b\u00ebjn\u00eb me rritjen e cil\u00ebsis\u00eb s\u00eb procesit m\u00ebsimor, aft\u00ebsimin e student\u00ebve me kompetencat e duhura, krijimin e nj\u00eb mjedisi t\u00eb ngroht\u00eb dhe frym\u00ebzues n\u00eb m\u00ebsimdh\u00ebnie duke patur n\u00eb qend\u00ebr studentin, p\u00ebrdorimin e mjeteve audiovizive, t\u00ebrheqjen e student\u00ebve n\u00eb veprimtarit\u00eb e fakultetit dhe n\u00eb vendimmarrje etj. Pjes\u00ebmarr\u00ebsit debatuan p\u00ebr problemet e m\u00ebsip\u00ebrme, duke sjell\u00eb p\u00ebrvoj\u00ebn e tyre dhe duke dh\u00ebn\u00eb propozime konkrete p\u00ebr t\u00eb ardhmen.<\/p>\n<p class=\"rtejustify\">N\u00eb fund t\u00eb analiz\u00ebs foli dhe rektori i Universitetit, z. Gjergji Mero, i cili, pasi p\u00ebrg\u00ebzoi stafin akademik dhe drejtuesit e fakultetit p\u00ebr pun\u00ebn e b\u00ebr\u00eb, shtroi disa probleme t\u00eb r\u00ebnd\u00ebsishme lidhur me mjesht\u00ebrin\u00eb e m\u00ebsimdh\u00ebnies, me efektivitetin e pun\u00ebs k\u00ebrkimore-shkencore, investimet n\u00eb infrastruktur\u00eb etj.<\/p>\n<p class=\"rtecenter\"><img decoding=\"async\" alt=\"\" src=\"\/sites\/default\/files\/fakulteti_edukimit\/20160107_120749_ok.jpg\" \/><\/p>\n<p class=\"rtecenter\"><img decoding=\"async\" alt=\"\" src=\"\/sites\/default\/files\/fakulteti_edukimit\/20160107_122705_ok.jpg\" \/><\/p>\n<p class=\"rtecenter\"><img decoding=\"async\" alt=\"\" src=\"\/sites\/default\/files\/fakulteti_edukimit\/20160107_125413_ok.jpg\" \/><\/p>\n<hr \/>\n<p><u><strong>Aktivitet me f\u00ebmij\u00ebt me rastin e festave t\u00eb fundvitit<\/strong><\/u><\/p>\n<p class=\"rtecenter\"><u><strong><img decoding=\"async\" alt=\"\" src=\"\/sites\/default\/files\/fakulteti_edukimit\/festat_e_fundvitit_me_femijet_2014.jpg\" \/><\/strong><\/u><\/p>\n<p class=\"rtecenter\"><u><strong><img decoding=\"async\" alt=\"\" src=\"\/sites\/default\/files\/fakulteti_edukimit\/festat_e_fundvitit_me_femijet_2015_2.jpg\" \/><\/strong><\/u><\/p>\n<p class=\"rtecenter\"><u><strong><img decoding=\"async\" alt=\"\" src=\"\/sites\/default\/files\/fakulteti_edukimit\/festat_e_fundvitit_me_femijet_2015.jpg\" \/><\/strong><\/u><\/p>\n<hr \/>\n<p><u><strong>Ekspedit\u00eb me student\u00eb<\/strong><\/u><\/p>\n<p class=\"rtecenter\">&nbsp;<img decoding=\"async\" alt=\"\" src=\"\/sites\/default\/files\/fakulteti_edukimit\/ekspedite_me_studentet_e_programit_histori-gjeografi_1_0.jpg\" \/><\/p>\n<p class=\"rtecenter\"><img decoding=\"async\" alt=\"\" src=\"\/sites\/default\/files\/fakulteti_edukimit\/ekspedite_me_studentet_e_programit_histori-gjeografi.j_2.jpg\" \/><\/p>\n<p class=\"rtecenter\"><img decoding=\"async\" alt=\"\" src=\"\/sites\/default\/files\/fakulteti_edukimit\/ekspedite_me_studentet_e_programit_histori-gjeografi.j_4.jpg\" \/><\/p>\n<p class=\"rtecenter\"><img decoding=\"async\" alt=\"\" src=\"\/sites\/default\/files\/fakulteti_edukimit\/ekspedita_gjuhe-letersi.jpg\" \/><\/p>\n<p class=\"rtecenter\">&nbsp;<\/p>","protected":false},"excerpt":{"rendered":"<p>DIFFERENT ACTIVITIES &nbsp; WORKSHOP EDUCATIONAL CENTER ALBANIA January 20, 2018, 11.00 -13.00&nbsp; Educational training and consultant: Lilika Couri On January 20, 2018, the Foreign Language Department in collaboration with Educational Center Albania held a training session in the Faculty of Education and Philology (Motivation &#8211; Young Adults), in which an innovative English teaching method &#8211;&#8230;<\/p>","protected":false},"author":122,"featured_media":0,"parent":0,"menu_order":0,"comment_status":"closed","ping_status":"closed","template":"","meta":{"_acf_changed":false,"footnotes":""},"class_list":["post-7982","page","type-page","status-publish","hentry"],"acf":[],"yoast_head":"<!-- This site is optimized with the Yoast SEO plugin v26.9 - https:\/\/yoast.com\/product\/yoast-seo-wordpress\/ -->\n<title>DIFFERENT ACTIVITIES IN THE FACULTY OF EDUCATION AND PHILOLOGY - Universiteti &quot;Fan S. Noli&quot;, Kor\u00e7\u00eb<\/title>\n<meta name=\"robots\" content=\"index, follow, max-snippet:-1, max-image-preview:large, max-video-preview:-1\" \/>\n<link rel=\"canonical\" href=\"https:\/\/unkorce.edu.al\/en\/different-activities-faculty-education-and-philology\/\" \/>\n<meta property=\"og:locale\" content=\"en_US\" \/>\n<meta property=\"og:type\" content=\"article\" \/>\n<meta property=\"og:title\" content=\"DIFFERENT ACTIVITIES IN THE FACULTY OF EDUCATION AND PHILOLOGY - Universiteti &quot;Fan S. Noli&quot;, Kor\u00e7\u00eb\" \/>\n<meta property=\"og:description\" content=\"DIFFERENT ACTIVITIES &nbsp; WORKSHOP EDUCATIONAL CENTER ALBANIA January 20, 2018, 11.00 -13.00&nbsp; Educational training and consultant: Lilika Couri On January 20, 2018, the Foreign Language Department in collaboration with Educational Center Albania held a training session in the Faculty of Education and Philology (Motivation &#8211; Young Adults), in which an innovative English teaching method &#8211;...\" \/>\n<meta property=\"og:url\" content=\"https:\/\/unkorce.edu.al\/en\/different-activities-faculty-education-and-philology\/\" \/>\n<meta property=\"og:site_name\" content=\"Universiteti &quot;Fan S. Noli&quot;, Kor\u00e7\u00eb\" \/>\n<meta property=\"article:publisher\" content=\"https:\/\/www.facebook.com\/unkorce\" \/>\n<meta property=\"og:image\" content=\"http:\/\/172.16.0.2\/sites\/default\/files\/Image.jpg\" \/>\n<meta name=\"twitter:card\" content=\"summary_large_image\" \/>\n<meta name=\"twitter:label1\" content=\"Est. reading time\" \/>\n\t<meta name=\"twitter:data1\" content=\"10 minutes\" \/>\n<script type=\"application\/ld+json\" class=\"yoast-schema-graph\">{\"@context\":\"https:\/\/schema.org\",\"@graph\":[{\"@type\":\"WebPage\",\"@id\":\"https:\/\/unkorce.edu.al\/different-activities-faculty-education-and-philology\/\",\"url\":\"https:\/\/unkorce.edu.al\/different-activities-faculty-education-and-philology\/\",\"name\":\"DIFFERENT ACTIVITIES IN THE FACULTY OF EDUCATION AND PHILOLOGY - Universiteti \\\"Fan S. Noli\\\", Kor\u00e7\u00eb\",\"isPartOf\":{\"@id\":\"https:\/\/unkorce.edu.al\/#website\"},\"primaryImageOfPage\":{\"@id\":\"https:\/\/unkorce.edu.al\/different-activities-faculty-education-and-philology\/#primaryimage\"},\"image\":{\"@id\":\"https:\/\/unkorce.edu.al\/different-activities-faculty-education-and-philology\/#primaryimage\"},\"thumbnailUrl\":\"http:\/\/172.16.0.2\/sites\/default\/files\/Image.jpg\",\"datePublished\":\"2016-07-27T09:05:42+00:00\",\"breadcrumb\":{\"@id\":\"https:\/\/unkorce.edu.al\/different-activities-faculty-education-and-philology\/#breadcrumb\"},\"inLanguage\":\"en-US\",\"potentialAction\":[{\"@type\":\"ReadAction\",\"target\":[\"https:\/\/unkorce.edu.al\/different-activities-faculty-education-and-philology\/\"]}]},{\"@type\":\"ImageObject\",\"inLanguage\":\"en-US\",\"@id\":\"https:\/\/unkorce.edu.al\/different-activities-faculty-education-and-philology\/#primaryimage\",\"url\":\"http:\/\/172.16.0.2\/sites\/default\/files\/Image.jpg\",\"contentUrl\":\"http:\/\/172.16.0.2\/sites\/default\/files\/Image.jpg\"},{\"@type\":\"BreadcrumbList\",\"@id\":\"https:\/\/unkorce.edu.al\/different-activities-faculty-education-and-philology\/#breadcrumb\",\"itemListElement\":[{\"@type\":\"ListItem\",\"position\":1,\"name\":\"Home\",\"item\":\"https:\/\/unkorce.edu.al\/\"},{\"@type\":\"ListItem\",\"position\":2,\"name\":\"DIFFERENT ACTIVITIES IN THE FACULTY OF EDUCATION AND PHILOLOGY\"}]},{\"@type\":\"WebSite\",\"@id\":\"https:\/\/unkorce.edu.al\/#website\",\"url\":\"https:\/\/unkorce.edu.al\/\",\"name\":\"Universiteti \\\"Fan S. Noli\\\", Kor\u00e7\u00eb\",\"description\":\"Mir&euml;sevini n&euml; faqen zyrtare!\",\"publisher\":{\"@id\":\"https:\/\/unkorce.edu.al\/#organization\"},\"potentialAction\":[{\"@type\":\"SearchAction\",\"target\":{\"@type\":\"EntryPoint\",\"urlTemplate\":\"https:\/\/unkorce.edu.al\/?s={search_term_string}\"},\"query-input\":{\"@type\":\"PropertyValueSpecification\",\"valueRequired\":true,\"valueName\":\"search_term_string\"}}],\"inLanguage\":\"en-US\"},{\"@type\":\"Organization\",\"@id\":\"https:\/\/unkorce.edu.al\/#organization\",\"name\":\"Universiteti \\\"Fan S. Noli\\\", Kor\u00e7\u00eb\",\"url\":\"https:\/\/unkorce.edu.al\/\",\"logo\":{\"@type\":\"ImageObject\",\"inLanguage\":\"en-US\",\"@id\":\"https:\/\/unkorce.edu.al\/#\/schema\/logo\/image\/\",\"url\":\"https:\/\/unkorce.edu.al\/wp-content\/uploads\/2024\/08\/Logo_e_Universitetit__Fan_Noli_-e1726660879862.png\",\"contentUrl\":\"https:\/\/unkorce.edu.al\/wp-content\/uploads\/2024\/08\/Logo_e_Universitetit__Fan_Noli_-e1726660879862.png\",\"width\":200,\"height\":120,\"caption\":\"Universiteti \\\"Fan S. Noli\\\", Kor\u00e7\u00eb\"},\"image\":{\"@id\":\"https:\/\/unkorce.edu.al\/#\/schema\/logo\/image\/\"},\"sameAs\":[\"https:\/\/www.facebook.com\/unkorce\"]}]}<\/script>\n<!-- \/ Yoast SEO plugin. -->","yoast_head_json":{"title":"DIFFERENT ACTIVITIES IN THE FACULTY OF EDUCATION AND PHILOLOGY - Universiteti \"Fan S. Noli\", Kor\u00e7\u00eb","robots":{"index":"index","follow":"follow","max-snippet":"max-snippet:-1","max-image-preview":"max-image-preview:large","max-video-preview":"max-video-preview:-1"},"canonical":"https:\/\/unkorce.edu.al\/en\/different-activities-faculty-education-and-philology\/","og_locale":"en_US","og_type":"article","og_title":"DIFFERENT ACTIVITIES IN THE FACULTY OF EDUCATION AND PHILOLOGY - Universiteti \"Fan S. Noli\", Kor\u00e7\u00eb","og_description":"DIFFERENT ACTIVITIES &nbsp; WORKSHOP EDUCATIONAL CENTER ALBANIA January 20, 2018, 11.00 -13.00&nbsp; Educational training and consultant: Lilika Couri On January 20, 2018, the Foreign Language Department in collaboration with Educational Center Albania held a training session in the Faculty of Education and Philology (Motivation &#8211; Young Adults), in which an innovative English teaching method &#8211;...","og_url":"https:\/\/unkorce.edu.al\/en\/different-activities-faculty-education-and-philology\/","og_site_name":"Universiteti \"Fan S. Noli\", Kor\u00e7\u00eb","article_publisher":"https:\/\/www.facebook.com\/unkorce","og_image":[{"url":"http:\/\/172.16.0.2\/sites\/default\/files\/Image.jpg","type":"","width":"","height":""}],"twitter_card":"summary_large_image","twitter_misc":{"Est. reading time":"10 minutes"},"schema":{"@context":"https:\/\/schema.org","@graph":[{"@type":"WebPage","@id":"https:\/\/unkorce.edu.al\/different-activities-faculty-education-and-philology\/","url":"https:\/\/unkorce.edu.al\/different-activities-faculty-education-and-philology\/","name":"DIFFERENT ACTIVITIES IN THE FACULTY OF EDUCATION AND PHILOLOGY - Universiteti \"Fan S. Noli\", Kor\u00e7\u00eb","isPartOf":{"@id":"https:\/\/unkorce.edu.al\/#website"},"primaryImageOfPage":{"@id":"https:\/\/unkorce.edu.al\/different-activities-faculty-education-and-philology\/#primaryimage"},"image":{"@id":"https:\/\/unkorce.edu.al\/different-activities-faculty-education-and-philology\/#primaryimage"},"thumbnailUrl":"http:\/\/172.16.0.2\/sites\/default\/files\/Image.jpg","datePublished":"2016-07-27T09:05:42+00:00","breadcrumb":{"@id":"https:\/\/unkorce.edu.al\/different-activities-faculty-education-and-philology\/#breadcrumb"},"inLanguage":"en-US","potentialAction":[{"@type":"ReadAction","target":["https:\/\/unkorce.edu.al\/different-activities-faculty-education-and-philology\/"]}]},{"@type":"ImageObject","inLanguage":"en-US","@id":"https:\/\/unkorce.edu.al\/different-activities-faculty-education-and-philology\/#primaryimage","url":"http:\/\/172.16.0.2\/sites\/default\/files\/Image.jpg","contentUrl":"http:\/\/172.16.0.2\/sites\/default\/files\/Image.jpg"},{"@type":"BreadcrumbList","@id":"https:\/\/unkorce.edu.al\/different-activities-faculty-education-and-philology\/#breadcrumb","itemListElement":[{"@type":"ListItem","position":1,"name":"Home","item":"https:\/\/unkorce.edu.al\/"},{"@type":"ListItem","position":2,"name":"DIFFERENT ACTIVITIES IN THE FACULTY OF EDUCATION AND PHILOLOGY"}]},{"@type":"WebSite","@id":"https:\/\/unkorce.edu.al\/#website","url":"https:\/\/unkorce.edu.al\/","name":"Universiteti \"Fan S. Noli\", Kor\u00e7\u00eb","description":"Mir&euml;sevini n&euml; faqen zyrtare!","publisher":{"@id":"https:\/\/unkorce.edu.al\/#organization"},"potentialAction":[{"@type":"SearchAction","target":{"@type":"EntryPoint","urlTemplate":"https:\/\/unkorce.edu.al\/?s={search_term_string}"},"query-input":{"@type":"PropertyValueSpecification","valueRequired":true,"valueName":"search_term_string"}}],"inLanguage":"en-US"},{"@type":"Organization","@id":"https:\/\/unkorce.edu.al\/#organization","name":"Universiteti \"Fan S. Noli\", Kor\u00e7\u00eb","url":"https:\/\/unkorce.edu.al\/","logo":{"@type":"ImageObject","inLanguage":"en-US","@id":"https:\/\/unkorce.edu.al\/#\/schema\/logo\/image\/","url":"https:\/\/unkorce.edu.al\/wp-content\/uploads\/2024\/08\/Logo_e_Universitetit__Fan_Noli_-e1726660879862.png","contentUrl":"https:\/\/unkorce.edu.al\/wp-content\/uploads\/2024\/08\/Logo_e_Universitetit__Fan_Noli_-e1726660879862.png","width":200,"height":120,"caption":"Universiteti \"Fan S. Noli\", Kor\u00e7\u00eb"},"image":{"@id":"https:\/\/unkorce.edu.al\/#\/schema\/logo\/image\/"},"sameAs":["https:\/\/www.facebook.com\/unkorce"]}]}},"_links":{"self":[{"href":"https:\/\/unkorce.edu.al\/en\/wp-json\/wp\/v2\/pages\/7982","targetHints":{"allow":["GET"]}}],"collection":[{"href":"https:\/\/unkorce.edu.al\/en\/wp-json\/wp\/v2\/pages"}],"about":[{"href":"https:\/\/unkorce.edu.al\/en\/wp-json\/wp\/v2\/types\/page"}],"author":[{"embeddable":true,"href":"https:\/\/unkorce.edu.al\/en\/wp-json\/wp\/v2\/users\/122"}],"replies":[{"embeddable":true,"href":"https:\/\/unkorce.edu.al\/en\/wp-json\/wp\/v2\/comments?post=7982"}],"version-history":[{"count":0,"href":"https:\/\/unkorce.edu.al\/en\/wp-json\/wp\/v2\/pages\/7982\/revisions"}],"wp:attachment":[{"href":"https:\/\/unkorce.edu.al\/en\/wp-json\/wp\/v2\/media?parent=7982"}],"curies":[{"name":"wp","href":"https:\/\/api.w.org\/{rel}","templated":true}]}}