{"id":7906,"date":"2016-07-27T08:38:24","date_gmt":"2016-07-27T08:38:24","guid":{"rendered":"\/ligji-i-arsimit-te-larte\/"},"modified":"2016-07-27T08:38:24","modified_gmt":"2016-07-27T08:38:24","slug":"ligji-i-arsimit-te-larte","status":"publish","type":"page","link":"https:\/\/unkorce.edu.al\/en\/ligji-i-arsimit-te-larte\/","title":{"rendered":"Ligji i Arsimit t\u00eb Lart\u00eb"},"content":{"rendered":"<p><strong><span style=\"color:#B22222\">MISIONI I ARSIMIT T&Euml; LART&Euml;<\/span><span style=\"color:#FF0000\">&nbsp;&nbsp;<\/span>&nbsp;&nbsp;&nbsp;&nbsp;&nbsp;&nbsp;&nbsp;&nbsp;&nbsp;&nbsp;&nbsp;&nbsp;&nbsp;&nbsp;&nbsp;&nbsp;&nbsp;&nbsp;&nbsp;&nbsp;&nbsp;&nbsp;&nbsp;&nbsp;&nbsp;&nbsp;&nbsp;&nbsp;&nbsp;&nbsp;&nbsp;&nbsp;&nbsp;&nbsp;&nbsp;&nbsp;&nbsp;&nbsp;&nbsp;&nbsp;&nbsp;&nbsp;&nbsp;&nbsp;&nbsp;&nbsp;&nbsp;&nbsp;&nbsp;&nbsp;&nbsp;&nbsp;&nbsp;&nbsp;&nbsp;&nbsp;&nbsp;&nbsp;&nbsp;&nbsp;&nbsp;&nbsp;&nbsp;&nbsp;&nbsp;&nbsp;&nbsp;&nbsp;&nbsp;&nbsp;&nbsp;&nbsp;&nbsp;&nbsp;&nbsp;&nbsp;&nbsp;&nbsp;&nbsp;&nbsp;&nbsp;&nbsp;&nbsp;&nbsp;&nbsp;&nbsp;&nbsp;&nbsp;&nbsp;&nbsp;&nbsp;&nbsp;&nbsp;&nbsp;&nbsp;&nbsp;&nbsp;&nbsp;&nbsp;&nbsp;&nbsp;&nbsp;&nbsp;&nbsp;&nbsp;&nbsp;&nbsp;&nbsp;&nbsp;&nbsp;&nbsp;&nbsp;&nbsp;&nbsp;&nbsp;&nbsp;&nbsp;&nbsp;&nbsp;&nbsp;&nbsp;&nbsp;&nbsp;&nbsp;&nbsp;&nbsp;&nbsp;&nbsp;&nbsp;&nbsp;&nbsp;&nbsp;&nbsp;&nbsp;&nbsp;&nbsp;&nbsp;&nbsp;&nbsp;&nbsp;&nbsp;&nbsp;&nbsp;&nbsp;&nbsp;&nbsp;&nbsp;&nbsp;&nbsp;&nbsp;&nbsp;&nbsp; <\/strong><\/p>\n<p class=\"rtejustify\">Arsimi i lart&euml; &euml;sht&euml; e mir&euml; dhe p&euml;rgjegj&euml;si publike dhe ka p&euml;r mision:<\/p>\n<p class=\"rtejustify\">a) t&euml; krijoj&euml;, t&euml; zhvilloj&euml;, t&euml; p&euml;rcjell&euml; dhe t&euml; mbroj&euml; dijet p&euml;rmes m&euml;simdh&euml;nies, k&euml;rkimit shkencor, si dhe t&euml; nxis&euml; e t&euml; zhvilloj&euml; artet, edukimin fizik dhe sportet;<\/p>\n<p class=\"rtejustify\">b) t&euml; formoj&euml; specialist&euml; t&euml; lart&euml; dhe t&euml; p&euml;rgatis&euml; shkenc&euml;tar&euml; t&euml; rinj, n&euml; p&euml;rputhje me prioritetet e zhvillimit t&euml; vendit, duke kontribuar n&euml; rritjen e standardeve t&euml; demokracis&euml; n&euml; vend;<\/p>\n<p class=\"rtejustify\">c) t&euml; ofroj&euml; mund&euml;si t&euml; barabarta p&euml;r t&euml; p&euml;rfituar nga arsimi i lart&euml; dhe t&euml; m&euml;suarit gjat&euml; t&euml; gjith&euml; jet&euml;s;<\/p>\n<p class=\"rtejustify\">&ccedil;) t&euml; kontribuoj&euml; n&euml; zhvillimin ekonomik, social dhe kulturor n&euml; nivel komb&euml;tar dhe rajonal, si dhe n&euml; forcimin e siguris&euml; publike dhe komb&euml;tare;<\/p>\n<p class=\"rtejustify\">d) t&euml; mb&euml;shtes&euml; prioritetet strategjike dhe interesat e zhvillimit t&euml; vendit;<\/p>\n<p class=\"rtejustify\">dh) t&euml; integroj&euml; m&euml;simdh&euml;nien me k&euml;rkimin shkencor;<\/p>\n<p class=\"rtejustify\">e) t&euml; nxis&euml; bashk&euml;punimin nd&euml;rkomb&euml;tar n&euml; fush&euml;n e arsimit t&euml; lart&euml;.<\/p>\n<p>&nbsp;<\/p>\n<p><strong>Neni 71<\/strong><\/p>\n<p><strong><span style=\"color:#B22222\">Programet e studimit n&euml; institucionet e arsimit t&euml; lart&euml;<\/span> <\/strong><\/p>\n<p>1. Institucionet e arsimit t&euml; lart&euml; ofrojn&euml; programe studimi n&euml; cikle t&euml; ndryshme n&euml; var&euml;si t&euml; llojit t&euml; institucionit, si dhe programe me karakter profesional t&euml; lart&euml; dhe programe t&euml; formimit t&euml; vazhduar n&euml; fushat ku ato plot&euml;sojn&euml; kriteret dhe p&euml;rmbushin standardet shtet&euml;rore.<\/p>\n<p>2. Elementet, q&euml; duhet t&euml; p&euml;rmbajn&euml; programet e studimit, t&euml; ofruara nga institucionet e arsimit t&euml; lart&euml;, p&euml;rcaktohen me vendim t&euml; K&euml;shillit t&euml; Ministrave.<\/p>\n<p>3. Institucionet e arsimit t&euml; lart&euml; p&euml;rcaktojn&euml; n&euml; statut dhe rregullore elemente t&euml; holl&euml;sishme p&euml;r programet e studimeve q&euml; ato ofrojn&euml;.<\/p>\n<p>&nbsp;<\/p>\n<p class=\"rtejustify\"><span style=\"color:#B22222\"><strong>LIGJ Nr. 80\/2015 dt 22\/07\/2015<\/strong><\/span><\/p>\n<\/p>\n<p class=\"rtejustify\">P&Euml;R ARSIMIN E LART&Euml; DHE K&Euml;RKIMIN SHKENCOR N&Euml; INSTITUCIONET E ARSIMIT T&Euml; LART&Euml; N&Euml; REPUBLIK&Euml;N E SHQIP&Euml;RIS&Euml;&#8230;&#8230;<a href=\"\/en\/sites\/default\/files\/transparenca\/ligj_80_2015_22_07_2015.pdf\/\" target=\"_blank\" rel=\"noopener\"><img decoding=\"async\" alt=\"\" src=\"\/sites\/default\/files\/image_download\/adobe.gif\" style=\"height:12px; margin:1px; width:17px\" \/>kliko<\/a><\/p>","protected":false},"excerpt":{"rendered":"<p>MISIONI I ARSIMIT T&Euml; LART&Euml;&nbsp;&nbsp;&nbsp;&nbsp;&nbsp;&nbsp;&nbsp;&nbsp;&nbsp;&nbsp;&nbsp;&nbsp;&nbsp;&nbsp;&nbsp;&nbsp;&nbsp;&nbsp;&nbsp;&nbsp;&nbsp;&nbsp;&nbsp;&nbsp;&nbsp;&nbsp;&nbsp;&nbsp;&nbsp;&nbsp;&nbsp;&nbsp;&nbsp;&nbsp;&nbsp;&nbsp;&nbsp;&nbsp;&nbsp;&nbsp;&nbsp;&nbsp;&nbsp;&nbsp;&nbsp;&nbsp;&nbsp;&nbsp;&nbsp;&nbsp;&nbsp;&nbsp;&nbsp;&nbsp;&nbsp;&nbsp;&nbsp;&nbsp;&nbsp;&nbsp;&nbsp;&nbsp;&nbsp;&nbsp;&nbsp;&nbsp;&nbsp;&nbsp;&nbsp;&nbsp;&nbsp;&nbsp;&nbsp;&nbsp;&nbsp;&nbsp;&nbsp;&nbsp;&nbsp;&nbsp;&nbsp;&nbsp;&nbsp;&nbsp;&nbsp;&nbsp;&nbsp;&nbsp;&nbsp;&nbsp;&nbsp;&nbsp;&nbsp;&nbsp;&nbsp;&nbsp;&nbsp;&nbsp;&nbsp;&nbsp;&nbsp;&nbsp;&nbsp;&nbsp;&nbsp;&nbsp;&nbsp;&nbsp;&nbsp;&nbsp;&nbsp;&nbsp;&nbsp;&nbsp;&nbsp;&nbsp;&nbsp;&nbsp;&nbsp;&nbsp;&nbsp;&nbsp;&nbsp;&nbsp;&nbsp;&nbsp;&nbsp;&nbsp;&nbsp;&nbsp;&nbsp;&nbsp;&nbsp;&nbsp;&nbsp;&nbsp;&nbsp;&nbsp;&nbsp;&nbsp;&nbsp;&nbsp;&nbsp;&nbsp;&nbsp;&nbsp;&nbsp;&nbsp;&nbsp;&nbsp;&nbsp;&nbsp;&nbsp;&nbsp; Arsimi i lart&euml; &euml;sht&euml; e mir&euml; dhe p&euml;rgjegj&euml;si publike dhe ka p&euml;r mision: a) t&euml; krijoj&euml;, t&euml; zhvilloj&euml;, t&euml; p&euml;rcjell&euml; dhe t&euml; mbroj&euml; dijet p&euml;rmes m&euml;simdh&euml;nies, k&euml;rkimit shkencor, si dhe t&euml; nxis&euml; e t&euml; zhvilloj&euml; artet, edukimin fizik dhe sportet; b) t&euml; formoj&euml; specialist&euml; t&euml; lart&euml; dhe t&euml; p&euml;rgatis&euml; shkenc&euml;tar&euml;&#8230;<\/p>","protected":false},"author":122,"featured_media":0,"parent":0,"menu_order":0,"comment_status":"closed","ping_status":"closed","template":"","meta":{"_acf_changed":false,"footnotes":""},"class_list":["post-7906","page","type-page","status-publish","hentry"],"acf":[],"yoast_head":"<!-- This site is optimized with the Yoast SEO plugin v26.9 - https:\/\/yoast.com\/product\/yoast-seo-wordpress\/ -->\n<title>Ligji i Arsimit t\u00eb Lart\u00eb - Universiteti &quot;Fan S. Noli&quot;, Kor\u00e7\u00eb<\/title>\n<meta name=\"robots\" content=\"index, follow, max-snippet:-1, max-image-preview:large, max-video-preview:-1\" \/>\n<link rel=\"canonical\" href=\"https:\/\/unkorce.edu.al\/en\/ligji-i-arsimit-te-larte\/\" \/>\n<meta property=\"og:locale\" content=\"en_US\" \/>\n<meta property=\"og:type\" content=\"article\" \/>\n<meta property=\"og:title\" content=\"Ligji i Arsimit t\u00eb Lart\u00eb - Universiteti &quot;Fan S. Noli&quot;, Kor\u00e7\u00eb\" \/>\n<meta property=\"og:description\" content=\"MISIONI I ARSIMIT T&Euml; LART&Euml;&nbsp;&nbsp;&nbsp;&nbsp;&nbsp;&nbsp;&nbsp;&nbsp;&nbsp;&nbsp;&nbsp;&nbsp;&nbsp;&nbsp;&nbsp;&nbsp;&nbsp;&nbsp;&nbsp;&nbsp;&nbsp;&nbsp;&nbsp;&nbsp;&nbsp;&nbsp;&nbsp;&nbsp;&nbsp;&nbsp;&nbsp;&nbsp;&nbsp;&nbsp;&nbsp;&nbsp;&nbsp;&nbsp;&nbsp;&nbsp;&nbsp;&nbsp;&nbsp;&nbsp;&nbsp;&nbsp;&nbsp;&nbsp;&nbsp;&nbsp;&nbsp;&nbsp;&nbsp;&nbsp;&nbsp;&nbsp;&nbsp;&nbsp;&nbsp;&nbsp;&nbsp;&nbsp;&nbsp;&nbsp;&nbsp;&nbsp;&nbsp;&nbsp;&nbsp;&nbsp;&nbsp;&nbsp;&nbsp;&nbsp;&nbsp;&nbsp;&nbsp;&nbsp;&nbsp;&nbsp;&nbsp;&nbsp;&nbsp;&nbsp;&nbsp;&nbsp;&nbsp;&nbsp;&nbsp;&nbsp;&nbsp;&nbsp;&nbsp;&nbsp;&nbsp;&nbsp;&nbsp;&nbsp;&nbsp;&nbsp;&nbsp;&nbsp;&nbsp;&nbsp;&nbsp;&nbsp;&nbsp;&nbsp;&nbsp;&nbsp;&nbsp;&nbsp;&nbsp;&nbsp;&nbsp;&nbsp;&nbsp;&nbsp;&nbsp;&nbsp;&nbsp;&nbsp;&nbsp;&nbsp;&nbsp;&nbsp;&nbsp;&nbsp;&nbsp;&nbsp;&nbsp;&nbsp;&nbsp;&nbsp;&nbsp;&nbsp;&nbsp;&nbsp;&nbsp;&nbsp;&nbsp;&nbsp;&nbsp;&nbsp;&nbsp;&nbsp;&nbsp;&nbsp;&nbsp;&nbsp;&nbsp;&nbsp;&nbsp;&nbsp; Arsimi i lart&euml; &euml;sht&euml; e mir&euml; dhe p&euml;rgjegj&euml;si publike dhe ka p&euml;r mision: a) t&euml; krijoj&euml;, t&euml; zhvilloj&euml;, t&euml; p&euml;rcjell&euml; dhe t&euml; mbroj&euml; dijet p&euml;rmes m&euml;simdh&euml;nies, k&euml;rkimit shkencor, si dhe t&euml; nxis&euml; e t&euml; zhvilloj&euml; artet, edukimin fizik dhe sportet; b) t&euml; formoj&euml; specialist&euml; t&euml; lart&euml; dhe t&euml; p&euml;rgatis&euml; shkenc&euml;tar&euml;...\" \/>\n<meta property=\"og:url\" content=\"https:\/\/unkorce.edu.al\/en\/ligji-i-arsimit-te-larte\/\" \/>\n<meta property=\"og:site_name\" content=\"Universiteti &quot;Fan S. Noli&quot;, Kor\u00e7\u00eb\" \/>\n<meta property=\"article:publisher\" content=\"https:\/\/www.facebook.com\/unkorce\" \/>\n<meta name=\"twitter:card\" content=\"summary_large_image\" \/>\n<meta name=\"twitter:label1\" content=\"Est. reading time\" \/>\n\t<meta name=\"twitter:data1\" content=\"3 minutes\" \/>\n<script type=\"application\/ld+json\" class=\"yoast-schema-graph\">{\"@context\":\"https:\/\/schema.org\",\"@graph\":[{\"@type\":\"WebPage\",\"@id\":\"https:\/\/unkorce.edu.al\/ligji-i-arsimit-te-larte\/\",\"url\":\"https:\/\/unkorce.edu.al\/ligji-i-arsimit-te-larte\/\",\"name\":\"Ligji i Arsimit t\u00eb Lart\u00eb - Universiteti \\\"Fan S. Noli\\\", Kor\u00e7\u00eb\",\"isPartOf\":{\"@id\":\"https:\/\/unkorce.edu.al\/#website\"},\"datePublished\":\"2016-07-27T08:38:24+00:00\",\"breadcrumb\":{\"@id\":\"https:\/\/unkorce.edu.al\/ligji-i-arsimit-te-larte\/#breadcrumb\"},\"inLanguage\":\"en-US\",\"potentialAction\":[{\"@type\":\"ReadAction\",\"target\":[\"https:\/\/unkorce.edu.al\/ligji-i-arsimit-te-larte\/\"]}]},{\"@type\":\"BreadcrumbList\",\"@id\":\"https:\/\/unkorce.edu.al\/ligji-i-arsimit-te-larte\/#breadcrumb\",\"itemListElement\":[{\"@type\":\"ListItem\",\"position\":1,\"name\":\"Home\",\"item\":\"https:\/\/unkorce.edu.al\/\"},{\"@type\":\"ListItem\",\"position\":2,\"name\":\"Ligji i Arsimit t\u00eb Lart\u00eb\"}]},{\"@type\":\"WebSite\",\"@id\":\"https:\/\/unkorce.edu.al\/#website\",\"url\":\"https:\/\/unkorce.edu.al\/\",\"name\":\"Universiteti \\\"Fan S. Noli\\\", Kor\u00e7\u00eb\",\"description\":\"Mir&euml;sevini n&euml; faqen zyrtare!\",\"publisher\":{\"@id\":\"https:\/\/unkorce.edu.al\/#organization\"},\"potentialAction\":[{\"@type\":\"SearchAction\",\"target\":{\"@type\":\"EntryPoint\",\"urlTemplate\":\"https:\/\/unkorce.edu.al\/?s={search_term_string}\"},\"query-input\":{\"@type\":\"PropertyValueSpecification\",\"valueRequired\":true,\"valueName\":\"search_term_string\"}}],\"inLanguage\":\"en-US\"},{\"@type\":\"Organization\",\"@id\":\"https:\/\/unkorce.edu.al\/#organization\",\"name\":\"Universiteti \\\"Fan S. Noli\\\", Kor\u00e7\u00eb\",\"url\":\"https:\/\/unkorce.edu.al\/\",\"logo\":{\"@type\":\"ImageObject\",\"inLanguage\":\"en-US\",\"@id\":\"https:\/\/unkorce.edu.al\/#\/schema\/logo\/image\/\",\"url\":\"https:\/\/unkorce.edu.al\/wp-content\/uploads\/2024\/08\/Logo_e_Universitetit__Fan_Noli_-e1726660879862.png\",\"contentUrl\":\"https:\/\/unkorce.edu.al\/wp-content\/uploads\/2024\/08\/Logo_e_Universitetit__Fan_Noli_-e1726660879862.png\",\"width\":200,\"height\":120,\"caption\":\"Universiteti \\\"Fan S. Noli\\\", Kor\u00e7\u00eb\"},\"image\":{\"@id\":\"https:\/\/unkorce.edu.al\/#\/schema\/logo\/image\/\"},\"sameAs\":[\"https:\/\/www.facebook.com\/unkorce\"]}]}<\/script>\n<!-- \/ Yoast SEO plugin. -->","yoast_head_json":{"title":"Ligji i Arsimit t\u00eb Lart\u00eb - Universiteti \"Fan S. Noli\", Kor\u00e7\u00eb","robots":{"index":"index","follow":"follow","max-snippet":"max-snippet:-1","max-image-preview":"max-image-preview:large","max-video-preview":"max-video-preview:-1"},"canonical":"https:\/\/unkorce.edu.al\/en\/ligji-i-arsimit-te-larte\/","og_locale":"en_US","og_type":"article","og_title":"Ligji i Arsimit t\u00eb Lart\u00eb - Universiteti \"Fan S. Noli\", Kor\u00e7\u00eb","og_description":"MISIONI I ARSIMIT T&Euml; LART&Euml;&nbsp;&nbsp;&nbsp;&nbsp;&nbsp;&nbsp;&nbsp;&nbsp;&nbsp;&nbsp;&nbsp;&nbsp;&nbsp;&nbsp;&nbsp;&nbsp;&nbsp;&nbsp;&nbsp;&nbsp;&nbsp;&nbsp;&nbsp;&nbsp;&nbsp;&nbsp;&nbsp;&nbsp;&nbsp;&nbsp;&nbsp;&nbsp;&nbsp;&nbsp;&nbsp;&nbsp;&nbsp;&nbsp;&nbsp;&nbsp;&nbsp;&nbsp;&nbsp;&nbsp;&nbsp;&nbsp;&nbsp;&nbsp;&nbsp;&nbsp;&nbsp;&nbsp;&nbsp;&nbsp;&nbsp;&nbsp;&nbsp;&nbsp;&nbsp;&nbsp;&nbsp;&nbsp;&nbsp;&nbsp;&nbsp;&nbsp;&nbsp;&nbsp;&nbsp;&nbsp;&nbsp;&nbsp;&nbsp;&nbsp;&nbsp;&nbsp;&nbsp;&nbsp;&nbsp;&nbsp;&nbsp;&nbsp;&nbsp;&nbsp;&nbsp;&nbsp;&nbsp;&nbsp;&nbsp;&nbsp;&nbsp;&nbsp;&nbsp;&nbsp;&nbsp;&nbsp;&nbsp;&nbsp;&nbsp;&nbsp;&nbsp;&nbsp;&nbsp;&nbsp;&nbsp;&nbsp;&nbsp;&nbsp;&nbsp;&nbsp;&nbsp;&nbsp;&nbsp;&nbsp;&nbsp;&nbsp;&nbsp;&nbsp;&nbsp;&nbsp;&nbsp;&nbsp;&nbsp;&nbsp;&nbsp;&nbsp;&nbsp;&nbsp;&nbsp;&nbsp;&nbsp;&nbsp;&nbsp;&nbsp;&nbsp;&nbsp;&nbsp;&nbsp;&nbsp;&nbsp;&nbsp;&nbsp;&nbsp;&nbsp;&nbsp;&nbsp;&nbsp;&nbsp;&nbsp;&nbsp;&nbsp;&nbsp;&nbsp;&nbsp; Arsimi i lart&euml; &euml;sht&euml; e mir&euml; dhe p&euml;rgjegj&euml;si publike dhe ka p&euml;r mision: a) t&euml; krijoj&euml;, t&euml; zhvilloj&euml;, t&euml; p&euml;rcjell&euml; dhe t&euml; mbroj&euml; dijet p&euml;rmes m&euml;simdh&euml;nies, k&euml;rkimit shkencor, si dhe t&euml; nxis&euml; e t&euml; zhvilloj&euml; artet, edukimin fizik dhe sportet; b) t&euml; formoj&euml; specialist&euml; t&euml; lart&euml; dhe t&euml; p&euml;rgatis&euml; shkenc&euml;tar&euml;...","og_url":"https:\/\/unkorce.edu.al\/en\/ligji-i-arsimit-te-larte\/","og_site_name":"Universiteti \"Fan S. Noli\", Kor\u00e7\u00eb","article_publisher":"https:\/\/www.facebook.com\/unkorce","twitter_card":"summary_large_image","twitter_misc":{"Est. reading time":"3 minutes"},"schema":{"@context":"https:\/\/schema.org","@graph":[{"@type":"WebPage","@id":"https:\/\/unkorce.edu.al\/ligji-i-arsimit-te-larte\/","url":"https:\/\/unkorce.edu.al\/ligji-i-arsimit-te-larte\/","name":"Ligji i Arsimit t\u00eb Lart\u00eb - Universiteti \"Fan S. Noli\", Kor\u00e7\u00eb","isPartOf":{"@id":"https:\/\/unkorce.edu.al\/#website"},"datePublished":"2016-07-27T08:38:24+00:00","breadcrumb":{"@id":"https:\/\/unkorce.edu.al\/ligji-i-arsimit-te-larte\/#breadcrumb"},"inLanguage":"en-US","potentialAction":[{"@type":"ReadAction","target":["https:\/\/unkorce.edu.al\/ligji-i-arsimit-te-larte\/"]}]},{"@type":"BreadcrumbList","@id":"https:\/\/unkorce.edu.al\/ligji-i-arsimit-te-larte\/#breadcrumb","itemListElement":[{"@type":"ListItem","position":1,"name":"Home","item":"https:\/\/unkorce.edu.al\/"},{"@type":"ListItem","position":2,"name":"Ligji i Arsimit t\u00eb Lart\u00eb"}]},{"@type":"WebSite","@id":"https:\/\/unkorce.edu.al\/#website","url":"https:\/\/unkorce.edu.al\/","name":"Universiteti \"Fan S. Noli\", Kor\u00e7\u00eb","description":"Mir&euml;sevini n&euml; faqen zyrtare!","publisher":{"@id":"https:\/\/unkorce.edu.al\/#organization"},"potentialAction":[{"@type":"SearchAction","target":{"@type":"EntryPoint","urlTemplate":"https:\/\/unkorce.edu.al\/?s={search_term_string}"},"query-input":{"@type":"PropertyValueSpecification","valueRequired":true,"valueName":"search_term_string"}}],"inLanguage":"en-US"},{"@type":"Organization","@id":"https:\/\/unkorce.edu.al\/#organization","name":"Universiteti \"Fan S. Noli\", Kor\u00e7\u00eb","url":"https:\/\/unkorce.edu.al\/","logo":{"@type":"ImageObject","inLanguage":"en-US","@id":"https:\/\/unkorce.edu.al\/#\/schema\/logo\/image\/","url":"https:\/\/unkorce.edu.al\/wp-content\/uploads\/2024\/08\/Logo_e_Universitetit__Fan_Noli_-e1726660879862.png","contentUrl":"https:\/\/unkorce.edu.al\/wp-content\/uploads\/2024\/08\/Logo_e_Universitetit__Fan_Noli_-e1726660879862.png","width":200,"height":120,"caption":"Universiteti \"Fan S. Noli\", Kor\u00e7\u00eb"},"image":{"@id":"https:\/\/unkorce.edu.al\/#\/schema\/logo\/image\/"},"sameAs":["https:\/\/www.facebook.com\/unkorce"]}]}},"_links":{"self":[{"href":"https:\/\/unkorce.edu.al\/en\/wp-json\/wp\/v2\/pages\/7906","targetHints":{"allow":["GET"]}}],"collection":[{"href":"https:\/\/unkorce.edu.al\/en\/wp-json\/wp\/v2\/pages"}],"about":[{"href":"https:\/\/unkorce.edu.al\/en\/wp-json\/wp\/v2\/types\/page"}],"author":[{"embeddable":true,"href":"https:\/\/unkorce.edu.al\/en\/wp-json\/wp\/v2\/users\/122"}],"replies":[{"embeddable":true,"href":"https:\/\/unkorce.edu.al\/en\/wp-json\/wp\/v2\/comments?post=7906"}],"version-history":[{"count":0,"href":"https:\/\/unkorce.edu.al\/en\/wp-json\/wp\/v2\/pages\/7906\/revisions"}],"wp:attachment":[{"href":"https:\/\/unkorce.edu.al\/en\/wp-json\/wp\/v2\/media?parent=7906"}],"curies":[{"name":"wp","href":"https:\/\/api.w.org\/{rel}","templated":true}]}}