{"id":30337,"date":"2024-12-11T09:52:22","date_gmt":"2024-12-11T09:52:22","guid":{"rendered":"https:\/\/unkorce.edu.al\/?page_id=30337"},"modified":"2025-10-27T11:04:35","modified_gmt":"2025-10-27T11:04:35","slug":"fakulteti-i-edukimit-dhe-filologjise-2","status":"publish","type":"page","link":"https:\/\/unkorce.edu.al\/en\/fakulteti-i-edukimit-dhe-filologjise-2\/","title":{"rendered":"Faculty of Education and Philology"},"content":{"rendered":"<section class=\"l-section wpb_row height_medium width_full\"><div class=\"l-section-h i-cf\"><div class=\"g-cols vc_row via_grid cols_1 laptops-cols_inherit tablets-cols_inherit mobiles-cols_1 valign_top type_default stacking_default\"><div class=\"wpb_column vc_column_container\"><div class=\"vc_column-inner\"><div class=\"w-hwrapper valign_top align_none\"><div class=\"w-image us_custom_31c582b2 has_ratio align_center meta_modern\"><div class=\"w-image-h\"><div style=\"padding-bottom:56.25%\"><\/div><img decoding=\"async\" width=\"1024\" height=\"683\" src=\"https:\/\/unkorce.edu.al\/wp-content\/uploads\/2024\/12\/61-FAKULTETI-I-EDUKIMIT-DHE-FILOLOGJISE.jpg\" class=\"attachment-full size-full\" alt=\"\" loading=\"lazy\" srcset=\"https:\/\/unkorce.edu.al\/wp-content\/uploads\/2024\/12\/61-FAKULTETI-I-EDUKIMIT-DHE-FILOLOGJISE.jpg 1024w, https:\/\/unkorce.edu.al\/wp-content\/uploads\/2024\/12\/61-FAKULTETI-I-EDUKIMIT-DHE-FILOLOGJISE-300x200.jpg 300w\" sizes=\"auto, (max-width: 1024px) 100vw, 1024px\" \/><div class=\"w-image-meta\"><div class=\"w-image-title\">FACULTY OF EDUCATION AND PHILOLOGY<\/div><\/div><\/div><\/div><\/div><\/div><\/div><\/div><\/div><\/section><section class=\"l-section wpb_row height_medium\"><div class=\"l-section-h i-cf\"><div class=\"g-cols vc_row via_grid cols_2-1 laptops-cols_inherit tablets-cols_inherit mobiles-cols_1 valign_top type_default stacking_default\"><div class=\"wpb_column vc_column_container\"><div class=\"vc_column-inner\"><h1 class=\"w-text us_custom_67b6827d\"><span class=\"w-text-h\"><span class=\"w-text-value\">About Faculty<\/span><\/span><\/h1><div class=\"wpb_text_column\"><div class=\"wpb_wrapper\"><p>The Faculty of Education and Philology has a modern infrastructure that supports teaching and scientific activities, including 10 classrooms equipped with video projectors, an amphitheater with a capacity of 238 seats, 10 lecture halls, a media room, a computer science and foreign language laboratory, a videoconference room, a digital foreign language laboratory, and a scientific research and didactic laboratory in the field of phonetics. The Faculty also includes the hall of the Center for Continuing Education, a secretarial office, a student information office, 10 offices and workspaces for academic and teaching assistant staff, and a library.<\/p>\n<p>The Faculty operates a specialized library in Albanian and foreign languages, containing about 6,000 titles and 15,000 books. Students and lecturers also have access to the digital libraries of several foreign universities.<\/p>\n<p>The Faculty of Education and Philology has organized and continues to organize national and international scientific conferences and maintains mutual cooperation with 12 counterpart faculties in Albania, the Balkans, and Europe. It also publishes collections of conference proceedings, monographs, and other scholarly materials.<\/p>\n<p>Distinguished literary and scientific figures from Albania and various European universities have been invited to deliver lectures and hold discussions at the Faculty of Education and Philology.<\/p>\n<p>The Faculty of Education and Philology publishes the \u201cFEF Scientific Yearbook,\u201d a series that includes scientific papers by lecturers and summaries of papers presented at various conferences.<\/p>\n<\/div><\/div><\/div><\/div><div class=\"wpb_column vc_column_container us_custom_0ab65040 has_text_color has_bg_color\"><div class=\"vc_column-inner\"><div class=\"w-image us_custom_82d25d6a align_none\"><div class=\"w-image-h\"><img decoding=\"async\" width=\"247\" height=\"276\" src=\"https:\/\/unkorce.edu.al\/wp-content\/uploads\/2024\/12\/logo_edukimi.png\" class=\"attachment-large size-large\" alt=\"\" loading=\"lazy\" \/><\/div><\/div><div class=\"wpb_text_column\"><div class=\"wpb_wrapper\"><p>INFORMACIONET E FAKULTETIT:<\/p>\n<p><strong>Adresa:<\/strong><\/p>\n<p style=\"text-align: left;\">Sh\u00ebtitorja Rilindasit, Kor\u00e7\u00eb, Shqip\u00ebri, 7001<\/p>\n<p>Tel: <strong>+35582248944<\/strong><br \/>\nEmail: <strong>fedukimit@unkorce.edu.al<\/strong><\/p>\n<p><strong><br \/>\nOrari M\u00ebsimor:<\/strong><\/p>\n<\/div><\/div><div class=\"w-popup w-btn-wrapper align_none\"><button aria-label=\"Hap Orarin\" class=\"w-popup-trigger type_btn w-btn us-btn-style_1 icon_atleft\"><i class=\"fas fa-calendar\"><\/i><span class=\"w-btn-label\">Hap Orarin<\/span><\/button><div class=\"w-popup-overlay\" style=\"background:rgba(0,0,0,0.85);\"><\/div><div class=\"w-popup-wrap layout_default\" style=\"--title-color:var(--color-content-heading);--title-bg-color:var(--color-content-bg-alt);--content-color:var(--color-content-text);--content-bg-color:var(--color-content-bg);--popup-width:600px;--popup-padding:5%;\"><div class=\"w-popup-box animation_fadeIn closerpos_outside without_title\"><div class=\"w-popup-box-h\"><div class=\"w-popup-box-content\"><h3 class=\"wp-block-heading\">FAKULTETI I EDUKIMIT DHE I FILOLOGJIS\u00cb\u00a0<\/h3>\n<p><em><strong>SEMESTRI I PAR\u00cb<\/strong><\/em><\/p>\n<p><!-- \/wp:post-content --><!-- wp:paragraph --><\/p>\n<p><a href=\"https:\/\/unkorce.edu.al\/wp-content\/uploads\/2025\/10\/3-Edukim-Fizik-dhe-Sporte.pdf\">(BA) Edukim Fizik dhe Sporte<\/a><\/p>\n<p><!-- \/wp:paragraph --><!-- wp:paragraph --><\/p>\n<p><a href=\"https:\/\/unkorce.edu.al\/wp-content\/uploads\/2025\/10\/4-Gjuhe-Angleze.pdf\">(BA) Gjuh\u00eb Angleze<\/a> <a href=\"https:\/\/unkorce.edu.al\/wp-content\/uploads\/2025\/10\/5-Gjuhe-dhe-Kulture-Frenge.pdf\">(BA) Gjuh\u00eb dhe Kultur\u00eb Frenge<\/a><\/p>\n<p><!-- \/wp:paragraph --><!-- wp:paragraph --><\/p>\n<p><a href=\"https:\/\/unkorce.edu.al\/wp-content\/uploads\/2025\/10\/6-Gjuhe-Letersi.pdf\">(BA) Gjuh\u00eb-Let\u00ebrsi<\/a><\/p>\n<p><!-- \/wp:paragraph --><!-- wp:paragraph \/--><!-- wp:paragraph --><\/p>\n<p><a href=\"https:\/\/unkorce.edu.al\/wp-content\/uploads\/2025\/10\/7-Histori-Gjeografi.pdf\">(BA) Histori-Gjeografi<\/a><\/p>\n<p><!-- \/wp:paragraph --><!-- wp:paragraph --><\/p>\n<p><a href=\"https:\/\/unkorce.edu.al\/wp-content\/uploads\/2025\/10\/1-Arsimi-Fillor.pdf\">(BA) M\u00ebsuesi p\u00ebr Arsimin Fillor<\/a><\/p>\n<p><!-- \/wp:paragraph --><!-- wp:paragraph --><\/p>\n<p><a href=\"https:\/\/unkorce.edu.al\/wp-content\/uploads\/2025\/10\/2-Arsimi-Parashkollor.pdf\">(BA) M\u00ebsuesi p\u00ebr Arsimin Parashkollor<\/a><\/p>\n<p><!-- \/wp:paragraph --><!-- wp:paragraph --><\/p>\n<p><a href=\"https:\/\/unkorce.edu.al\/wp-content\/uploads\/2025\/10\/8-Edukim-per-Foshnjerine.pdf\">(PP) Edukim p\u00ebr foshnj\u00ebrin\u00eb dhe f\u00ebmij\u00ebrin\u00eb e hershme<\/a><\/p>\n<p><!-- \/wp:paragraph --><!-- wp:paragraph --><\/p>\n<p><a href=\"https:\/\/unkorce.edu.al\/wp-content\/uploads\/2025\/10\/9-Mbeshtetes-Zyre.pdf\">(PP) Mb\u00ebshtet\u00ebs Zyre p\u00ebr Komunikimin, Bibliotek\u00eb dhe Arkiv\u00eb<\/a><\/p>\n<\/div><\/div><\/div><div class=\"w-popup-closer\"><\/div><\/div><\/div><div class=\"w-btn-wrapper align_none\"><a class=\"w-btn us-btn-style_2 us_custom_0cdb42d9 icon_atleft\" href=\"https:\/\/unkorce.edu.al\/wp-content\/uploads\/2024\/12\/Grafiket-e-Provimeve-Sem-I-2024-2025-F.-Edukimit.pdf\"><i class=\"fas fa-calendar\"><\/i><span class=\"w-btn-label\">Grafiku i provimeve<\/span><\/a><\/div><\/div><\/div><\/div><\/div><\/section><section class=\"l-section wpb_row height_medium\"><div class=\"l-section-h i-cf\"><div class=\"g-cols vc_row via_grid cols_1 laptops-cols_inherit tablets-cols_inherit mobiles-cols_1 valign_top type_default stacking_default\"><div class=\"wpb_column vc_column_container\"><div class=\"vc_column-inner\"><h2 class=\"w-text us_custom_c96a8a09\"><span class=\"w-text-h\"><span class=\"w-text-value\">DEPARTMENTS<\/span><\/span><\/h2><div class=\"w-hwrapper valign_top stack_on_mobiles align_justify\" style=\"--hwrapper-gap:10px\"><a class=\"w-flipbox animation_cardflip direction_w\" href=\"https:\/\/unkorce.edu.al\/en\/departamenti-i-edukimit-2\/\"><div class=\"w-flipbox-h easing_ease\" style=\"transition-duration:0.5s;\"><div class=\"w-flipbox-hh\"><div class=\"w-flipbox-front\" style=\"background:#c5dee8;\"><div class=\"w-flipbox-front-h\"><h4 class=\"w-flipbox-front-title\">DEPARTMENT OF EDUCATION<\/h4><\/div><\/div><div class=\"w-flipbox-back\" style=\"display:none;\"><div class=\"w-flipbox-back-h\"><h4 class=\"w-flipbox-back-title\">DEPARTMENT OF EDUCATION<\/h4><\/div><\/div><\/div><\/div><\/a><a class=\"w-flipbox animation_cardflip direction_w\" href=\"https:\/\/unkorce.edu.al\/en\/departamenti-i-gjuheve-te-huaja\/\"><div class=\"w-flipbox-h easing_ease\" style=\"transition-duration:0.5s;\"><div class=\"w-flipbox-hh\"><div class=\"w-flipbox-front\" style=\"background:#c1e3db;\"><div class=\"w-flipbox-front-h\"><h4 class=\"w-flipbox-front-title\">DEPARTMENT OF FOREIGN LANGUAGES<\/h4><\/div><\/div><div class=\"w-flipbox-back\" style=\"display:none;\"><div class=\"w-flipbox-back-h\"><h4 class=\"w-flipbox-back-title\">DEPARTMENT OF FOREIGN LANGUAGES<\/h4><\/div><\/div><\/div><\/div><\/a><\/div><div class=\"w-hwrapper us_custom_7b84a47e valign_top stack_on_mobiles align_justify\" style=\"--hwrapper-gap:10px\"><a class=\"w-flipbox animation_cardflip direction_w\" href=\"https:\/\/unkorce.edu.al\/en\/departamenti-i-gjuhes-dhe-letersise\/\"><div class=\"w-flipbox-h easing_ease\" style=\"transition-duration:0.5s;\"><div class=\"w-flipbox-hh\"><div class=\"w-flipbox-front\" style=\"background:#d8e1e8;\"><div class=\"w-flipbox-front-h\"><h4 class=\"w-flipbox-front-title\">DEPARTMENT OF LANGUAGE AND LITERATURE<\/h4><\/div><\/div><div class=\"w-flipbox-back\" style=\"display:none;\"><div class=\"w-flipbox-back-h\"><h4 class=\"w-flipbox-back-title\">DEPARTMENT OF LANGUAGE AND LITERATURE<\/h4><\/div><\/div><\/div><\/div><\/a><a class=\"w-flipbox animation_cardflip direction_w\" href=\"https:\/\/unkorce.edu.al\/en\/departamenti-i-historise-dhe-gjeografise\/\"><div class=\"w-flipbox-h easing_ease\" style=\"transition-duration:0.5s;\"><div class=\"w-flipbox-hh\"><div class=\"w-flipbox-front\" style=\"background:#ebe4f2;\"><div class=\"w-flipbox-front-h\"><h4 class=\"w-flipbox-front-title\">DEPARTMENT OF HISTORY AND GEOGRAPHY<\/h4><\/div><\/div><div class=\"w-flipbox-back\" style=\"display:none;\"><div class=\"w-flipbox-back-h\"><h4 class=\"w-flipbox-back-title\">DEPARTMENT OF HISTORY AND GEOGRAPHY<\/h4><\/div><\/div><\/div><\/div><\/a><\/div><\/div><\/div><div class=\"wpb_column vc_column_container\"><div class=\"vc_column-inner\"><div class=\"w-vwrapper align_none valign_top\"><h2 class=\"w-text us_custom_c96a8a09\"><span class=\"w-text-h\"><span class=\"w-text-value\">MISSION AND VISION<\/span><\/span><\/h2><div class=\"wpb_text_column\"><div class=\"wpb_wrapper\"><p>The Faculty of Education and Philology envisions building a faculty that adapts its study programs to labor market demands and creates suitable conditions for educational, scientific, economic, intellectual, and cultural initiatives. Its mission is to develop a rigorous teaching and research process supported by well-equipped infrastructure, including a library with continually expanding collections, various laboratories aligned with program requirements, and modern technology. The Faculty\u2019s mission aligns with the university\u2019s goal of establishing an urban public educational center in the southeastern region. This center aims to follow the best traditions of the Western world while preserving and advancing innovations in knowledge, fostering intellectual integrity and freedom, enhancing teaching programs and curricula, and providing students and the community with a welcoming and well-serviced environment.<\/p>\n<p>The mission of the Faculty is to provide students with quality education and professional training in education, while also meeting labor market standards by offering study programs that prepare specialists and teachers in various fields. Students graduate with a broad range of knowledge that supports the development of their future careers and equips them to become influential individuals and contributors to society through knowledge and service.<\/p>\n<p>The Faculty of Education and Philology has both short-term and long-term strategies to achieve the goals and objectives outlined in its vision and mission. Its strategic directions are defined through a set of interrelated objectives, which aim, among other things, to enhance the quality of awarded diplomas and improve the quality of scientific research.<\/p>\n<p>The Faculty of Education and Philology envisions building a faculty that adapts its study programs to the demands of the labor market and provides suitable conditions for educational, scientific, economic, intellectual, and cultural research initiatives. Its mission is to foster a challenging teaching and research environment supported by good infrastructure, including a library (with regularly updated book collections), various laboratories (aligned with the requirements of the study programs), and modern technology.<\/p>\n<\/div><\/div><\/div><\/div><\/div><\/div><\/div><\/section><section class=\"l-section wpb_row height_medium\"><div class=\"l-section-h i-cf\"><div class=\"g-cols vc_row via_grid cols_1 laptops-cols_inherit tablets-cols_inherit mobiles-cols_1 valign_top type_default stacking_default\"><div class=\"wpb_column vc_column_container\"><div class=\"vc_column-inner\"><div class=\"w-vwrapper align_none valign_top\"><h2 class=\"w-text us_custom_c96a8a09\"><span class=\"w-text-h\"><span class=\"w-text-value\">VEPRIMTARI<\/span><\/span><\/h2><div class=\"w-grid type_grid layout_blog_cards cols_3 ratio_16x9\" id=\"us_grid_1\" style=\"--gap:1.5rem;\" data-filterable=\"true\"><style>@media (max-width:1024px){#us_grid_1 .w-grid-item{width:50%}#us_grid_1 .w-grid-item.size_2x1,#us_grid_1 .w-grid-item.size_2x2{width:100%}}@media (max-width:600px){#us_grid_1 .w-grid-list{margin:0}#us_grid_1 .w-grid-item{width:100%;padding:0;margin-bottom:var(--gap,0px)}}#us_grid_1 .w-grid-item-h:before{padding-bottom:56.25%}.layout_blog_cards .w-grid-item-h:before{padding-bottom:100%}@media (min-width:601px){.layout_blog_cards .w-grid-item.size_1x2 .w-grid-item-h:before{padding-bottom:calc(200% + var(--gap,0px) * 2)}.layout_blog_cards .w-grid-item.size_2x1 .w-grid-item-h:before{padding-bottom:calc(50% - var(--gap,0px) * 1)}.layout_blog_cards .w-grid-item.size_2x2 .w-grid-item-h:before{padding-bottom:calc(100% - var(--gap,0px) * 0)}}.layout_blog_cards .w-grid-item-h{background:var(--color-content-bg);color:var(--color-content-text);border-radius:0.3rem;box-shadow:0 0.03rem 0.06rem rgba(0,0,0,0.1),0 0.1rem 0.3rem rgba(0,0,0,0.1);transition-duration:0.3s}.no-touch .layout_blog_cards .w-grid-item-h:hover{box-shadow:0 0.1rem 0.2rem rgba(0,0,0,0.1),0 0.33rem 1rem rgba(0,0,0,0.15);z-index:4}.layout_blog_cards .usg_post_image_1{margin-bottom:-2rem!important}.layout_blog_cards .usg_post_title_1{font-size:1.4rem!important;font-weight:700!important}.layout_blog_cards .usg_vwrapper_1{margin-top:2rem!important;padding:9% 11% 11% 11%!important}.layout_blog_cards .usg_post_taxonomy_1{font-weight:700!important;text-transform:uppercase!important;font-size:10px!important;position:absolute!important;z-index:2!important;top:1.2rem!important;right:1.2rem!important;left:1.2rem!important}.layout_blog_cards .usg_hwrapper_1{color:var(--color-content-faded)!important;font-size:0.9rem!important}@media (max-width:600px){.layout_blog_cards .usg_post_title_1{font-size:1.2rem!important}}<\/style><div class=\"w-grid-list\">\t<article class=\"w-grid-item size_1x1 post-37095 post type-post status-publish format-standard has-post-thumbnail hentry category-fakulteti-i-edukimit-dhe-filologjise category-fakulteti-i-shkencave-natyrore-dhe-shkencave-humane category-uncategorized-sq\" data-id=\"37095\">\r\n\t\t<div class=\"w-grid-item-h\">\r\n\t\t\t\t\t\t<div class=\"w-post-elm post_image usg_post_image_1 stretched\"><a href=\"https:\/\/unkorce.edu.al\/en\/u-zhvilluan-ne-universitetin-fan-s-noli-konferenca-shkencore-dhe-prezantimi-i-botimit-studimor-burimet-ujore-ne-rajonin-e-korces-vlerat-mjedisore-turistike-dhe-shendeteso\/\" aria-label=\"U ZHVILLUAN N\u00cb UNIVERSITETIN \u201cFAN S. NOLI\u201d KONFERENCA SHKENCORE DHE PREZANTIMI I BOTIMIT STUDIMOR \u201cBURIMET UJORE N\u00cb RAJONIN E KOR\u00c7\u00cbS: VLERAT MJEDISORE, TURISTIKE DHE SH\u00cbNDET\u00cbSORE\u201d\"><img loading=\"lazy\" decoding=\"async\" width=\"1200\" height=\"1600\" src=\"https:\/\/unkorce.edu.al\/wp-content\/uploads\/2026\/04\/WhatsApp-Image-2026-04-28-at-10.38.35.jpeg\" class=\"attachment-full size-full wp-post-image\" alt=\"\" srcset=\"https:\/\/unkorce.edu.al\/wp-content\/uploads\/2026\/04\/WhatsApp-Image-2026-04-28-at-10.38.35.jpeg 1200w, https:\/\/unkorce.edu.al\/wp-content\/uploads\/2026\/04\/WhatsApp-Image-2026-04-28-at-10.38.35-225x300.jpeg 225w, https:\/\/unkorce.edu.al\/wp-content\/uploads\/2026\/04\/WhatsApp-Image-2026-04-28-at-10.38.35-768x1024.jpeg 768w, https:\/\/unkorce.edu.al\/wp-content\/uploads\/2026\/04\/WhatsApp-Image-2026-04-28-at-10.38.35-9x12.jpeg 9w\" sizes=\"auto, (max-width: 1200px) 100vw, 1200px\" \/><\/a><\/div><div class=\"w-post-elm post_taxonomy usg_post_taxonomy_1 style_badge color_link_inherit\"><div class=\"w-post-elm-list\"><a class=\"w-btn us-btn-style_badge term-5 term-fakulteti-i-edukimit-dhe-filologjise\" href=\"https:\/\/unkorce.edu.al\/en\/category\/fakulteti-i-edukimit-dhe-filologjise\/\"><span class=\"w-btn-label\">Fakulteti i Edukimit dhe Filologjise<\/span><\/a><a class=\"w-btn us-btn-style_badge term-7 term-fakulteti-i-shkencave-natyrore-dhe-shkencave-humane\" href=\"https:\/\/unkorce.edu.al\/en\/category\/fakulteti-i-shkencave-natyrore-dhe-shkencave-humane\/\"><span class=\"w-btn-label\">Faculty of Human and Natural Sciences<\/span><\/a><a class=\"w-btn us-btn-style_badge term-26 term-uncategorized-sq\" href=\"https:\/\/unkorce.edu.al\/en\/category\/uncategorized-sq\/\"><span class=\"w-btn-label\">Uncategorized<\/span><\/a><\/div><\/div><div class=\"w-vwrapper usg_vwrapper_1 align_none valign_top\"><h2 class=\"w-post-elm post_title usg_post_title_1 entry-title color_link_inherit\"><a href=\"https:\/\/unkorce.edu.al\/en\/u-zhvilluan-ne-universitetin-fan-s-noli-konferenca-shkencore-dhe-prezantimi-i-botimit-studimor-burimet-ujore-ne-rajonin-e-korces-vlerat-mjedisore-turistike-dhe-shendeteso\/\">U ZHVILLUAN N\u00cb UNIVERSITETIN \u201cFAN S. NOLI\u201d KONFERENCA SHKENCORE DHE PREZANTIMI I BOTIMIT STUDIMOR \u201cBURIMET UJORE N\u00cb RAJONIN E KOR\u00c7\u00cbS: VLERAT MJEDISORE, TURISTIKE DHE SH\u00cbNDET\u00cbSORE\u201d<\/a><\/h2><div class=\"w-hwrapper usg_hwrapper_1 has_text_color align_none valign_top wrap\"><time class=\"w-post-elm post_date usg_post_date_1 entry-date published\" datetime=\"2026-04-28T09:18:40+00:00\" title=\"28 April 2026 at 09:18:40 +00:00\">3 days ago<\/time><\/div><div class=\"w-post-elm post_content usg_post_content_1\">N\u00eb dat\u00ebn 27 prill 2026 n\u00eb mjediset e Fakultetit t\u00eb Shkencave Natyrore dhe Shkencave Humane zhvilloi punimet konferenca shkencore, si&hellip;<\/div><\/div>\t\t<\/div>\r\n\t\t\t<\/article>\r\n\t<article class=\"w-grid-item size_1x1 post-37076 post type-post status-publish format-standard has-post-thumbnail hentry category-fakulteti-i-edukimit-dhe-filologjise category-uncategorized-sq\" data-id=\"37076\">\r\n\t\t<div class=\"w-grid-item-h\">\r\n\t\t\t\t\t\t<div class=\"w-post-elm post_image usg_post_image_1 stretched\"><a href=\"https:\/\/unkorce.edu.al\/en\/15-vjet-departamenti-i-historise-dhe-gjeografise\/\" aria-label=\"15 VJET DEPARTAMENTI I HISTORIS\u00cb DHE GJEOGRAFIS\u00cb\"><img loading=\"lazy\" decoding=\"async\" width=\"1600\" height=\"1200\" src=\"https:\/\/unkorce.edu.al\/wp-content\/uploads\/2026\/04\/WhatsApp-Image-2026-04-27-at-10.46.18.jpeg\" class=\"attachment-full size-full wp-post-image\" alt=\"\" srcset=\"https:\/\/unkorce.edu.al\/wp-content\/uploads\/2026\/04\/WhatsApp-Image-2026-04-27-at-10.46.18.jpeg 1600w, https:\/\/unkorce.edu.al\/wp-content\/uploads\/2026\/04\/WhatsApp-Image-2026-04-27-at-10.46.18-300x225.jpeg 300w, https:\/\/unkorce.edu.al\/wp-content\/uploads\/2026\/04\/WhatsApp-Image-2026-04-27-at-10.46.18-1024x768.jpeg 1024w, https:\/\/unkorce.edu.al\/wp-content\/uploads\/2026\/04\/WhatsApp-Image-2026-04-27-at-10.46.18-16x12.jpeg 16w\" sizes=\"auto, (max-width: 1600px) 100vw, 1600px\" \/><\/a><\/div><div class=\"w-post-elm post_taxonomy usg_post_taxonomy_1 style_badge color_link_inherit\"><div class=\"w-post-elm-list\"><a class=\"w-btn us-btn-style_badge term-5 term-fakulteti-i-edukimit-dhe-filologjise\" href=\"https:\/\/unkorce.edu.al\/en\/category\/fakulteti-i-edukimit-dhe-filologjise\/\"><span class=\"w-btn-label\">Fakulteti i Edukimit dhe Filologjise<\/span><\/a><a class=\"w-btn us-btn-style_badge term-26 term-uncategorized-sq\" href=\"https:\/\/unkorce.edu.al\/en\/category\/uncategorized-sq\/\"><span class=\"w-btn-label\">Uncategorized<\/span><\/a><\/div><\/div><div class=\"w-vwrapper usg_vwrapper_1 align_none valign_top\"><h2 class=\"w-post-elm post_title usg_post_title_1 entry-title color_link_inherit\"><a href=\"https:\/\/unkorce.edu.al\/en\/15-vjet-departamenti-i-historise-dhe-gjeografise\/\">15 VJET DEPARTAMENTI I HISTORIS\u00cb DHE GJEOGRAFIS\u00cb<\/a><\/h2><div class=\"w-hwrapper usg_hwrapper_1 has_text_color align_none valign_top wrap\"><time class=\"w-post-elm post_date usg_post_date_1 entry-date published\" datetime=\"2026-04-27T11:46:31+00:00\" title=\"27 April 2026 at 11:46:31 +00:00\">4 days ago<\/time><\/div><div class=\"w-post-elm post_content usg_post_content_1\">N\u00eb dat\u00ebn 24 prill 2026 departamenti i Historis\u00eb dhe Gjeografis\u00eb, Universiteti \u201cFan S. Noli\u201d zhvilloi nj\u00eb veprimtari me rastin e&hellip;<\/div><\/div>\t\t<\/div>\r\n\t\t\t<\/article>\r\n\t<article class=\"w-grid-item size_1x1 post-37129 post type-post status-publish format-standard has-post-thumbnail hentry category-fakulteti-i-edukimit-dhe-filologjise category-uncategorized-sq\" data-id=\"37129\">\r\n\t\t<div class=\"w-grid-item-h\">\r\n\t\t\t\t\t\t<div class=\"w-post-elm post_image usg_post_image_1 stretched\"><a href=\"https:\/\/unkorce.edu.al\/en\/takim-me-poetin-veprimtari-ne-kuader-te-muajit-te-librit-dhe-te-55-vjetorit-te-universitetit-fan-s-noli\/\" aria-label=\"\u201cTAKIM ME POETIN\u201d-VEPRIMTARI N\u00cb KUAD\u00cbR T\u00cb MUAJIT T\u00cb LIBRIT DHE T\u00cb 55-VJETORIT T\u00cb UNIVERSITETIT \u201cFAN S. NOLI\u201d\"><img loading=\"lazy\" decoding=\"async\" width=\"1600\" height=\"1200\" src=\"https:\/\/unkorce.edu.al\/wp-content\/uploads\/2026\/04\/WhatsApp-Image-2026-04-27-at-12.07.13-2.jpeg\" class=\"attachment-full size-full wp-post-image\" alt=\"\" srcset=\"https:\/\/unkorce.edu.al\/wp-content\/uploads\/2026\/04\/WhatsApp-Image-2026-04-27-at-12.07.13-2.jpeg 1600w, https:\/\/unkorce.edu.al\/wp-content\/uploads\/2026\/04\/WhatsApp-Image-2026-04-27-at-12.07.13-2-300x225.jpeg 300w, https:\/\/unkorce.edu.al\/wp-content\/uploads\/2026\/04\/WhatsApp-Image-2026-04-27-at-12.07.13-2-1024x768.jpeg 1024w, https:\/\/unkorce.edu.al\/wp-content\/uploads\/2026\/04\/WhatsApp-Image-2026-04-27-at-12.07.13-2-16x12.jpeg 16w\" sizes=\"auto, (max-width: 1600px) 100vw, 1600px\" \/><\/a><\/div><div class=\"w-post-elm post_taxonomy usg_post_taxonomy_1 style_badge color_link_inherit\"><div class=\"w-post-elm-list\"><a class=\"w-btn us-btn-style_badge term-5 term-fakulteti-i-edukimit-dhe-filologjise\" href=\"https:\/\/unkorce.edu.al\/en\/category\/fakulteti-i-edukimit-dhe-filologjise\/\"><span class=\"w-btn-label\">Fakulteti i Edukimit dhe Filologjise<\/span><\/a><a class=\"w-btn us-btn-style_badge term-26 term-uncategorized-sq\" href=\"https:\/\/unkorce.edu.al\/en\/category\/uncategorized-sq\/\"><span class=\"w-btn-label\">Uncategorized<\/span><\/a><\/div><\/div><div class=\"w-vwrapper usg_vwrapper_1 align_none valign_top\"><h2 class=\"w-post-elm post_title usg_post_title_1 entry-title color_link_inherit\"><a href=\"https:\/\/unkorce.edu.al\/en\/takim-me-poetin-veprimtari-ne-kuader-te-muajit-te-librit-dhe-te-55-vjetorit-te-universitetit-fan-s-noli\/\">\u201cTAKIM ME POETIN\u201d-VEPRIMTARI N\u00cb KUAD\u00cbR T\u00cb MUAJIT T\u00cb LIBRIT DHE T\u00cb 55-VJETORIT T\u00cb UNIVERSITETIT \u201cFAN S. NOLI\u201d<\/a><\/h2><div class=\"w-hwrapper usg_hwrapper_1 has_text_color align_none valign_top wrap\"><time class=\"w-post-elm post_date usg_post_date_1 entry-date published\" datetime=\"2026-04-27T09:35:14+00:00\" title=\"27 April 2026 at 09:35:14 +00:00\">4 days ago<\/time><\/div><div class=\"w-post-elm post_content usg_post_content_1\">N\u00eb dat\u00ebn 27 prill 2026 Universiteti \u201cFan S. Noli\u201d n\u00eb bashk\u00ebpunim me Aleanc\u00ebn Franceze t\u00eb Kor\u00e7\u00ebs organizuan nj\u00eb takim me&hellip;<\/div><\/div>\t\t<\/div>\r\n\t\t\t<\/article>\r\n\t<article class=\"w-grid-item size_1x1 post-37179 post type-post status-publish format-standard has-post-thumbnail hentry category-fakulteti-i-edukimit-dhe-filologjise category-uncategorized-sq\" data-id=\"37179\">\r\n\t\t<div class=\"w-grid-item-h\">\r\n\t\t\t\t\t\t<div class=\"w-post-elm post_image usg_post_image_1 stretched\"><a href=\"https:\/\/unkorce.edu.al\/en\/prezantime-te-universitetit-fan-s-noli-ne-panairin-v-mbarekombetar-te-librit-akademik-dhe-shkencor\/\" aria-label=\"PREZANTIME T\u00cb UNIVERSITETIT \u201cFAN S. NOLI\u201d N\u00cb PANAIRIN V MBAR\u00cbKOMB\u00cbTAR T\u00cb LIBRIT AKADEMIK DHE SHKENCOR\"><img loading=\"lazy\" decoding=\"async\" width=\"1047\" height=\"851\" src=\"https:\/\/unkorce.edu.al\/wp-content\/uploads\/2026\/04\/2-4.jpg\" class=\"attachment-full size-full wp-post-image\" alt=\"\" srcset=\"https:\/\/unkorce.edu.al\/wp-content\/uploads\/2026\/04\/2-4.jpg 1047w, https:\/\/unkorce.edu.al\/wp-content\/uploads\/2026\/04\/2-4-300x244.jpg 300w, https:\/\/unkorce.edu.al\/wp-content\/uploads\/2026\/04\/2-4-1024x832.jpg 1024w, https:\/\/unkorce.edu.al\/wp-content\/uploads\/2026\/04\/2-4-15x12.jpg 15w\" sizes=\"auto, (max-width: 1047px) 100vw, 1047px\" \/><\/a><\/div><div class=\"w-post-elm post_taxonomy usg_post_taxonomy_1 style_badge color_link_inherit\"><div class=\"w-post-elm-list\"><a class=\"w-btn us-btn-style_badge term-5 term-fakulteti-i-edukimit-dhe-filologjise\" href=\"https:\/\/unkorce.edu.al\/en\/category\/fakulteti-i-edukimit-dhe-filologjise\/\"><span class=\"w-btn-label\">Fakulteti i Edukimit dhe Filologjise<\/span><\/a><a class=\"w-btn us-btn-style_badge term-26 term-uncategorized-sq\" href=\"https:\/\/unkorce.edu.al\/en\/category\/uncategorized-sq\/\"><span class=\"w-btn-label\">Uncategorized<\/span><\/a><\/div><\/div><div class=\"w-vwrapper usg_vwrapper_1 align_none valign_top\"><h2 class=\"w-post-elm post_title usg_post_title_1 entry-title color_link_inherit\"><a href=\"https:\/\/unkorce.edu.al\/en\/prezantime-te-universitetit-fan-s-noli-ne-panairin-v-mbarekombetar-te-librit-akademik-dhe-shkencor\/\">PREZANTIME T\u00cb UNIVERSITETIT \u201cFAN S. NOLI\u201d N\u00cb PANAIRIN V MBAR\u00cbKOMB\u00cbTAR T\u00cb LIBRIT AKADEMIK DHE SHKENCOR<\/a><\/h2><div class=\"w-hwrapper usg_hwrapper_1 has_text_color align_none valign_top wrap\"><time class=\"w-post-elm post_date usg_post_date_1 entry-date published\" datetime=\"2026-04-24T10:01:59+00:00\" title=\"24 April 2026 at 10:01:59 +00:00\">7 days ago<\/time><\/div><div class=\"w-post-elm post_content usg_post_content_1\">N\u00eb dat\u00ebn 24 prill 2026 Universiteti \u201cFan S. Noli\u201d mori pjes\u00eb n\u00eb edicionin V t\u00eb Panairit Mbar\u00ebkomb\u00ebtar t\u00eb Librit Akademik&hellip;<\/div><\/div>\t\t<\/div>\r\n\t\t\t<\/article>\r\n\t<article class=\"w-grid-item size_1x1 post-37164 post type-post status-publish format-standard has-post-thumbnail hentry category-fakulteti-i-edukimit-dhe-filologjise category-uncategorized-sq\" data-id=\"37164\">\r\n\t\t<div class=\"w-grid-item-h\">\r\n\t\t\t\t\t\t<div class=\"w-post-elm post_image usg_post_image_1 stretched\"><a href=\"https:\/\/unkorce.edu.al\/en\/u-zhvillua-ne-universitetitn-fan-s-noli-trajnimi-ii-institucional-i-stafit-akademik-ne-kuader-te-projektit-hawking\/\" aria-label=\"U ZHVILLUA N\u00cb UNIVERSITETITN \u201cFAN S. NOLI\u201d TRAJNIMI II INSTITUCIONAL I STAFIT AKADEMIK N\u00cb KUAD\u00cbR T\u00cb PROJEKTIT HAWKING\"><img loading=\"lazy\" decoding=\"async\" width=\"2560\" height=\"1707\" src=\"https:\/\/unkorce.edu.al\/wp-content\/uploads\/2026\/04\/IMG_3168-scaled.jpg\" class=\"attachment-full size-full wp-post-image\" alt=\"\" srcset=\"https:\/\/unkorce.edu.al\/wp-content\/uploads\/2026\/04\/IMG_3168-scaled.jpg 2560w, https:\/\/unkorce.edu.al\/wp-content\/uploads\/2026\/04\/IMG_3168-300x200.jpg 300w, https:\/\/unkorce.edu.al\/wp-content\/uploads\/2026\/04\/IMG_3168-1024x683.jpg 1024w, https:\/\/unkorce.edu.al\/wp-content\/uploads\/2026\/04\/IMG_3168-18x12.jpg 18w\" sizes=\"auto, (max-width: 2560px) 100vw, 2560px\" \/><\/a><\/div><div class=\"w-post-elm post_taxonomy usg_post_taxonomy_1 style_badge color_link_inherit\"><div class=\"w-post-elm-list\"><a class=\"w-btn us-btn-style_badge term-5 term-fakulteti-i-edukimit-dhe-filologjise\" href=\"https:\/\/unkorce.edu.al\/en\/category\/fakulteti-i-edukimit-dhe-filologjise\/\"><span class=\"w-btn-label\">Fakulteti i Edukimit dhe Filologjise<\/span><\/a><a class=\"w-btn us-btn-style_badge term-26 term-uncategorized-sq\" href=\"https:\/\/unkorce.edu.al\/en\/category\/uncategorized-sq\/\"><span class=\"w-btn-label\">Uncategorized<\/span><\/a><\/div><\/div><div class=\"w-vwrapper usg_vwrapper_1 align_none valign_top\"><h2 class=\"w-post-elm post_title usg_post_title_1 entry-title color_link_inherit\"><a href=\"https:\/\/unkorce.edu.al\/en\/u-zhvillua-ne-universitetitn-fan-s-noli-trajnimi-ii-institucional-i-stafit-akademik-ne-kuader-te-projektit-hawking\/\">U ZHVILLUA N\u00cb UNIVERSITETITN \u201cFAN S. NOLI\u201d TRAJNIMI II INSTITUCIONAL I STAFIT AKADEMIK N\u00cb KUAD\u00cbR T\u00cb PROJEKTIT HAWKING<\/a><\/h2><div class=\"w-hwrapper usg_hwrapper_1 has_text_color align_none valign_top wrap\"><time class=\"w-post-elm post_date usg_post_date_1 entry-date published\" datetime=\"2026-04-17T07:47:48+00:00\" title=\"17 April 2026 at 07:47:48 +00:00\">2 weeks ago<\/time><\/div><div class=\"w-post-elm post_content usg_post_content_1\">N\u00eb dat\u00ebn 17 prill 2026, n\u00eb mjediset e Universitetit \u201cFan S. Noli\u201d u zhvillua trajnimi i dyt\u00eb institucional me stafin&hellip;<\/div><\/div>\t\t<\/div>\r\n\t\t\t<\/article>\r\n\t<article class=\"w-grid-item size_1x1 post-36860 post type-post status-publish format-standard has-post-thumbnail hentry category-fakulteti-i-edukimit-dhe-filologjise category-uncategorized\" data-id=\"36860\">\r\n\t\t<div class=\"w-grid-item-h\">\r\n\t\t\t\t\t\t<div class=\"w-post-elm post_image usg_post_image_1 stretched\"><a href=\"https:\/\/unkorce.edu.al\/en\/studente-e-pedagoge-te-universitetit-te-tetoves-zhvilluan-nje-vizite-studimore-ne-universitetin-fan-s-noli\/\" aria-label=\"STUDENT\u00cb E PEDAGOG\u00cb T\u00cb UNIVERSITETIT T\u00cb TETOV\u00cbS ZHVILLUAN NJ\u00cb VIZIT\u00cb STUDIMORE N\u00cb UNIVERSITETIN \u201cFAN S. NOLI\u201d\"><img loading=\"lazy\" decoding=\"async\" width=\"1600\" height=\"1200\" src=\"https:\/\/unkorce.edu.al\/wp-content\/uploads\/2026\/04\/WhatsApp-Image-2026-04-14-at-17.10.08.jpeg\" class=\"attachment-full size-full wp-post-image\" alt=\"\" srcset=\"https:\/\/unkorce.edu.al\/wp-content\/uploads\/2026\/04\/WhatsApp-Image-2026-04-14-at-17.10.08.jpeg 1600w, https:\/\/unkorce.edu.al\/wp-content\/uploads\/2026\/04\/WhatsApp-Image-2026-04-14-at-17.10.08-300x225.jpeg 300w, https:\/\/unkorce.edu.al\/wp-content\/uploads\/2026\/04\/WhatsApp-Image-2026-04-14-at-17.10.08-1024x768.jpeg 1024w, https:\/\/unkorce.edu.al\/wp-content\/uploads\/2026\/04\/WhatsApp-Image-2026-04-14-at-17.10.08-16x12.jpeg 16w\" sizes=\"auto, (max-width: 1600px) 100vw, 1600px\" \/><\/a><\/div><div class=\"w-post-elm post_taxonomy usg_post_taxonomy_1 style_badge color_link_inherit\"><div class=\"w-post-elm-list\"><a class=\"w-btn us-btn-style_badge term-5 term-fakulteti-i-edukimit-dhe-filologjise\" href=\"https:\/\/unkorce.edu.al\/en\/category\/fakulteti-i-edukimit-dhe-filologjise\/\"><span class=\"w-btn-label\">Fakulteti i Edukimit dhe Filologjise<\/span><\/a><a class=\"w-btn us-btn-style_badge term-1 term-uncategorized\" href=\"https:\/\/unkorce.edu.al\/en\/category\/uncategorized\/\"><span class=\"w-btn-label\">Uncategorized<\/span><\/a><\/div><\/div><div class=\"w-vwrapper usg_vwrapper_1 align_none valign_top\"><h2 class=\"w-post-elm post_title usg_post_title_1 entry-title color_link_inherit\"><a href=\"https:\/\/unkorce.edu.al\/en\/studente-e-pedagoge-te-universitetit-te-tetoves-zhvilluan-nje-vizite-studimore-ne-universitetin-fan-s-noli\/\">STUDENT\u00cb E PEDAGOG\u00cb T\u00cb UNIVERSITETIT T\u00cb TETOV\u00cbS ZHVILLUAN NJ\u00cb VIZIT\u00cb STUDIMORE N\u00cb UNIVERSITETIN \u201cFAN S. NOLI\u201d<\/a><\/h2><div class=\"w-hwrapper usg_hwrapper_1 has_text_color align_none valign_top wrap\"><time class=\"w-post-elm post_date usg_post_date_1 entry-date published\" datetime=\"2026-04-15T08:55:05+00:00\" title=\"15 April 2026 at 08:55:05 +00:00\">2 weeks ago<\/time><\/div><div class=\"w-post-elm post_content usg_post_content_1\">N\u00eb dat\u00ebn 14 prill 2026 nj\u00eb grup student\u00ebsh dhe pedagog\u00ebsh t\u00eb departamentit t\u00eb Gjeografis\u00eb nga Universiteti i Tetov\u00ebs, vizituan Universitetin&hellip;<\/div><\/div>\t\t<\/div>\r\n\t\t\t<\/article>\r\n\t<article class=\"w-grid-item size_1x1 post-37050 post type-post status-publish format-standard has-post-thumbnail hentry category-fakulteti-i-edukimit-dhe-filologjise category-fakulteti-i-ekonomise category-fakulteti-i-shkencave-natyrore-dhe-shkencave-humane category-uncategorized-sq\" data-id=\"37050\">\r\n\t\t<div class=\"w-grid-item-h\">\r\n\t\t\t\t\t\t<div class=\"w-post-elm post_image usg_post_image_1 stretched\"><a href=\"https:\/\/unkorce.edu.al\/en\/bashkepunimi-nderkombetar-stafi-akadeik-me-mobilitet-ne-universitetin-jan-evangelkista-purkyne-ceki\/\" aria-label=\"BASHK\u00cbPUNIMI ND\u00cbRKOMB\u00cbTAR- STAFI AKADEIK ME MOBILITET N\u00cb UNIVERSITETIN \u201cJAN EVANGELKISTA PURKYNE\u201d, \u00c7EKI\"><img loading=\"lazy\" decoding=\"async\" width=\"1153\" height=\"2048\" src=\"https:\/\/unkorce.edu.al\/wp-content\/uploads\/2026\/04\/9-1.jpg\" class=\"attachment-full size-full wp-post-image\" alt=\"\" srcset=\"https:\/\/unkorce.edu.al\/wp-content\/uploads\/2026\/04\/9-1.jpg 1153w, https:\/\/unkorce.edu.al\/wp-content\/uploads\/2026\/04\/9-1-169x300.jpg 169w, https:\/\/unkorce.edu.al\/wp-content\/uploads\/2026\/04\/9-1-577x1024.jpg 577w, https:\/\/unkorce.edu.al\/wp-content\/uploads\/2026\/04\/9-1-7x12.jpg 7w\" sizes=\"auto, (max-width: 1153px) 100vw, 1153px\" \/><\/a><\/div><div class=\"w-post-elm post_taxonomy usg_post_taxonomy_1 style_badge color_link_inherit\"><div class=\"w-post-elm-list\"><a class=\"w-btn us-btn-style_badge term-5 term-fakulteti-i-edukimit-dhe-filologjise\" href=\"https:\/\/unkorce.edu.al\/en\/category\/fakulteti-i-edukimit-dhe-filologjise\/\"><span class=\"w-btn-label\">Fakulteti i Edukimit dhe Filologjise<\/span><\/a><a class=\"w-btn us-btn-style_badge term-6 term-fakulteti-i-ekonomise\" href=\"https:\/\/unkorce.edu.al\/en\/category\/fakulteti-i-ekonomise\/\"><span class=\"w-btn-label\">Fakulteti i Ekonomise<\/span><\/a><a class=\"w-btn us-btn-style_badge term-7 term-fakulteti-i-shkencave-natyrore-dhe-shkencave-humane\" href=\"https:\/\/unkorce.edu.al\/en\/category\/fakulteti-i-shkencave-natyrore-dhe-shkencave-humane\/\"><span class=\"w-btn-label\">Faculty of Human and Natural Sciences<\/span><\/a><a class=\"w-btn us-btn-style_badge term-26 term-uncategorized-sq\" href=\"https:\/\/unkorce.edu.al\/en\/category\/uncategorized-sq\/\"><span class=\"w-btn-label\">Uncategorized<\/span><\/a><\/div><\/div><div class=\"w-vwrapper usg_vwrapper_1 align_none valign_top\"><h2 class=\"w-post-elm post_title usg_post_title_1 entry-title color_link_inherit\"><a href=\"https:\/\/unkorce.edu.al\/en\/bashkepunimi-nderkombetar-stafi-akadeik-me-mobilitet-ne-universitetin-jan-evangelkista-purkyne-ceki\/\">BASHK\u00cbPUNIMI ND\u00cbRKOMB\u00cbTAR- STAFI AKADEIK ME MOBILITET N\u00cb UNIVERSITETIN \u201cJAN EVANGELKISTA PURKYNE\u201d, \u00c7EKI<\/a><\/h2><div class=\"w-hwrapper usg_hwrapper_1 has_text_color align_none valign_top wrap\"><time class=\"w-post-elm post_date usg_post_date_1 entry-date published\" datetime=\"2026-04-01T10:36:27+00:00\" title=\"1 April 2026 at 10:36:27 +00:00\">4 weeks ago<\/time><\/div><div class=\"w-post-elm post_content usg_post_content_1\">Gjat\u00eb muajit prill 2026 stafi akademik i Universitetit \u201cFan S. Noli\u201d i p\u00ebrb\u00ebr\u00eb nga dr. Aida Mosko, prof. as. dr.&hellip;<\/div><\/div>\t\t<\/div>\r\n\t\t\t<\/article>\r\n\t<article class=\"w-grid-item size_1x1 post-36766 post type-post status-publish format-standard has-post-thumbnail hentry category-fakulteti-i-edukimit-dhe-filologjise category-uncategorized-sq\" data-id=\"36766\">\r\n\t\t<div class=\"w-grid-item-h\">\r\n\t\t\t\t\t\t<div class=\"w-post-elm post_image usg_post_image_1 stretched\"><a href=\"https:\/\/unkorce.edu.al\/en\/smart-kids-tekst-didaktik-per-mesimin-e-hershem-te-gjuhes-angleze-u-promovua-ne-uniko\/\" aria-label=\"\u201cSMART KIDS\u201d \u2013 TEKST DIDAKTIK P\u00cbR M\u00cbSIMIN E HERSH\u00cbM T\u00cb GJUH\u00cbS ANGLEZE U PROMOVUA N\u00cb UNIKO\"><img loading=\"lazy\" decoding=\"async\" width=\"2560\" height=\"1920\" src=\"https:\/\/unkorce.edu.al\/wp-content\/uploads\/2026\/04\/WhatsApp-Image-2026-03-27-at-16.45.09-1-scaled.jpeg\" class=\"attachment-full size-full wp-post-image\" alt=\"\" srcset=\"https:\/\/unkorce.edu.al\/wp-content\/uploads\/2026\/04\/WhatsApp-Image-2026-03-27-at-16.45.09-1-scaled.jpeg 2560w, https:\/\/unkorce.edu.al\/wp-content\/uploads\/2026\/04\/WhatsApp-Image-2026-03-27-at-16.45.09-1-300x225.jpeg 300w, https:\/\/unkorce.edu.al\/wp-content\/uploads\/2026\/04\/WhatsApp-Image-2026-03-27-at-16.45.09-1-1024x768.jpeg 1024w, https:\/\/unkorce.edu.al\/wp-content\/uploads\/2026\/04\/WhatsApp-Image-2026-03-27-at-16.45.09-1-16x12.jpeg 16w\" sizes=\"auto, (max-width: 2560px) 100vw, 2560px\" \/><\/a><\/div><div class=\"w-post-elm post_taxonomy usg_post_taxonomy_1 style_badge color_link_inherit\"><div class=\"w-post-elm-list\"><a class=\"w-btn us-btn-style_badge term-5 term-fakulteti-i-edukimit-dhe-filologjise\" href=\"https:\/\/unkorce.edu.al\/en\/category\/fakulteti-i-edukimit-dhe-filologjise\/\"><span class=\"w-btn-label\">Fakulteti i Edukimit dhe Filologjise<\/span><\/a><a class=\"w-btn us-btn-style_badge term-26 term-uncategorized-sq\" href=\"https:\/\/unkorce.edu.al\/en\/category\/uncategorized-sq\/\"><span class=\"w-btn-label\">Uncategorized<\/span><\/a><\/div><\/div><div class=\"w-vwrapper usg_vwrapper_1 align_none valign_top\"><h2 class=\"w-post-elm post_title usg_post_title_1 entry-title color_link_inherit\"><a href=\"https:\/\/unkorce.edu.al\/en\/smart-kids-tekst-didaktik-per-mesimin-e-hershem-te-gjuhes-angleze-u-promovua-ne-uniko\/\">\u201cSMART KIDS\u201d \u2013 TEKST DIDAKTIK P\u00cbR M\u00cbSIMIN E HERSH\u00cbM T\u00cb GJUH\u00cbS ANGLEZE U PROMOVUA N\u00cb UNIKO<\/a><\/h2><div class=\"w-hwrapper usg_hwrapper_1 has_text_color align_none valign_top wrap\"><time class=\"w-post-elm post_date usg_post_date_1 entry-date published\" datetime=\"2026-03-27T07:51:53+00:00\" title=\"27 March 2026 at 07:51:53 +00:00\">1 month ago<\/time><\/div><div class=\"w-post-elm post_content usg_post_content_1\">N\u00eb dat\u00ebn 27 mars 2026 n\u00eb mjediset e Fakultetit t\u00eb Edukimit dhe Filologjis\u00eb, Universiteti \u201cFan S. Noli\u201d u promovua teksti&hellip;<\/div><\/div>\t\t<\/div>\r\n\t\t\t<\/article>\r\n\t<article class=\"w-grid-item size_1x1 post-36962 post type-post status-publish format-standard has-post-thumbnail hentry category-fakulteti-i-edukimit-dhe-filologjise category-uncategorized-sq\" data-id=\"36962\">\r\n\t\t<div class=\"w-grid-item-h\">\r\n\t\t\t\t\t\t<div class=\"w-post-elm post_image usg_post_image_1 stretched\"><a href=\"https:\/\/unkorce.edu.al\/en\/nga-londra-ne-paris-historia-e-rajonit-te-korces-1912-1921-konference-shkencore-nga-departamenti-i-historise-dhe-gjeografise\/\" aria-label=\"\u201cNGA LONDRA N\u00cb PARIS. HISTORIA E RAJONIT T\u00cb KOR\u00c7\u00cbS 1912-1921\u201d- KONFERENC\u00cb SHKENCORE NGA DEPARTAMENTI I HISTORIS\u00cb DHE GJEOGRAFIS\u00cb\"><img loading=\"lazy\" decoding=\"async\" width=\"2048\" height=\"1536\" src=\"https:\/\/unkorce.edu.al\/wp-content\/uploads\/2026\/04\/1-1.jpg\" class=\"attachment-full size-full wp-post-image\" alt=\"\" srcset=\"https:\/\/unkorce.edu.al\/wp-content\/uploads\/2026\/04\/1-1.jpg 2048w, https:\/\/unkorce.edu.al\/wp-content\/uploads\/2026\/04\/1-1-300x225.jpg 300w, https:\/\/unkorce.edu.al\/wp-content\/uploads\/2026\/04\/1-1-1024x768.jpg 1024w, https:\/\/unkorce.edu.al\/wp-content\/uploads\/2026\/04\/1-1-16x12.jpg 16w\" sizes=\"auto, (max-width: 2048px) 100vw, 2048px\" \/><\/a><\/div><div class=\"w-post-elm post_taxonomy usg_post_taxonomy_1 style_badge color_link_inherit\"><div class=\"w-post-elm-list\"><a class=\"w-btn us-btn-style_badge term-5 term-fakulteti-i-edukimit-dhe-filologjise\" href=\"https:\/\/unkorce.edu.al\/en\/category\/fakulteti-i-edukimit-dhe-filologjise\/\"><span class=\"w-btn-label\">Fakulteti i Edukimit dhe Filologjise<\/span><\/a><a class=\"w-btn us-btn-style_badge term-26 term-uncategorized-sq\" href=\"https:\/\/unkorce.edu.al\/en\/category\/uncategorized-sq\/\"><span class=\"w-btn-label\">Uncategorized<\/span><\/a><\/div><\/div><div class=\"w-vwrapper usg_vwrapper_1 align_none valign_top\"><h2 class=\"w-post-elm post_title usg_post_title_1 entry-title color_link_inherit\"><a href=\"https:\/\/unkorce.edu.al\/en\/nga-londra-ne-paris-historia-e-rajonit-te-korces-1912-1921-konference-shkencore-nga-departamenti-i-historise-dhe-gjeografise\/\">\u201cNGA LONDRA N\u00cb PARIS. HISTORIA E RAJONIT T\u00cb KOR\u00c7\u00cbS 1912-1921\u201d- KONFERENC\u00cb SHKENCORE NGA DEPARTAMENTI I HISTORIS\u00cb DHE GJEOGRAFIS\u00cb<\/a><\/h2><div class=\"w-hwrapper usg_hwrapper_1 has_text_color align_none valign_top wrap\"><time class=\"w-post-elm post_date usg_post_date_1 entry-date published\" datetime=\"2026-03-16T11:44:49+00:00\" title=\"16 March 2026 at 11:44:49 +00:00\">2 months ago<\/time><\/div><div class=\"w-post-elm post_content usg_post_content_1\">N\u00eb dat\u00ebn 26 mars 2026 departamenti i Historis\u00eb dhe Gjeografis\u00eb zhvilloi konferenc\u00ebn me tem\u00eb: \u201cNga Londra n\u00eb Paris. Historia e&hellip;<\/div><\/div>\t\t<\/div>\r\n\t\t\t<\/article>\r\n<\/div><div class=\"w-grid-preloader\">\t<div class=\"g-preloader type_1\">\r\n\t\t<div><\/div>\r\n\t<\/div>\r\n\t<\/div>\t<div class=\"w-grid-json hidden\" onclick='return {&quot;action&quot;:&quot;us_ajax_grid&quot;,&quot;infinite_scroll&quot;:0,&quot;max_num_pages&quot;:32,&quot;pagination&quot;:&quot;none&quot;,&quot;template_vars&quot;:{&quot;columns&quot;:&quot;3&quot;,&quot;exclude_items&quot;:&quot;none&quot;,&quot;img_size&quot;:&quot;full&quot;,&quot;ignore_items_size&quot;:0,&quot;items_layout&quot;:&quot;blog_cards&quot;,&quot;items_offset&quot;:&quot;1&quot;,&quot;load_animation&quot;:&quot;none&quot;,&quot;overriding_link&quot;:&quot;{\\&quot;url\\&quot;:\\&quot;\\&quot;}&quot;,&quot;post_id&quot;:0,&quot;query_args&quot;:{&quot;post_type&quot;:[&quot;post&quot;],&quot;tax_query&quot;:[{&quot;taxonomy&quot;:&quot;category&quot;,&quot;field&quot;:&quot;slug&quot;,&quot;terms&quot;:[&quot;fakulteti-i-edukimit-dhe-filologjise&quot;]}],&quot;post_status&quot;:[&quot;publish&quot;,&quot;acf-disabled&quot;],&quot;posts_per_page&quot;:&quot;9&quot;},&quot;orderby_query_args&quot;:{&quot;orderby&quot;:{&quot;date&quot;:&quot;DESC&quot;}},&quot;type&quot;:&quot;grid&quot;,&quot;us_grid_post_type&quot;:&quot;post&quot;,&quot;us_grid_ajax_index&quot;:1,&quot;us_grid_filter_params&quot;:[],&quot;us_grid_index&quot;:1,&quot;page_args&quot;:[]}}'><\/div>\r\n\t<\/div><\/div><\/div><\/div><\/div><\/div><\/section>","protected":false},"excerpt":{"rendered":"","protected":false},"author":12,"featured_media":0,"parent":0,"menu_order":0,"comment_status":"closed","ping_status":"closed","template":"","meta":{"_acf_changed":false,"footnotes":""},"class_list":["post-30337","page","type-page","status-publish","hentry"],"acf":[],"yoast_head":"<!-- This site is optimized with the Yoast SEO plugin v26.9 - https:\/\/yoast.com\/product\/yoast-seo-wordpress\/ -->\n<title>Fakulteti i Edukimit dhe Filologjis\u00eb - Universiteti &quot;Fan S. Noli&quot;, Kor\u00e7\u00eb<\/title>\n<meta name=\"robots\" content=\"index, follow, max-snippet:-1, max-image-preview:large, max-video-preview:-1\" \/>\n<link rel=\"canonical\" href=\"https:\/\/unkorce.edu.al\/en\/fakulteti-i-edukimit-dhe-filologjise-2\/\" \/>\n<meta property=\"og:locale\" content=\"en_US\" \/>\n<meta property=\"og:type\" content=\"article\" \/>\n<meta property=\"og:title\" content=\"Fakulteti i Edukimit dhe Filologjis\u00eb - Universiteti &quot;Fan S. Noli&quot;, Kor\u00e7\u00eb\" \/>\n<meta property=\"og:url\" content=\"https:\/\/unkorce.edu.al\/en\/fakulteti-i-edukimit-dhe-filologjise-2\/\" \/>\n<meta property=\"og:site_name\" content=\"Universiteti &quot;Fan S. Noli&quot;, Kor\u00e7\u00eb\" \/>\n<meta property=\"article:publisher\" content=\"https:\/\/www.facebook.com\/unkorce\" \/>\n<meta property=\"article:modified_time\" content=\"2025-10-27T11:04:35+00:00\" \/>\n<meta name=\"twitter:card\" content=\"summary_large_image\" \/>\n<meta name=\"twitter:label1\" content=\"Est. reading time\" \/>\n\t<meta name=\"twitter:data1\" content=\"4 minutes\" \/>\n<script type=\"application\/ld+json\" class=\"yoast-schema-graph\">{\"@context\":\"https:\/\/schema.org\",\"@graph\":[{\"@type\":\"WebPage\",\"@id\":\"https:\/\/unkorce.edu.al\/fakulteti-i-edukimit-dhe-filologjise-2\/\",\"url\":\"https:\/\/unkorce.edu.al\/fakulteti-i-edukimit-dhe-filologjise-2\/\",\"name\":\"Fakulteti i Edukimit dhe Filologjis\u00eb - Universiteti \\\"Fan S. Noli\\\", Kor\u00e7\u00eb\",\"isPartOf\":{\"@id\":\"https:\/\/unkorce.edu.al\/#website\"},\"datePublished\":\"2024-12-11T09:52:22+00:00\",\"dateModified\":\"2025-10-27T11:04:35+00:00\",\"breadcrumb\":{\"@id\":\"https:\/\/unkorce.edu.al\/fakulteti-i-edukimit-dhe-filologjise-2\/#breadcrumb\"},\"inLanguage\":\"en-US\",\"potentialAction\":[{\"@type\":\"ReadAction\",\"target\":[\"https:\/\/unkorce.edu.al\/fakulteti-i-edukimit-dhe-filologjise-2\/\"]}]},{\"@type\":\"BreadcrumbList\",\"@id\":\"https:\/\/unkorce.edu.al\/fakulteti-i-edukimit-dhe-filologjise-2\/#breadcrumb\",\"itemListElement\":[{\"@type\":\"ListItem\",\"position\":1,\"name\":\"Home\",\"item\":\"https:\/\/unkorce.edu.al\/\"},{\"@type\":\"ListItem\",\"position\":2,\"name\":\"Fakulteti i Edukimit dhe Filologjis\u00eb\"}]},{\"@type\":\"WebSite\",\"@id\":\"https:\/\/unkorce.edu.al\/#website\",\"url\":\"https:\/\/unkorce.edu.al\/\",\"name\":\"Universiteti \\\"Fan S. Noli\\\", Kor\u00e7\u00eb\",\"description\":\"Mir&euml;sevini n&euml; faqen zyrtare!\",\"publisher\":{\"@id\":\"https:\/\/unkorce.edu.al\/#organization\"},\"potentialAction\":[{\"@type\":\"SearchAction\",\"target\":{\"@type\":\"EntryPoint\",\"urlTemplate\":\"https:\/\/unkorce.edu.al\/?s={search_term_string}\"},\"query-input\":{\"@type\":\"PropertyValueSpecification\",\"valueRequired\":true,\"valueName\":\"search_term_string\"}}],\"inLanguage\":\"en-US\"},{\"@type\":\"Organization\",\"@id\":\"https:\/\/unkorce.edu.al\/#organization\",\"name\":\"Universiteti \\\"Fan S. Noli\\\", Kor\u00e7\u00eb\",\"url\":\"https:\/\/unkorce.edu.al\/\",\"logo\":{\"@type\":\"ImageObject\",\"inLanguage\":\"en-US\",\"@id\":\"https:\/\/unkorce.edu.al\/#\/schema\/logo\/image\/\",\"url\":\"https:\/\/unkorce.edu.al\/wp-content\/uploads\/2024\/08\/Logo_e_Universitetit__Fan_Noli_-e1726660879862.png\",\"contentUrl\":\"https:\/\/unkorce.edu.al\/wp-content\/uploads\/2024\/08\/Logo_e_Universitetit__Fan_Noli_-e1726660879862.png\",\"width\":200,\"height\":120,\"caption\":\"Universiteti \\\"Fan S. Noli\\\", Kor\u00e7\u00eb\"},\"image\":{\"@id\":\"https:\/\/unkorce.edu.al\/#\/schema\/logo\/image\/\"},\"sameAs\":[\"https:\/\/www.facebook.com\/unkorce\"]}]}<\/script>\n<!-- \/ Yoast SEO plugin. -->","yoast_head_json":{"title":"Fakulteti i Edukimit dhe Filologjis\u00eb - Universiteti \"Fan S. Noli\", Kor\u00e7\u00eb","robots":{"index":"index","follow":"follow","max-snippet":"max-snippet:-1","max-image-preview":"max-image-preview:large","max-video-preview":"max-video-preview:-1"},"canonical":"https:\/\/unkorce.edu.al\/en\/fakulteti-i-edukimit-dhe-filologjise-2\/","og_locale":"en_US","og_type":"article","og_title":"Fakulteti i Edukimit dhe Filologjis\u00eb - Universiteti \"Fan S. Noli\", Kor\u00e7\u00eb","og_url":"https:\/\/unkorce.edu.al\/en\/fakulteti-i-edukimit-dhe-filologjise-2\/","og_site_name":"Universiteti \"Fan S. Noli\", Kor\u00e7\u00eb","article_publisher":"https:\/\/www.facebook.com\/unkorce","article_modified_time":"2025-10-27T11:04:35+00:00","twitter_card":"summary_large_image","twitter_misc":{"Est. reading time":"4 minutes"},"schema":{"@context":"https:\/\/schema.org","@graph":[{"@type":"WebPage","@id":"https:\/\/unkorce.edu.al\/fakulteti-i-edukimit-dhe-filologjise-2\/","url":"https:\/\/unkorce.edu.al\/fakulteti-i-edukimit-dhe-filologjise-2\/","name":"Fakulteti i Edukimit dhe Filologjis\u00eb - Universiteti \"Fan S. Noli\", Kor\u00e7\u00eb","isPartOf":{"@id":"https:\/\/unkorce.edu.al\/#website"},"datePublished":"2024-12-11T09:52:22+00:00","dateModified":"2025-10-27T11:04:35+00:00","breadcrumb":{"@id":"https:\/\/unkorce.edu.al\/fakulteti-i-edukimit-dhe-filologjise-2\/#breadcrumb"},"inLanguage":"en-US","potentialAction":[{"@type":"ReadAction","target":["https:\/\/unkorce.edu.al\/fakulteti-i-edukimit-dhe-filologjise-2\/"]}]},{"@type":"BreadcrumbList","@id":"https:\/\/unkorce.edu.al\/fakulteti-i-edukimit-dhe-filologjise-2\/#breadcrumb","itemListElement":[{"@type":"ListItem","position":1,"name":"Home","item":"https:\/\/unkorce.edu.al\/"},{"@type":"ListItem","position":2,"name":"Fakulteti i Edukimit dhe Filologjis\u00eb"}]},{"@type":"WebSite","@id":"https:\/\/unkorce.edu.al\/#website","url":"https:\/\/unkorce.edu.al\/","name":"Universiteti \"Fan S. Noli\", Kor\u00e7\u00eb","description":"Mir&euml;sevini n&euml; faqen zyrtare!","publisher":{"@id":"https:\/\/unkorce.edu.al\/#organization"},"potentialAction":[{"@type":"SearchAction","target":{"@type":"EntryPoint","urlTemplate":"https:\/\/unkorce.edu.al\/?s={search_term_string}"},"query-input":{"@type":"PropertyValueSpecification","valueRequired":true,"valueName":"search_term_string"}}],"inLanguage":"en-US"},{"@type":"Organization","@id":"https:\/\/unkorce.edu.al\/#organization","name":"Universiteti \"Fan S. Noli\", Kor\u00e7\u00eb","url":"https:\/\/unkorce.edu.al\/","logo":{"@type":"ImageObject","inLanguage":"en-US","@id":"https:\/\/unkorce.edu.al\/#\/schema\/logo\/image\/","url":"https:\/\/unkorce.edu.al\/wp-content\/uploads\/2024\/08\/Logo_e_Universitetit__Fan_Noli_-e1726660879862.png","contentUrl":"https:\/\/unkorce.edu.al\/wp-content\/uploads\/2024\/08\/Logo_e_Universitetit__Fan_Noli_-e1726660879862.png","width":200,"height":120,"caption":"Universiteti \"Fan S. Noli\", Kor\u00e7\u00eb"},"image":{"@id":"https:\/\/unkorce.edu.al\/#\/schema\/logo\/image\/"},"sameAs":["https:\/\/www.facebook.com\/unkorce"]}]}},"_links":{"self":[{"href":"https:\/\/unkorce.edu.al\/en\/wp-json\/wp\/v2\/pages\/30337","targetHints":{"allow":["GET"]}}],"collection":[{"href":"https:\/\/unkorce.edu.al\/en\/wp-json\/wp\/v2\/pages"}],"about":[{"href":"https:\/\/unkorce.edu.al\/en\/wp-json\/wp\/v2\/types\/page"}],"author":[{"embeddable":true,"href":"https:\/\/unkorce.edu.al\/en\/wp-json\/wp\/v2\/users\/12"}],"replies":[{"embeddable":true,"href":"https:\/\/unkorce.edu.al\/en\/wp-json\/wp\/v2\/comments?post=30337"}],"version-history":[{"count":19,"href":"https:\/\/unkorce.edu.al\/en\/wp-json\/wp\/v2\/pages\/30337\/revisions"}],"predecessor-version":[{"id":35272,"href":"https:\/\/unkorce.edu.al\/en\/wp-json\/wp\/v2\/pages\/30337\/revisions\/35272"}],"wp:attachment":[{"href":"https:\/\/unkorce.edu.al\/en\/wp-json\/wp\/v2\/media?parent=30337"}],"curies":[{"name":"wp","href":"https:\/\/api.w.org\/{rel}","templated":true}]}}