{"id":18828,"date":"2023-05-31T07:45:50","date_gmt":"2023-05-31T07:45:50","guid":{"rendered":"\/?page_id=18828"},"modified":"2023-05-31T07:45:50","modified_gmt":"2023-05-31T07:45:50","slug":"universiteti-i-studimeve-nderkombetare-te-pekinit-shpall-thirrjen-per-aplikime-per-programin-veror","status":"publish","type":"page","link":"https:\/\/unkorce.edu.al\/en\/universiteti-i-studimeve-nderkombetare-te-pekinit-shpall-thirrjen-per-aplikime-per-programin-veror\/","title":{"rendered":"Universiteti i Studimeve Nd\u00ebrkomb\u00ebtare t\u00eb Pekinit shpall thirrjen p\u00ebr aplikime p\u00ebr Programin veror"},"content":{"rendered":"<p><\/p>\n\n\n\n<p><strong>&#8220;Nj\u00eb p\u00ebrmbledhje e Kin\u00ebs moderne dhe Zhvillimi i qytetit&#8221; (2023)<\/strong><\/p>\n\n\n\n<ul class=\"wp-block-list\">\n<li><strong>PROGRAMI &nbsp;<\/strong><strong><\/strong><\/li>\n<\/ul>\n\n\n\n<p><strong>Programi <\/strong><strong>\u201cNj\u00eb p\u00ebrmbledhje e Kin\u00ebs moderne dhe Zhvillimi i qytetit\u201d<\/strong><strong> <\/strong>ofron p\u00ebr student\u00ebt nd\u00ebrkomb\u00ebtar\u00eb nj\u00eb qasje panoramike t\u00eb Kin\u00ebs moderne duke p\u00ebrfshir\u00eb arritjet dhe zhvillimin e Kin\u00ebs. Ky program ofron nj\u00eb model tjet\u00ebr t\u00eb t\u00eb m\u00ebsuarit t\u00eb llojit \u201cleksione + vizita\u201d q\u00eb kombinon t\u00eb m\u00ebsuarit n\u00eb klas\u00eb dhe &nbsp;praktik\u00ebn e kryer gjat\u00eb internship-it.<\/p>\n\n\n\n<p><strong>KRITERET P\u00cbR APLIKIM<\/strong><\/p>\n\n\n\n<p>Aplikant\u00ebt duhet t\u00eb p\u00ebrmbushin kriteret e m\u00ebposhtme:<\/p>\n\n\n\n<ul class=\"wp-block-list\">\n<li>T\u00eb jen\u00eb t\u00eb mosh\u00ebs 22-50 vje\u00e7<\/li>\n\n\n\n<li>T\u00eb jen\u00eb student\u00eb, m\u00ebsues, zyrtar\u00eb etj..<\/li>\n\n\n\n<li>T\u00eb ken\u00eb nj\u00eb diplom\u00eb n\u00eb studimet Bachelor ose Master (opsionale)<\/li>\n\n\n\n<li>T\u00eb ken\u00eb nj\u00eb nivel t\u00eb mir\u00eb t\u00eb gjuh\u00ebs angleze t\u00eb folur dhe t\u00eb shkruar (ekuivalente m\u00eb nj\u00eb minimum pik\u00ebsh: TOEFL (PTB) 550, TOEFL (IBT) 80, IELTS (6.0) *Student\u00ebt e regjistruar n\u00eb programet e studimit, t\u00eb cilat zhvillohen n\u00eb gjuh\u00ebn angleze jan\u00eb t\u00eb p\u00ebrjashtuar nga detyrimi p\u00ebr t\u00eb dh\u00ebn\u00eb testin e gjuh\u00ebs s\u00eb huaj.<\/li>\n<\/ul>\n\n\n\n<p><strong>DOKUMENTE P\u00cbR APLIKIM:<\/strong><\/p>\n\n\n\n<ul class=\"wp-block-list\">\n<li>Fotokopje e pasaport\u00ebs<\/li>\n\n\n\n<li>CV (n\u00eb gjuh\u00ebn angleze)<\/li>\n\n\n\n<li>List\u00eb notash<\/li>\n\n\n\n<li>Diplom\u00eb universitare (n\u00ebse ka)<\/li>\n<\/ul>\n\n\n\n<p><strong>TARIFAT E PROGRAMIT:<\/strong> akomodimi, tarifa e studimit dhe shpenzime t\u00eb tjera t\u00eb vizitave brenda programit jan\u00eb t\u00eb mbulura financiarisht nga universitetet partnere. Shpenzimet e tjera, si shpenzimet e jetes\u00ebs, tarifat e vizave dhe shpenzimet e udh\u00ebtimit vajtje-ardhje, do t\u00eb mbulohen nga vet\u00eb pjes\u00ebmarr\u00ebsit.<\/p>\n\n\n\n<p><strong>PERIUDHA: <\/strong>6 gusht 2023 \u2013 18 gusht 2023<\/p>\n\n\n\n<p><strong>AFATI I APLIKIMIT:&nbsp; <\/strong>5 korrik 2023<\/p>\n\n\n\n<p>P\u00ebr m\u00eb shum\u00eb informacion, t\u00eb interesuarit mund t\u00eb interesohen pran\u00eb zyr\u00ebs <strong>s\u00eb <\/strong><strong>Marr\u00ebdh\u00ebnieve me Jasht\u00eb:<\/strong><strong><\/strong><\/p>\n\n\n\n<p><strong>Godina e Rektoratit, Kati II.<\/strong><\/p>\n\n\n\n<p><strong>Specialiste: Erjona Asabella<\/strong><\/p>\n\n\n\n<p><strong>Email: <\/strong><a href=\"mailto:easabella@unkorce.edu.al\"><strong>easabella@unkorce.edu.al<\/strong><\/a><\/p>","protected":false},"excerpt":{"rendered":"<p>&#8220;Nj\u00eb p\u00ebrmbledhje e Kin\u00ebs moderne dhe Zhvillimi i qytetit&#8221; (2023) Programi \u201cNj\u00eb p\u00ebrmbledhje e Kin\u00ebs moderne dhe Zhvillimi i qytetit\u201d ofron p\u00ebr student\u00ebt nd\u00ebrkomb\u00ebtar\u00eb nj\u00eb qasje panoramike t\u00eb Kin\u00ebs moderne duke p\u00ebrfshir\u00eb arritjet dhe zhvillimin e Kin\u00ebs. Ky program ofron nj\u00eb model tjet\u00ebr t\u00eb t\u00eb m\u00ebsuarit t\u00eb llojit \u201cleksione + vizita\u201d q\u00eb kombinon t\u00eb m\u00ebsuarit&#8230;<\/p>","protected":false},"author":122,"featured_media":0,"parent":0,"menu_order":0,"comment_status":"closed","ping_status":"closed","template":"","meta":{"_acf_changed":false,"footnotes":""},"class_list":["post-18828","page","type-page","status-publish","hentry"],"acf":[],"yoast_head":"<!-- This site is optimized with the Yoast SEO plugin v26.9 - https:\/\/yoast.com\/product\/yoast-seo-wordpress\/ -->\n<title>Universiteti i Studimeve Nd\u00ebrkomb\u00ebtare t\u00eb Pekinit shpall thirrjen p\u00ebr aplikime p\u00ebr Programin veror - Universiteti &quot;Fan S. Noli&quot;, Kor\u00e7\u00eb<\/title>\n<meta name=\"robots\" content=\"index, follow, max-snippet:-1, max-image-preview:large, max-video-preview:-1\" \/>\n<link rel=\"canonical\" href=\"https:\/\/unkorce.edu.al\/en\/universiteti-i-studimeve-nderkombetare-te-pekinit-shpall-thirrjen-per-aplikime-per-programin-veror\/\" \/>\n<meta property=\"og:locale\" content=\"en_US\" \/>\n<meta property=\"og:type\" content=\"article\" \/>\n<meta property=\"og:title\" content=\"Universiteti i Studimeve Nd\u00ebrkomb\u00ebtare t\u00eb Pekinit shpall thirrjen p\u00ebr aplikime p\u00ebr Programin veror - Universiteti &quot;Fan S. Noli&quot;, Kor\u00e7\u00eb\" \/>\n<meta property=\"og:description\" content=\"&#8220;Nj\u00eb p\u00ebrmbledhje e Kin\u00ebs moderne dhe Zhvillimi i qytetit&#8221; (2023) Programi \u201cNj\u00eb p\u00ebrmbledhje e Kin\u00ebs moderne dhe Zhvillimi i qytetit\u201d ofron p\u00ebr student\u00ebt nd\u00ebrkomb\u00ebtar\u00eb nj\u00eb qasje panoramike t\u00eb Kin\u00ebs moderne duke p\u00ebrfshir\u00eb arritjet dhe zhvillimin e Kin\u00ebs. Ky program ofron nj\u00eb model tjet\u00ebr t\u00eb t\u00eb m\u00ebsuarit t\u00eb llojit \u201cleksione + vizita\u201d q\u00eb kombinon t\u00eb m\u00ebsuarit...\" \/>\n<meta property=\"og:url\" content=\"https:\/\/unkorce.edu.al\/en\/universiteti-i-studimeve-nderkombetare-te-pekinit-shpall-thirrjen-per-aplikime-per-programin-veror\/\" \/>\n<meta property=\"og:site_name\" content=\"Universiteti &quot;Fan S. Noli&quot;, Kor\u00e7\u00eb\" \/>\n<meta property=\"article:publisher\" content=\"https:\/\/www.facebook.com\/unkorce\" \/>\n<meta name=\"twitter:card\" content=\"summary_large_image\" \/>\n<meta name=\"twitter:label1\" content=\"Est. reading time\" \/>\n\t<meta name=\"twitter:data1\" content=\"1 minute\" \/>\n<script type=\"application\/ld+json\" class=\"yoast-schema-graph\">{\"@context\":\"https:\/\/schema.org\",\"@graph\":[{\"@type\":\"WebPage\",\"@id\":\"https:\/\/unkorce.edu.al\/universiteti-i-studimeve-nderkombetare-te-pekinit-shpall-thirrjen-per-aplikime-per-programin-veror\/\",\"url\":\"https:\/\/unkorce.edu.al\/universiteti-i-studimeve-nderkombetare-te-pekinit-shpall-thirrjen-per-aplikime-per-programin-veror\/\",\"name\":\"Universiteti i Studimeve Nd\u00ebrkomb\u00ebtare t\u00eb Pekinit shpall thirrjen p\u00ebr aplikime p\u00ebr Programin veror - Universiteti \\\"Fan S. Noli\\\", Kor\u00e7\u00eb\",\"isPartOf\":{\"@id\":\"https:\/\/unkorce.edu.al\/#website\"},\"datePublished\":\"2023-05-31T07:45:50+00:00\",\"breadcrumb\":{\"@id\":\"https:\/\/unkorce.edu.al\/universiteti-i-studimeve-nderkombetare-te-pekinit-shpall-thirrjen-per-aplikime-per-programin-veror\/#breadcrumb\"},\"inLanguage\":\"en-US\",\"potentialAction\":[{\"@type\":\"ReadAction\",\"target\":[\"https:\/\/unkorce.edu.al\/universiteti-i-studimeve-nderkombetare-te-pekinit-shpall-thirrjen-per-aplikime-per-programin-veror\/\"]}]},{\"@type\":\"BreadcrumbList\",\"@id\":\"https:\/\/unkorce.edu.al\/universiteti-i-studimeve-nderkombetare-te-pekinit-shpall-thirrjen-per-aplikime-per-programin-veror\/#breadcrumb\",\"itemListElement\":[{\"@type\":\"ListItem\",\"position\":1,\"name\":\"Home\",\"item\":\"https:\/\/unkorce.edu.al\/\"},{\"@type\":\"ListItem\",\"position\":2,\"name\":\"Universiteti i Studimeve Nd\u00ebrkomb\u00ebtare t\u00eb Pekinit shpall thirrjen p\u00ebr aplikime p\u00ebr Programin veror\"}]},{\"@type\":\"WebSite\",\"@id\":\"https:\/\/unkorce.edu.al\/#website\",\"url\":\"https:\/\/unkorce.edu.al\/\",\"name\":\"Universiteti \\\"Fan S. Noli\\\", Kor\u00e7\u00eb\",\"description\":\"Mir&euml;sevini n&euml; faqen zyrtare!\",\"publisher\":{\"@id\":\"https:\/\/unkorce.edu.al\/#organization\"},\"potentialAction\":[{\"@type\":\"SearchAction\",\"target\":{\"@type\":\"EntryPoint\",\"urlTemplate\":\"https:\/\/unkorce.edu.al\/?s={search_term_string}\"},\"query-input\":{\"@type\":\"PropertyValueSpecification\",\"valueRequired\":true,\"valueName\":\"search_term_string\"}}],\"inLanguage\":\"en-US\"},{\"@type\":\"Organization\",\"@id\":\"https:\/\/unkorce.edu.al\/#organization\",\"name\":\"Universiteti \\\"Fan S. Noli\\\", Kor\u00e7\u00eb\",\"url\":\"https:\/\/unkorce.edu.al\/\",\"logo\":{\"@type\":\"ImageObject\",\"inLanguage\":\"en-US\",\"@id\":\"https:\/\/unkorce.edu.al\/#\/schema\/logo\/image\/\",\"url\":\"https:\/\/unkorce.edu.al\/wp-content\/uploads\/2024\/08\/Logo_e_Universitetit__Fan_Noli_-e1726660879862.png\",\"contentUrl\":\"https:\/\/unkorce.edu.al\/wp-content\/uploads\/2024\/08\/Logo_e_Universitetit__Fan_Noli_-e1726660879862.png\",\"width\":200,\"height\":120,\"caption\":\"Universiteti \\\"Fan S. Noli\\\", Kor\u00e7\u00eb\"},\"image\":{\"@id\":\"https:\/\/unkorce.edu.al\/#\/schema\/logo\/image\/\"},\"sameAs\":[\"https:\/\/www.facebook.com\/unkorce\"]}]}<\/script>\n<!-- \/ Yoast SEO plugin. -->","yoast_head_json":{"title":"Universiteti i Studimeve Nd\u00ebrkomb\u00ebtare t\u00eb Pekinit shpall thirrjen p\u00ebr aplikime p\u00ebr Programin veror - Universiteti \"Fan S. Noli\", Kor\u00e7\u00eb","robots":{"index":"index","follow":"follow","max-snippet":"max-snippet:-1","max-image-preview":"max-image-preview:large","max-video-preview":"max-video-preview:-1"},"canonical":"https:\/\/unkorce.edu.al\/en\/universiteti-i-studimeve-nderkombetare-te-pekinit-shpall-thirrjen-per-aplikime-per-programin-veror\/","og_locale":"en_US","og_type":"article","og_title":"Universiteti i Studimeve Nd\u00ebrkomb\u00ebtare t\u00eb Pekinit shpall thirrjen p\u00ebr aplikime p\u00ebr Programin veror - Universiteti \"Fan S. Noli\", Kor\u00e7\u00eb","og_description":"&#8220;Nj\u00eb p\u00ebrmbledhje e Kin\u00ebs moderne dhe Zhvillimi i qytetit&#8221; (2023) Programi \u201cNj\u00eb p\u00ebrmbledhje e Kin\u00ebs moderne dhe Zhvillimi i qytetit\u201d ofron p\u00ebr student\u00ebt nd\u00ebrkomb\u00ebtar\u00eb nj\u00eb qasje panoramike t\u00eb Kin\u00ebs moderne duke p\u00ebrfshir\u00eb arritjet dhe zhvillimin e Kin\u00ebs. Ky program ofron nj\u00eb model tjet\u00ebr t\u00eb t\u00eb m\u00ebsuarit t\u00eb llojit \u201cleksione + vizita\u201d q\u00eb kombinon t\u00eb m\u00ebsuarit...","og_url":"https:\/\/unkorce.edu.al\/en\/universiteti-i-studimeve-nderkombetare-te-pekinit-shpall-thirrjen-per-aplikime-per-programin-veror\/","og_site_name":"Universiteti \"Fan S. Noli\", Kor\u00e7\u00eb","article_publisher":"https:\/\/www.facebook.com\/unkorce","twitter_card":"summary_large_image","twitter_misc":{"Est. reading time":"1 minute"},"schema":{"@context":"https:\/\/schema.org","@graph":[{"@type":"WebPage","@id":"https:\/\/unkorce.edu.al\/universiteti-i-studimeve-nderkombetare-te-pekinit-shpall-thirrjen-per-aplikime-per-programin-veror\/","url":"https:\/\/unkorce.edu.al\/universiteti-i-studimeve-nderkombetare-te-pekinit-shpall-thirrjen-per-aplikime-per-programin-veror\/","name":"Universiteti i Studimeve Nd\u00ebrkomb\u00ebtare t\u00eb Pekinit shpall thirrjen p\u00ebr aplikime p\u00ebr Programin veror - Universiteti \"Fan S. Noli\", Kor\u00e7\u00eb","isPartOf":{"@id":"https:\/\/unkorce.edu.al\/#website"},"datePublished":"2023-05-31T07:45:50+00:00","breadcrumb":{"@id":"https:\/\/unkorce.edu.al\/universiteti-i-studimeve-nderkombetare-te-pekinit-shpall-thirrjen-per-aplikime-per-programin-veror\/#breadcrumb"},"inLanguage":"en-US","potentialAction":[{"@type":"ReadAction","target":["https:\/\/unkorce.edu.al\/universiteti-i-studimeve-nderkombetare-te-pekinit-shpall-thirrjen-per-aplikime-per-programin-veror\/"]}]},{"@type":"BreadcrumbList","@id":"https:\/\/unkorce.edu.al\/universiteti-i-studimeve-nderkombetare-te-pekinit-shpall-thirrjen-per-aplikime-per-programin-veror\/#breadcrumb","itemListElement":[{"@type":"ListItem","position":1,"name":"Home","item":"https:\/\/unkorce.edu.al\/"},{"@type":"ListItem","position":2,"name":"Universiteti i Studimeve Nd\u00ebrkomb\u00ebtare t\u00eb Pekinit shpall thirrjen p\u00ebr aplikime p\u00ebr Programin veror"}]},{"@type":"WebSite","@id":"https:\/\/unkorce.edu.al\/#website","url":"https:\/\/unkorce.edu.al\/","name":"Universiteti \"Fan S. Noli\", Kor\u00e7\u00eb","description":"Mir&euml;sevini n&euml; faqen zyrtare!","publisher":{"@id":"https:\/\/unkorce.edu.al\/#organization"},"potentialAction":[{"@type":"SearchAction","target":{"@type":"EntryPoint","urlTemplate":"https:\/\/unkorce.edu.al\/?s={search_term_string}"},"query-input":{"@type":"PropertyValueSpecification","valueRequired":true,"valueName":"search_term_string"}}],"inLanguage":"en-US"},{"@type":"Organization","@id":"https:\/\/unkorce.edu.al\/#organization","name":"Universiteti \"Fan S. Noli\", Kor\u00e7\u00eb","url":"https:\/\/unkorce.edu.al\/","logo":{"@type":"ImageObject","inLanguage":"en-US","@id":"https:\/\/unkorce.edu.al\/#\/schema\/logo\/image\/","url":"https:\/\/unkorce.edu.al\/wp-content\/uploads\/2024\/08\/Logo_e_Universitetit__Fan_Noli_-e1726660879862.png","contentUrl":"https:\/\/unkorce.edu.al\/wp-content\/uploads\/2024\/08\/Logo_e_Universitetit__Fan_Noli_-e1726660879862.png","width":200,"height":120,"caption":"Universiteti \"Fan S. Noli\", Kor\u00e7\u00eb"},"image":{"@id":"https:\/\/unkorce.edu.al\/#\/schema\/logo\/image\/"},"sameAs":["https:\/\/www.facebook.com\/unkorce"]}]}},"_links":{"self":[{"href":"https:\/\/unkorce.edu.al\/en\/wp-json\/wp\/v2\/pages\/18828","targetHints":{"allow":["GET"]}}],"collection":[{"href":"https:\/\/unkorce.edu.al\/en\/wp-json\/wp\/v2\/pages"}],"about":[{"href":"https:\/\/unkorce.edu.al\/en\/wp-json\/wp\/v2\/types\/page"}],"author":[{"embeddable":true,"href":"https:\/\/unkorce.edu.al\/en\/wp-json\/wp\/v2\/users\/122"}],"replies":[{"embeddable":true,"href":"https:\/\/unkorce.edu.al\/en\/wp-json\/wp\/v2\/comments?post=18828"}],"version-history":[{"count":0,"href":"https:\/\/unkorce.edu.al\/en\/wp-json\/wp\/v2\/pages\/18828\/revisions"}],"wp:attachment":[{"href":"https:\/\/unkorce.edu.al\/en\/wp-json\/wp\/v2\/media?parent=18828"}],"curies":[{"name":"wp","href":"https:\/\/api.w.org\/{rel}","templated":true}]}}